{"id":7897,"date":"2021-01-24T19:17:50","date_gmt":"2021-01-24T19:17:50","guid":{"rendered":"http:\/\/95.39.50.142\/historia-de-la-ceramica\/"},"modified":"2021-06-11T15:24:40","modified_gmt":"2021-06-11T15:24:40","slug":"history-of-ceramics","status":"publish","type":"page","link":"https:\/\/manisescityofceramics.es\/en\/history-of-ceramics\/","title":{"rendered":"History of ceramics"},"content":{"rendered":"\t\t<div data-elementor-type=\"wp-page\" data-elementor-id=\"7897\" class=\"elementor elementor-7897 elementor-1135\">\n\t\t\t\t\t\t<div class=\"elementor-inner\">\n\t\t\t\t<div class=\"elementor-section-wrap\">\n\t\t\t\t\t\t\t\t\t<section class=\"elementor-section elementor-top-section elementor-element elementor-element-28092494 elementor-section-content-middle elementor-section-height-min-height elementor-section-boxed elementor-section-height-default elementor-section-items-middle\" data-id=\"28092494\" data-element_type=\"section\" data-settings=\"{&quot;background_background&quot;:&quot;classic&quot;}\">\n\t\t\t\t\t\t\t<div class=\"elementor-background-overlay\"><\/div>\n\t\t\t\t\t\t\t<div class=\"elementor-container elementor-column-gap-no\">\n\t\t\t\t\t\t\t<div class=\"elementor-row\">\n\t\t\t\t\t<div class=\"elementor-column elementor-col-100 elementor-top-column elementor-element elementor-element-577e0cf\" data-id=\"577e0cf\" data-element_type=\"column\">\n\t\t\t<div class=\"elementor-column-wrap elementor-element-populated\">\n\t\t\t\t\t\t\t<div class=\"elementor-widget-wrap\">\n\t\t\t\t\t\t<div class=\"elementor-element elementor-element-762028b3 elementor-widget elementor-widget-heading\" data-id=\"762028b3\" data-element_type=\"widget\" data-widget_type=\"heading.default\">\n\t\t\t\t<div class=\"elementor-widget-container\">\n\t\t\t<h1 class=\"elementor-heading-title elementor-size-default\">History<br> of ceramics<\/h1>\t\t<\/div>\n\t\t\t\t<\/div>\n\t\t\t\t\t\t<\/div>\n\t\t\t\t\t<\/div>\n\t\t<\/div>\n\t\t\t\t\t\t\t\t<\/div>\n\t\t\t\t\t<\/div>\n\t\t<\/section>\n\t\t\t\t<section class=\"elementor-section elementor-top-section elementor-element elementor-element-61159acb elementor-section-boxed elementor-section-height-default elementor-section-height-default\" data-id=\"61159acb\" data-element_type=\"section\" id=\"antiguedad\">\n\t\t\t\t\t\t<div class=\"elementor-container elementor-column-gap-no\">\n\t\t\t\t\t\t\t<div class=\"elementor-row\">\n\t\t\t\t\t<div class=\"elementor-column elementor-col-100 elementor-top-column elementor-element elementor-element-4143f47b\" data-id=\"4143f47b\" data-element_type=\"column\">\n\t\t\t<div class=\"elementor-column-wrap elementor-element-populated\">\n\t\t\t\t\t\t\t<div class=\"elementor-widget-wrap\">\n\t\t\t\t\t\t<div class=\"elementor-element elementor-element-35fdd09e elementor-widget elementor-widget-heading\" data-id=\"35fdd09e\" data-element_type=\"widget\" data-widget_type=\"heading.default\">\n\t\t\t\t<div class=\"elementor-widget-container\">\n\t\t\t<h2 class=\"elementor-heading-title elementor-size-default\">Manises, city of ceramics<\/h2>\t\t<\/div>\n\t\t\t\t<\/div>\n\t\t\t\t<div class=\"elementor-element elementor-element-4eb6b69 elementor-widget elementor-widget-heading\" data-id=\"4eb6b69\" data-element_type=\"widget\" data-widget_type=\"heading.default\">\n\t\t\t\t<div class=\"elementor-widget-container\">\n\t\t\t<h2 class=\"elementor-heading-title elementor-size-default\">105 documented facts and milestones (1237-2021)\n<\/h2>\t\t<\/div>\n\t\t\t\t<\/div>\n\t\t\t\t<div class=\"elementor-element elementor-element-9d01266 elementor-widget elementor-widget-text-editor\" data-id=\"9d01266\" data-element_type=\"widget\" data-widget_type=\"text-editor.default\">\n\t\t\t\t<div class=\"elementor-widget-container\">\n\t\t\t\t\t\t\t\t<div class=\"elementor-text-editor elementor-clearfix\">\n\t\t\t\tThis compilation was drawn up by Josep P\u00e9rez Camps\t\t\t\t\t<\/div>\n\t\t\t\t\t\t<\/div>\n\t\t\t\t<\/div>\n\t\t\t\t<div class=\"elementor-element elementor-element-fc31a95 uael-timeline--center uael-timeline-responsive-tablet uael-timeline-arrow-center elementor-widget elementor-widget-uael-timeline\" data-id=\"fc31a95\" data-element_type=\"widget\" data-widget_type=\"uael-timeline.default\">\n\t\t\t\t<div class=\"elementor-widget-container\">\n\t\t\t<div class=\"uael-timeline-wrapper uael-timeline-node uael-timeline-res-right\">\n\t\n\t<div class=\"uael-timeline-main\">\n\t\t<div class=\"uael-days\">\n\t\t\t\t\t\t\t\t\t\t\t\t<div class=\"elementor-repeater-item-35640e4 uael-timeline-field animate-border out-view\">\n\t\t\t\t\t\t<div class=\"uael-timeline-widget uael-timeline-right\">\n\t\t\t\t\t\t\t<div class=\"uael-timeline-marker\">\n\t\t\t\t\t\t\t\t<span class=\"timeline-icon-new out-view-timeline-icon\">\n\t\t\t\t\t\t\t\t\t<i aria-hidden=\"true\" class=\"fa fa-calendar\"><\/i>\t\t\t\t\t\t\t\t<\/span>\n\t\t\t\t\t\t\t<\/div>\n\n\t\t\t\t\t\t\t<div class=\"uael-day-new uael-day-right\">\n\t\t\t\t\t\t\t\t<div class=\"uael-events-new\">\n\t\t\t\t\t\t\t\t\t\t\t\t\t\t\t\t\t\t<div class=\"uael-events-inner-new\">\n\t\t\t\t\t\t\t\t\t\t\t\t\t\t\t\t\t\t\t\t\t<div class=\"uael-timeline-date-hide uael-date-inner\"><div class=\"inner-date-new\"><p >1237-07.01<\/p><\/div>\n\t\t\t\t\t\t\t\t\t\t\t<\/div>\n\t\t\t\t\t\t\t\t\t\t\t\t\t\t\t\t\t\t\t\t<div class=\"uael-content\">\n\t\t\t\t\t\t\t\t\t\t\t\t\t\t\t\t\t\t\t\t\t\t\t\t\t\t\t\t\t\t\t\t\t\t\t\t\t\t\t\t\t\t\t\t\t\t\t\t\t\t\t\t\t\t\t\t\t\t\t\t\t\t\t\t\t\t\t<div class=\"uael-timeline-desc-content\">Before the conquest- King James I donates the villages of Paterna and Manises to the Aragonese knight Artal de Luna. From 9 October 1238, ceramic craftwork would be developed using pre-existing Muslim potter\u2019s workshops.<\/div> \t\t\t\t\t\t\t\t\t\t\t\t\t\t\t\t\t\t\t\t\t\t\t\t\t\t\t\t\t\t\t\t<\/div>\n\t\t\t\t\t\t\t\t\t\t<div class=\"uael-timeline-arrow\"><\/div>\n\t\t\t\t\t\t\t\t\t<\/div>\n\t\t\t\t\t\t\t\t\t\t\t\t\t\t\t\t\t<\/div>\n\t\t\t\t\t\t\t<\/div>\n\t\t\t\t\t\t\t\t\t\t\t\t\t\t\t<div class=\"uael-timeline-date-new\">\n\t\t\t\t\t\t\t\t\t<div class=\"uael-date-new\"><div class=\"inner-date-new\"><div >1237-07.01<\/div><\/div>\n\t\t\t\t\t\t\t\t\t<\/div>\n\t\t\t\t\t\t\t\t<\/div>\n\t\t\t\t\t\t\t\t\t\t\t\t\t<\/div>\n\t\t\t\t\t<\/div>\n\t\t\t\t\t\t\t\t\t\t\t\t\t\t\t\t\t<div class=\"elementor-repeater-item-0faff26 uael-timeline-field animate-border out-view\">\n\t\t\t\t\t\t<div class=\"uael-timeline-widget uael-timeline-left\">\n\t\t\t\t\t\t\t<div class=\"uael-timeline-marker\">\n\t\t\t\t\t\t\t\t<span class=\"timeline-icon-new out-view-timeline-icon\">\n\t\t\t\t\t\t\t\t\t<i aria-hidden=\"true\" class=\"fa fa-calendar\"><\/i>\t\t\t\t\t\t\t\t<\/span>\n\t\t\t\t\t\t\t<\/div>\n\n\t\t\t\t\t\t\t<div class=\"uael-day-new uael-day-left\">\n\t\t\t\t\t\t\t\t<div class=\"uael-events-new\">\n\t\t\t\t\t\t\t\t\t\t\t\t\t\t\t\t\t\t<div class=\"uael-events-inner-new\">\n\t\t\t\t\t\t\t\t\t\t\t\t\t\t\t\t\t\t\t\t\t<div class=\"uael-timeline-date-hide uael-date-inner\"><div class=\"inner-date-new\"><p >1304<\/p><\/div>\n\t\t\t\t\t\t\t\t\t\t\t<\/div>\n\t\t\t\t\t\t\t\t\t\t\t\t\t\t\t\t\t\t\t\t<div class=\"uael-content\">\n\t\t\t\t\t\t\t\t\t\t\t\t\t\t\t\t\t\t\t\t\t\t\t\t\t\t\t\t\t\t\t\t\t\t\t\t\t\t\t\t\t\t\t\t\t\t\t\t\t\t\t\t\t\t\t\t\t\t\t\t\t\t\t\t\t\t\t<div class=\"uael-timeline-desc-content\">Pere Bo\u00efl i d&#8217;Arag\u00f3 acquires the seigniory of Manises from Lope Ferrench III of Lluna. In a dispute with the neighbouring Riba-roja\u2015 his first step was to secure ownership of the site which provided the \u00abterra de c\u00e0nter\u00bb or pitcher clay, necessary for producing ceramics.<\/div> \t\t\t\t\t\t\t\t\t\t\t\t\t\t\t\t\t\t\t\t\t\t\t\t\t\t\t\t\t\t\t\t<\/div>\n\t\t\t\t\t\t\t\t\t\t<div class=\"uael-timeline-arrow\"><\/div>\n\t\t\t\t\t\t\t\t\t<\/div>\n\t\t\t\t\t\t\t\t\t\t\t\t\t\t\t\t\t<\/div>\n\t\t\t\t\t\t\t<\/div>\n\t\t\t\t\t\t\t\t\t\t\t\t\t\t\t<div class=\"uael-timeline-date-new\">\n\t\t\t\t\t\t\t\t\t<div class=\"uael-date-new\"><div class=\"inner-date-new\"><div >1304<\/div><\/div>\n\t\t\t\t\t\t\t\t\t<\/div>\n\t\t\t\t\t\t\t\t<\/div>\n\t\t\t\t\t\t\t\t\t\t\t\t\t<\/div>\n\t\t\t\t\t<\/div>\n\t\t\t\t\t\t\t\t\t\t\t\t\t\t\t\t\t<div class=\"elementor-repeater-item-8fddb4f uael-timeline-field animate-border out-view\">\n\t\t\t\t\t\t<div class=\"uael-timeline-widget uael-timeline-right\">\n\t\t\t\t\t\t\t<div class=\"uael-timeline-marker\">\n\t\t\t\t\t\t\t\t<span class=\"timeline-icon-new out-view-timeline-icon\">\n\t\t\t\t\t\t\t\t\t<i aria-hidden=\"true\" class=\"fa fa-calendar\"><\/i>\t\t\t\t\t\t\t\t<\/span>\n\t\t\t\t\t\t\t<\/div>\n\n\t\t\t\t\t\t\t<div class=\"uael-day-new uael-day-right\">\n\t\t\t\t\t\t\t\t<div class=\"uael-events-new\">\n\t\t\t\t\t\t\t\t\t\t\t\t\t\t\t\t\t\t<div class=\"uael-events-inner-new\">\n\t\t\t\t\t\t\t\t\t\t\t\t\t\t\t\t\t\t\t\t\t<div class=\"uael-timeline-date-hide uael-date-inner\"><div class=\"inner-date-new\"><p >1308 y 1309<\/p><\/div>\n\t\t\t\t\t\t\t\t\t\t\t<\/div>\n\t\t\t\t\t\t\t\t\t\t\t\t\t\t\t\t\t\t\t\t<div class=\"uael-content\">\n\t\t\t\t\t\t\t\t\t\t\t\t\t\t\t\t\t\t\t\t\t\t\t\t\t\t\t\t\t\t\t\t\t\t\t\t\t\t\t\t\t\t\t\t\t\t\t\t\t\t\t\t\t\t\t\t\t\t\t\t\t\t\t\t\t\t\t<div class=\"uael-timeline-desc-content\">Pere Bo\u00efl (IV Lord of Manises) is sent by James II of Aragon as ambassador to the Nazrid Kingdom of Granada. It is thought that these trips and subsequent trade relations led Pere Bo\u00efl to introduce and consolidate the production of lustreware in Manises.<\/div> \t\t\t\t\t\t\t\t\t\t\t\t\t\t\t\t\t\t\t\t\t\t\t\t\t\t\t\t\t\t\t\t<\/div>\n\t\t\t\t\t\t\t\t\t\t<div class=\"uael-timeline-arrow\"><\/div>\n\t\t\t\t\t\t\t\t\t<\/div>\n\t\t\t\t\t\t\t\t\t\t\t\t\t\t\t\t\t<\/div>\n\t\t\t\t\t\t\t<\/div>\n\t\t\t\t\t\t\t\t\t\t\t\t\t\t\t<div class=\"uael-timeline-date-new\">\n\t\t\t\t\t\t\t\t\t<div class=\"uael-date-new\"><div class=\"inner-date-new\"><div >1308 y 1309<\/div><\/div>\n\t\t\t\t\t\t\t\t\t<\/div>\n\t\t\t\t\t\t\t\t<\/div>\n\t\t\t\t\t\t\t\t\t\t\t\t\t<\/div>\n\t\t\t\t\t<\/div>\n\t\t\t\t\t\t\t\t\t\t\t\t\t\t\t\t\t<div class=\"elementor-repeater-item-e498c30 uael-timeline-field animate-border out-view\">\n\t\t\t\t\t\t<div class=\"uael-timeline-widget uael-timeline-left\">\n\t\t\t\t\t\t\t<div class=\"uael-timeline-marker\">\n\t\t\t\t\t\t\t\t<span class=\"timeline-icon-new out-view-timeline-icon\">\n\t\t\t\t\t\t\t\t\t<i aria-hidden=\"true\" class=\"fa fa-calendar\"><\/i>\t\t\t\t\t\t\t\t<\/span>\n\t\t\t\t\t\t\t<\/div>\n\n\t\t\t\t\t\t\t<div class=\"uael-day-new uael-day-left\">\n\t\t\t\t\t\t\t\t<div class=\"uael-events-new\">\n\t\t\t\t\t\t\t\t\t\t\t\t\t\t\t\t\t\t<div class=\"uael-events-inner-new\">\n\t\t\t\t\t\t\t\t\t\t\t\t\t\t\t\t\t\t\t\t\t<div class=\"uael-timeline-date-hide uael-date-inner\"><div class=\"inner-date-new\"><p >1325<\/p><\/div>\n\t\t\t\t\t\t\t\t\t\t\t<\/div>\n\t\t\t\t\t\t\t\t\t\t\t\t\t\t\t\t\t\t\t\t<div class=\"uael-content\">\n\t\t\t\t\t\t\t\t\t\t\t\t\t\t\t\t\t\t\t\t\t\t\t\t\t\t\t\t\t\t\t\t\t\t\t\t\t\t\t\t\t\t\t\t\t\t\t\t\t\t\t\t\t\t\t\t\t\t\t\t\t\t\t\t\t\t\t<div class=\"uael-timeline-desc-content\">The first documents referring to the production of lustreware in Manises. One of them features brothers Abdela\u00e7iz and Abrahim Almurc\u00ed, a renowned family of ceramist artisans whose activity in the town continues until after the expulsion of the Moriscos. <\/div> \t\t\t\t\t\t\t\t\t\t\t\t\t\t\t\t\t\t\t\t\t\t\t\t\t\t\t\t\t\t\t\t<\/div>\n\t\t\t\t\t\t\t\t\t\t<div class=\"uael-timeline-arrow\"><\/div>\n\t\t\t\t\t\t\t\t\t<\/div>\n\t\t\t\t\t\t\t\t\t\t\t\t\t\t\t\t\t<\/div>\n\t\t\t\t\t\t\t<\/div>\n\t\t\t\t\t\t\t\t\t\t\t\t\t\t\t<div class=\"uael-timeline-date-new\">\n\t\t\t\t\t\t\t\t\t<div class=\"uael-date-new\"><div class=\"inner-date-new\"><div >1325<\/div><\/div>\n\t\t\t\t\t\t\t\t\t<\/div>\n\t\t\t\t\t\t\t\t<\/div>\n\t\t\t\t\t\t\t\t\t\t\t\t\t<\/div>\n\t\t\t\t\t<\/div>\n\t\t\t\t\t\t\t\t\t\t\t\t\t\t\t\t\t<div class=\"elementor-repeater-item-132ae6d uael-timeline-field animate-border out-view\">\n\t\t\t\t\t\t<div class=\"uael-timeline-widget uael-timeline-right\">\n\t\t\t\t\t\t\t<div class=\"uael-timeline-marker\">\n\t\t\t\t\t\t\t\t<span class=\"timeline-icon-new out-view-timeline-icon\">\n\t\t\t\t\t\t\t\t\t<i aria-hidden=\"true\" class=\"fa fa-calendar\"><\/i>\t\t\t\t\t\t\t\t<\/span>\n\t\t\t\t\t\t\t<\/div>\n\n\t\t\t\t\t\t\t<div class=\"uael-day-new uael-day-right\">\n\t\t\t\t\t\t\t\t<div class=\"uael-events-new\">\n\t\t\t\t\t\t\t\t\t\t\t\t\t\t\t\t\t\t<div class=\"uael-events-inner-new\">\n\t\t\t\t\t\t\t\t\t\t\t\t\t\t\t\t\t\t\t\t\t<div class=\"uael-timeline-date-hide uael-date-inner\"><div class=\"inner-date-new\"><p >1335.06.09<\/p><\/div>\n\t\t\t\t\t\t\t\t\t\t\t<\/div>\n\t\t\t\t\t\t\t\t\t\t\t\t\t\t\t\t\t\t\t\t<div class=\"uael-content\">\n\t\t\t\t\t\t\t\t\t\t\t\t\t\t\t\t\t\t\t\t\t\t\t\t\t\t\t\t\t\t\t\t\t\t\t\t\t\t\t\t\t\t\t\t\t\t\t\t\t\t\t\t\t\t\t\t\t\t\t\t\t\t\t\t\t\t\t<div class=\"uael-timeline-desc-content\">Documented contacts by residents of Manises with the Nazrid Kingdom of Granada: Al\u00ed Albast\u00ed and his son Abraf\u00edn, Mudejars, are authorised to travel temporarily to \u201cles parts de Granada\u201d (parts of Granada); four days later Abdalla ben Ytal would do so. <\/div> \t\t\t\t\t\t\t\t\t\t\t\t\t\t\t\t\t\t\t\t\t\t\t\t\t\t\t\t\t\t\t\t<\/div>\n\t\t\t\t\t\t\t\t\t\t<div class=\"uael-timeline-arrow\"><\/div>\n\t\t\t\t\t\t\t\t\t<\/div>\n\t\t\t\t\t\t\t\t\t\t\t\t\t\t\t\t\t<\/div>\n\t\t\t\t\t\t\t<\/div>\n\t\t\t\t\t\t\t\t\t\t\t\t\t\t\t<div class=\"uael-timeline-date-new\">\n\t\t\t\t\t\t\t\t\t<div class=\"uael-date-new\"><div class=\"inner-date-new\"><div >1335.06.09<\/div><\/div>\n\t\t\t\t\t\t\t\t\t<\/div>\n\t\t\t\t\t\t\t\t<\/div>\n\t\t\t\t\t\t\t\t\t\t\t\t\t<\/div>\n\t\t\t\t\t<\/div>\n\t\t\t\t\t\t\t\t\t\t\t\t\t\t\t\t\t<div class=\"elementor-repeater-item-74e2365 uael-timeline-field animate-border out-view\">\n\t\t\t\t\t\t<div class=\"uael-timeline-widget uael-timeline-left\">\n\t\t\t\t\t\t\t<div class=\"uael-timeline-marker\">\n\t\t\t\t\t\t\t\t<span class=\"timeline-icon-new out-view-timeline-icon\">\n\t\t\t\t\t\t\t\t\t<i aria-hidden=\"true\" class=\"fa fa-calendar\"><\/i>\t\t\t\t\t\t\t\t<\/span>\n\t\t\t\t\t\t\t<\/div>\n\n\t\t\t\t\t\t\t<div class=\"uael-day-new uael-day-left\">\n\t\t\t\t\t\t\t\t<div class=\"uael-events-new\">\n\t\t\t\t\t\t\t\t\t\t\t\t\t\t\t\t\t\t<div class=\"uael-events-inner-new\">\n\t\t\t\t\t\t\t\t\t\t\t\t\t\t\t\t\t\t\t\t\t<div class=\"uael-timeline-date-hide uael-date-inner\"><div class=\"inner-date-new\"><p >1362.08.08<\/p><\/div>\n\t\t\t\t\t\t\t\t\t\t\t<\/div>\n\t\t\t\t\t\t\t\t\t\t\t\t\t\t\t\t\t\t\t\t<div class=\"uael-content\">\n\t\t\t\t\t\t\t\t\t\t\t\t\t\t\t\t\t\t\t\t\t\t\t\t\t\t\t\t\t\t\t\t\t\t\t\t\t\t\t\t\t\t\t\t\t\t\t\t\t\t\t\t\t\t\t\t\t\t\t\t\t\t\t\t\t\t\t<div class=\"uael-timeline-desc-content\">Juan Albalat and Pascasio Mart\u00edn, masters of tiles and lustreware of Manises, sign a contract to go to Avignon (France) to work on blue, white, green and purple painted and glazed tiles. <\/div> \t\t\t\t\t\t\t\t\t\t\t\t\t\t\t\t\t\t\t\t\t\t\t\t\t\t\t\t\t\t\t\t<\/div>\n\t\t\t\t\t\t\t\t\t\t<div class=\"uael-timeline-arrow\"><\/div>\n\t\t\t\t\t\t\t\t\t<\/div>\n\t\t\t\t\t\t\t\t\t\t\t\t\t\t\t\t\t<\/div>\n\t\t\t\t\t\t\t<\/div>\n\t\t\t\t\t\t\t\t\t\t\t\t\t\t\t<div class=\"uael-timeline-date-new\">\n\t\t\t\t\t\t\t\t\t<div class=\"uael-date-new\"><div class=\"inner-date-new\"><div >1362.08.08<\/div><\/div>\n\t\t\t\t\t\t\t\t\t<\/div>\n\t\t\t\t\t\t\t\t<\/div>\n\t\t\t\t\t\t\t\t\t\t\t\t\t<\/div>\n\t\t\t\t\t<\/div>\n\t\t\t\t\t\t\t\t\t\t\t\t\t\t\t\t\t<div class=\"elementor-repeater-item-27c4758 uael-timeline-field animate-border out-view\">\n\t\t\t\t\t\t<div class=\"uael-timeline-widget uael-timeline-right\">\n\t\t\t\t\t\t\t<div class=\"uael-timeline-marker\">\n\t\t\t\t\t\t\t\t<span class=\"timeline-icon-new out-view-timeline-icon\">\n\t\t\t\t\t\t\t\t\t<i aria-hidden=\"true\" class=\"fa fa-calendar\"><\/i>\t\t\t\t\t\t\t\t<\/span>\n\t\t\t\t\t\t\t<\/div>\n\n\t\t\t\t\t\t\t<div class=\"uael-day-new uael-day-right\">\n\t\t\t\t\t\t\t\t<div class=\"uael-events-new\">\n\t\t\t\t\t\t\t\t\t\t\t\t\t\t\t\t\t\t<div class=\"uael-events-inner-new\">\n\t\t\t\t\t\t\t\t\t\t\t\t\t\t\t\t\t\t\t\t\t<div class=\"uael-timeline-date-hide uael-date-inner\"><div class=\"inner-date-new\"><p >1363-1364<\/p><\/div>\n\t\t\t\t\t\t\t\t\t\t\t<\/div>\n\t\t\t\t\t\t\t\t\t\t\t\t\t\t\t\t\t\t\t\t<div class=\"uael-content\">\n\t\t\t\t\t\t\t\t\t\t\t\t\t\t\t\t\t\t\t\t\t\t\t\t\t\t\t\t\t\t\t\t\t\t\t\t\t\t\t\t\t\t\t\t\t\t\t\t\t\t\t\t\t\t\t\t\t\t\t\t\t\t\t\t\t\t\t<div class=\"uael-timeline-desc-content\">The two sieges by Castilian troops of the city of Valencia, during the war between Aragon and Castile, have grave consequences for Manises and its industry: the castle is destroyed together with houses and workshops. It was rebuilt between 1363 and 1372.<\/div> \t\t\t\t\t\t\t\t\t\t\t\t\t\t\t\t\t\t\t\t\t\t\t\t\t\t\t\t\t\t\t\t<\/div>\n\t\t\t\t\t\t\t\t\t\t<div class=\"uael-timeline-arrow\"><\/div>\n\t\t\t\t\t\t\t\t\t<\/div>\n\t\t\t\t\t\t\t\t\t\t\t\t\t\t\t\t\t<\/div>\n\t\t\t\t\t\t\t<\/div>\n\t\t\t\t\t\t\t\t\t\t\t\t\t\t\t<div class=\"uael-timeline-date-new\">\n\t\t\t\t\t\t\t\t\t<div class=\"uael-date-new\"><div class=\"inner-date-new\"><div >1363-1364<\/div><\/div>\n\t\t\t\t\t\t\t\t\t<\/div>\n\t\t\t\t\t\t\t\t<\/div>\n\t\t\t\t\t\t\t\t\t\t\t\t\t<\/div>\n\t\t\t\t\t<\/div>\n\t\t\t\t\t\t\t\t\t\t\t\t\t\t\t\t\t<div class=\"elementor-repeater-item-88d203a uael-timeline-field animate-border out-view\">\n\t\t\t\t\t\t<div class=\"uael-timeline-widget uael-timeline-left\">\n\t\t\t\t\t\t\t<div class=\"uael-timeline-marker\">\n\t\t\t\t\t\t\t\t<span class=\"timeline-icon-new out-view-timeline-icon\">\n\t\t\t\t\t\t\t\t\t<i aria-hidden=\"true\" class=\"fa fa-calendar\"><\/i>\t\t\t\t\t\t\t\t<\/span>\n\t\t\t\t\t\t\t<\/div>\n\n\t\t\t\t\t\t\t<div class=\"uael-day-new uael-day-left\">\n\t\t\t\t\t\t\t\t<div class=\"uael-events-new\">\n\t\t\t\t\t\t\t\t\t\t\t\t\t\t\t\t\t\t<div class=\"uael-events-inner-new\">\n\t\t\t\t\t\t\t\t\t\t\t\t\t\t\t\t\t\t\t\t\t<div class=\"uael-timeline-date-hide uael-date-inner\"><div class=\"inner-date-new\"><p >1370.04.02<\/p><\/div>\n\t\t\t\t\t\t\t\t\t\t\t<\/div>\n\t\t\t\t\t\t\t\t\t\t\t\t\t\t\t\t\t\t\t\t<div class=\"uael-content\">\n\t\t\t\t\t\t\t\t\t\t\t\t\t\t\t\t\t\t\t\t\t\t\t\t\t\t\t\t\t\t\t\t\t\t\t\t\t\t\t\t\t\t\t\t\t\t\t\t\t\t\t\t\t\t\t\t\t\t\t\t\t\t\t\t\t\t\t<div class=\"uael-timeline-desc-content\">In the context of repair of the damage incurred during the war with Castile and the need to revitalize Manises society, Felipe Bo\u00efl (V Lord of Manises) sponsors the foundation of the parish of San Juan Bautista and separates it organically from Paterna.<\/div> \t\t\t\t\t\t\t\t\t\t\t\t\t\t\t\t\t\t\t\t\t\t\t\t\t\t\t\t\t\t\t\t<\/div>\n\t\t\t\t\t\t\t\t\t\t<div class=\"uael-timeline-arrow\"><\/div>\n\t\t\t\t\t\t\t\t\t<\/div>\n\t\t\t\t\t\t\t\t\t\t\t\t\t\t\t\t\t<\/div>\n\t\t\t\t\t\t\t<\/div>\n\t\t\t\t\t\t\t\t\t\t\t\t\t\t\t<div class=\"uael-timeline-date-new\">\n\t\t\t\t\t\t\t\t\t<div class=\"uael-date-new\"><div class=\"inner-date-new\"><div >1370.04.02<\/div><\/div>\n\t\t\t\t\t\t\t\t\t<\/div>\n\t\t\t\t\t\t\t\t<\/div>\n\t\t\t\t\t\t\t\t\t\t\t\t\t<\/div>\n\t\t\t\t\t<\/div>\n\t\t\t\t\t\t\t\t\t\t\t\t\t\t\t\t\t<div class=\"elementor-repeater-item-35ec773 uael-timeline-field animate-border out-view\">\n\t\t\t\t\t\t<div class=\"uael-timeline-widget uael-timeline-right\">\n\t\t\t\t\t\t\t<div class=\"uael-timeline-marker\">\n\t\t\t\t\t\t\t\t<span class=\"timeline-icon-new out-view-timeline-icon\">\n\t\t\t\t\t\t\t\t\t<i aria-hidden=\"true\" class=\"fa fa-calendar\"><\/i>\t\t\t\t\t\t\t\t<\/span>\n\t\t\t\t\t\t\t<\/div>\n\n\t\t\t\t\t\t\t<div class=\"uael-day-new uael-day-right\">\n\t\t\t\t\t\t\t\t<div class=\"uael-events-new\">\n\t\t\t\t\t\t\t\t\t\t\t\t\t\t\t\t\t\t<div class=\"uael-events-inner-new\">\n\t\t\t\t\t\t\t\t\t\t\t\t\t\t\t\t\t\t\t\t\t<div class=\"uael-timeline-date-hide uael-date-inner\"><div class=\"inner-date-new\"><p >1383<\/p><\/div>\n\t\t\t\t\t\t\t\t\t\t\t<\/div>\n\t\t\t\t\t\t\t\t\t\t\t\t\t\t\t\t\t\t\t\t<div class=\"uael-content\">\n\t\t\t\t\t\t\t\t\t\t\t\t\t\t\t\t\t\t\t\t\t\t\t\t\t\t\t\t\t\t\t\t\t\t\t\t\t\t\t\t\t\t\t\t\t\t\t\t\t\t\t\t\t\t\t\t\t\t\t\t\t\t\t\t\t\t\t<div class=\"uael-timeline-desc-content\">In his treaty \u201cRegiment de la Cosa P\u00fablica\u201d, Francesc Eix\u00e8menis points out: \u00abThe beauty of Manises lustreware is so masterfully painted that the pope and cardinals and princes of the world by special grace sought it out\u00bb.<\/div> \t\t\t\t\t\t\t\t\t\t\t\t\t\t\t\t\t\t\t\t\t\t\t\t\t\t\t\t\t\t\t\t<\/div>\n\t\t\t\t\t\t\t\t\t\t<div class=\"uael-timeline-arrow\"><\/div>\n\t\t\t\t\t\t\t\t\t<\/div>\n\t\t\t\t\t\t\t\t\t\t\t\t\t\t\t\t\t<\/div>\n\t\t\t\t\t\t\t<\/div>\n\t\t\t\t\t\t\t\t\t\t\t\t\t\t\t<div class=\"uael-timeline-date-new\">\n\t\t\t\t\t\t\t\t\t<div class=\"uael-date-new\"><div class=\"inner-date-new\"><div >1383<\/div><\/div>\n\t\t\t\t\t\t\t\t\t<\/div>\n\t\t\t\t\t\t\t\t<\/div>\n\t\t\t\t\t\t\t\t\t\t\t\t\t<\/div>\n\t\t\t\t\t<\/div>\n\t\t\t\t\t\t\t\t\t\t\t\t\t\t\t\t\t<div class=\"elementor-repeater-item-bb2a340 uael-timeline-field animate-border out-view\">\n\t\t\t\t\t\t<div class=\"uael-timeline-widget uael-timeline-left\">\n\t\t\t\t\t\t\t<div class=\"uael-timeline-marker\">\n\t\t\t\t\t\t\t\t<span class=\"timeline-icon-new out-view-timeline-icon\">\n\t\t\t\t\t\t\t\t\t<i aria-hidden=\"true\" class=\"fa fa-calendar\"><\/i>\t\t\t\t\t\t\t\t<\/span>\n\t\t\t\t\t\t\t<\/div>\n\n\t\t\t\t\t\t\t<div class=\"uael-day-new uael-day-left\">\n\t\t\t\t\t\t\t\t<div class=\"uael-events-new\">\n\t\t\t\t\t\t\t\t\t\t\t\t\t\t\t\t\t\t<div class=\"uael-events-inner-new\">\n\t\t\t\t\t\t\t\t\t\t\t\t\t\t\t\t\t\t\t\t\t<div class=\"uael-timeline-date-hide uael-date-inner\"><div class=\"inner-date-new\"><p >1393-1407<\/p><\/div>\n\t\t\t\t\t\t\t\t\t\t\t<\/div>\n\t\t\t\t\t\t\t\t\t\t\t\t\t\t\t\t\t\t\t\t<div class=\"uael-content\">\n\t\t\t\t\t\t\t\t\t\t\t\t\t\t\t\t\t\t\t\t\t\t\t\t\t\t\t\t\t\t\t\t\t\t\t\t\t\t\t\t\t\t\t\t\t\t\t\t\t\t\t\t\t\t\t\t\t\t\t\t\t\t\t\t\t\t\t<div class=\"uael-timeline-desc-content\">The Datini company exports numerous shipments of top quality lustreware produced in the main by Asmet Zuleima, a Mudejar from Manises, to the northern states of Italy through the port of Valencia. <\/div> \t\t\t\t\t\t\t\t\t\t\t\t\t\t\t\t\t\t\t\t\t\t\t\t\t\t\t\t\t\t\t\t<\/div>\n\t\t\t\t\t\t\t\t\t\t<div class=\"uael-timeline-arrow\"><\/div>\n\t\t\t\t\t\t\t\t\t<\/div>\n\t\t\t\t\t\t\t\t\t\t\t\t\t\t\t\t\t<\/div>\n\t\t\t\t\t\t\t<\/div>\n\t\t\t\t\t\t\t\t\t\t\t\t\t\t\t<div class=\"uael-timeline-date-new\">\n\t\t\t\t\t\t\t\t\t<div class=\"uael-date-new\"><div class=\"inner-date-new\"><div >1393-1407<\/div><\/div>\n\t\t\t\t\t\t\t\t\t<\/div>\n\t\t\t\t\t\t\t\t<\/div>\n\t\t\t\t\t\t\t\t\t\t\t\t\t<\/div>\n\t\t\t\t\t<\/div>\n\t\t\t\t\t\t\t\t\t\t\t\t\t\t\t\t\t<div class=\"elementor-repeater-item-28ef574 uael-timeline-field animate-border out-view\">\n\t\t\t\t\t\t<div class=\"uael-timeline-widget uael-timeline-right\">\n\t\t\t\t\t\t\t<div class=\"uael-timeline-marker\">\n\t\t\t\t\t\t\t\t<span class=\"timeline-icon-new out-view-timeline-icon\">\n\t\t\t\t\t\t\t\t\t<i aria-hidden=\"true\" class=\"fa fa-calendar\"><\/i>\t\t\t\t\t\t\t\t<\/span>\n\t\t\t\t\t\t\t<\/div>\n\n\t\t\t\t\t\t\t<div class=\"uael-day-new uael-day-right\">\n\t\t\t\t\t\t\t\t<div class=\"uael-events-new\">\n\t\t\t\t\t\t\t\t\t\t\t\t\t\t\t\t\t\t<div class=\"uael-events-inner-new\">\n\t\t\t\t\t\t\t\t\t\t\t\t\t\t\t\t\t\t\t\t\t<div class=\"uael-timeline-date-hide uael-date-inner\"><div class=\"inner-date-new\"><p >1405.07.02<\/p><\/div>\n\t\t\t\t\t\t\t\t\t\t\t<\/div>\n\t\t\t\t\t\t\t\t\t\t\t\t\t\t\t\t\t\t\t\t<div class=\"uael-content\">\n\t\t\t\t\t\t\t\t\t\t\t\t\t\t\t\t\t\t\t\t\t\t\t\t\t\t\t\t\t\t\t\t\t\t\t\t\t\t\t\t\t\t\t\t\t\t\t\t\t\t\t\t\t\t\t\t\t\t\t\t\t\t\t\t\t\t\t<div class=\"uael-timeline-desc-content\">Mahomat \u00c7uleymen alfaqu\u00ed (expert in Islamic law) and Maymo Annajar, \u00abmoros maestres de obra de malequa\u00bb (Moors, masters in malequa work or lustreware), from Manises, sign a contract for five years with Guillem de Martorell, lord of the town of Murla (Alicante), who wishes to set up a ceramic industry in his domain.<\/div> \t\t\t\t\t\t\t\t\t\t\t\t\t\t\t\t\t\t\t\t\t\t\t\t\t\t\t\t\t\t\t\t<\/div>\n\t\t\t\t\t\t\t\t\t\t<div class=\"uael-timeline-arrow\"><\/div>\n\t\t\t\t\t\t\t\t\t<\/div>\n\t\t\t\t\t\t\t\t\t\t\t\t\t\t\t\t\t<\/div>\n\t\t\t\t\t\t\t<\/div>\n\t\t\t\t\t\t\t\t\t\t\t\t\t\t\t<div class=\"uael-timeline-date-new\">\n\t\t\t\t\t\t\t\t\t<div class=\"uael-date-new\"><div class=\"inner-date-new\"><div >1405.07.02<\/div><\/div>\n\t\t\t\t\t\t\t\t\t<\/div>\n\t\t\t\t\t\t\t\t<\/div>\n\t\t\t\t\t\t\t\t\t\t\t\t\t<\/div>\n\t\t\t\t\t<\/div>\n\t\t\t\t\t\t\t\t\t\t\t\t\t\t\t\t\t<div class=\"elementor-repeater-item-3010274 uael-timeline-field animate-border out-view\">\n\t\t\t\t\t\t<div class=\"uael-timeline-widget uael-timeline-left\">\n\t\t\t\t\t\t\t<div class=\"uael-timeline-marker\">\n\t\t\t\t\t\t\t\t<span class=\"timeline-icon-new out-view-timeline-icon\">\n\t\t\t\t\t\t\t\t\t<i aria-hidden=\"true\" class=\"fa fa-calendar\"><\/i>\t\t\t\t\t\t\t\t<\/span>\n\t\t\t\t\t\t\t<\/div>\n\n\t\t\t\t\t\t\t<div class=\"uael-day-new uael-day-left\">\n\t\t\t\t\t\t\t\t<div class=\"uael-events-new\">\n\t\t\t\t\t\t\t\t\t\t\t\t\t\t\t\t\t\t<div class=\"uael-events-inner-new\">\n\t\t\t\t\t\t\t\t\t\t\t\t\t\t\t\t\t\t\t\t\t<div class=\"uael-timeline-date-hide uael-date-inner\"><div class=\"inner-date-new\"><p >1440 c.<\/p><\/div>\n\t\t\t\t\t\t\t\t\t\t\t<\/div>\n\t\t\t\t\t\t\t\t\t\t\t\t\t\t\t\t\t\t\t\t<div class=\"uael-content\">\n\t\t\t\t\t\t\t\t\t\t\t\t\t\t\t\t\t\t\t\t\t\t\t\t\t\t\t\t\t\t\t\t\t\t\t\t\t\t\t\t\t\t\t\t\t\t\t\t\t\t\t\t\t\t\t\t\t\t\t\t\t\t\t\t\t\t\t<div class=\"uael-timeline-desc-content\">Made in Manises are floor tiles with the heraldry of Pope Eugene IV, the pope in Rome from 1431 to 1447. This is demonstrated by a flawed sample of the currency, found in an architectural dig in an effort to restore a site in the historical centre.<\/div> \t\t\t\t\t\t\t\t\t\t\t\t\t\t\t\t\t\t\t\t\t\t\t\t\t\t\t\t\t\t\t\t<\/div>\n\t\t\t\t\t\t\t\t\t\t<div class=\"uael-timeline-arrow\"><\/div>\n\t\t\t\t\t\t\t\t\t<\/div>\n\t\t\t\t\t\t\t\t\t\t\t\t\t\t\t\t\t<\/div>\n\t\t\t\t\t\t\t<\/div>\n\t\t\t\t\t\t\t\t\t\t\t\t\t\t\t<div class=\"uael-timeline-date-new\">\n\t\t\t\t\t\t\t\t\t<div class=\"uael-date-new\"><div class=\"inner-date-new\"><div >1440 c.<\/div><\/div>\n\t\t\t\t\t\t\t\t\t<\/div>\n\t\t\t\t\t\t\t\t<\/div>\n\t\t\t\t\t\t\t\t\t\t\t\t\t<\/div>\n\t\t\t\t\t<\/div>\n\t\t\t\t\t\t\t\t\t\t\t\t\t\t\t\t\t<div class=\"elementor-repeater-item-3369f85 uael-timeline-field animate-border out-view\">\n\t\t\t\t\t\t<div class=\"uael-timeline-widget uael-timeline-right\">\n\t\t\t\t\t\t\t<div class=\"uael-timeline-marker\">\n\t\t\t\t\t\t\t\t<span class=\"timeline-icon-new out-view-timeline-icon\">\n\t\t\t\t\t\t\t\t\t<i aria-hidden=\"true\" class=\"fa fa-calendar\"><\/i>\t\t\t\t\t\t\t\t<\/span>\n\t\t\t\t\t\t\t<\/div>\n\n\t\t\t\t\t\t\t<div class=\"uael-day-new uael-day-right\">\n\t\t\t\t\t\t\t\t<div class=\"uael-events-new\">\n\t\t\t\t\t\t\t\t\t\t\t\t\t\t\t\t\t\t<div class=\"uael-events-inner-new\">\n\t\t\t\t\t\t\t\t\t\t\t\t\t\t\t\t\t\t\t\t\t<div class=\"uael-timeline-date-hide uael-date-inner\"><div class=\"inner-date-new\"><p >1446-1530<\/p><\/div>\n\t\t\t\t\t\t\t\t\t\t\t<\/div>\n\t\t\t\t\t\t\t\t\t\t\t\t\t\t\t\t\t\t\t\t<div class=\"uael-content\">\n\t\t\t\t\t\t\t\t\t\t\t\t\t\t\t\t\t\t\t\t\t\t\t\t\t\t\t\t\t\t\t\t\t\t\t\t\t\t\t\t\t\t\t\t\t\t\t\t\t\t\t\t\t\t\t\t\t\t\t\t\t\t\t\t\t\t\t<div class=\"uael-timeline-desc-content\">Joan Almurc\u00ed and Jaume Almurc\u00ed are the most prestigious tile makers of the period. Apart from special commissions, they make most of the tiles used in the buildings of political and administrative power in Valencia: Palacio del Real, Palacio de la Generalitat, Casa de la Ciudad, Lonja, Atarazanas, etc.<\/div> \t\t\t\t\t\t\t\t\t\t\t\t\t\t\t\t\t\t\t\t\t\t\t\t\t\t\t\t\t\t\t\t<\/div>\n\t\t\t\t\t\t\t\t\t\t<div class=\"uael-timeline-arrow\"><\/div>\n\t\t\t\t\t\t\t\t\t<\/div>\n\t\t\t\t\t\t\t\t\t\t\t\t\t\t\t\t\t<\/div>\n\t\t\t\t\t\t\t<\/div>\n\t\t\t\t\t\t\t\t\t\t\t\t\t\t\t<div class=\"uael-timeline-date-new\">\n\t\t\t\t\t\t\t\t\t<div class=\"uael-date-new\"><div class=\"inner-date-new\"><div >1446-1530<\/div><\/div>\n\t\t\t\t\t\t\t\t\t<\/div>\n\t\t\t\t\t\t\t\t<\/div>\n\t\t\t\t\t\t\t\t\t\t\t\t\t<\/div>\n\t\t\t\t\t<\/div>\n\t\t\t\t\t\t\t\t\t\t\t\t\t\t\t\t\t<div class=\"elementor-repeater-item-201d404 uael-timeline-field animate-border out-view\">\n\t\t\t\t\t\t<div class=\"uael-timeline-widget uael-timeline-left\">\n\t\t\t\t\t\t\t<div class=\"uael-timeline-marker\">\n\t\t\t\t\t\t\t\t<span class=\"timeline-icon-new out-view-timeline-icon\">\n\t\t\t\t\t\t\t\t\t<i aria-hidden=\"true\" class=\"fa fa-calendar\"><\/i>\t\t\t\t\t\t\t\t<\/span>\n\t\t\t\t\t\t\t<\/div>\n\n\t\t\t\t\t\t\t<div class=\"uael-day-new uael-day-left\">\n\t\t\t\t\t\t\t\t<div class=\"uael-events-new\">\n\t\t\t\t\t\t\t\t\t\t\t\t\t\t\t\t\t\t<div class=\"uael-events-inner-new\">\n\t\t\t\t\t\t\t\t\t\t\t\t\t\t\t\t\t\t\t\t\t<div class=\"uael-timeline-date-hide uael-date-inner\"><div class=\"inner-date-new\"><p >1446 and 1458<\/p><\/div>\n\t\t\t\t\t\t\t\t\t\t\t<\/div>\n\t\t\t\t\t\t\t\t\t\t\t\t\t\t\t\t\t\t\t\t<div class=\"uael-content\">\n\t\t\t\t\t\t\t\t\t\t\t\t\t\t\t\t\t\t\t\t\t\t\t\t\t\t\t\t\t\t\t\t\t\t\t\t\t\t\t\t\t\t\t\t\t\t\t\t\t\t\t\t\t\t\t\t\t\t\t\t\t\t\t\t\t\t\t<div class=\"uael-timeline-desc-content\">At the request of King Alphonse V of Aragon and I of Naples, Johan Almurc\u00ed produces 44,300 \u00abManises artwork\u00bb tiles for the new castle in Naples and the Aragonese castle of Gaeta.<\/div> \t\t\t\t\t\t\t\t\t\t\t\t\t\t\t\t\t\t\t\t\t\t\t\t\t\t\t\t\t\t\t\t<\/div>\n\t\t\t\t\t\t\t\t\t\t<div class=\"uael-timeline-arrow\"><\/div>\n\t\t\t\t\t\t\t\t\t<\/div>\n\t\t\t\t\t\t\t\t\t\t\t\t\t\t\t\t\t<\/div>\n\t\t\t\t\t\t\t<\/div>\n\t\t\t\t\t\t\t\t\t\t\t\t\t\t\t<div class=\"uael-timeline-date-new\">\n\t\t\t\t\t\t\t\t\t<div class=\"uael-date-new\"><div class=\"inner-date-new\"><div >1446 and 1458<\/div><\/div>\n\t\t\t\t\t\t\t\t\t<\/div>\n\t\t\t\t\t\t\t\t<\/div>\n\t\t\t\t\t\t\t\t\t\t\t\t\t<\/div>\n\t\t\t\t\t<\/div>\n\t\t\t\t\t\t\t\t\t\t\t\t\t\t\t\t\t<div class=\"elementor-repeater-item-464cf85 uael-timeline-field animate-border out-view\">\n\t\t\t\t\t\t<div class=\"uael-timeline-widget uael-timeline-right\">\n\t\t\t\t\t\t\t<div class=\"uael-timeline-marker\">\n\t\t\t\t\t\t\t\t<span class=\"timeline-icon-new out-view-timeline-icon\">\n\t\t\t\t\t\t\t\t\t<i aria-hidden=\"true\" class=\"fa fa-calendar\"><\/i>\t\t\t\t\t\t\t\t<\/span>\n\t\t\t\t\t\t\t<\/div>\n\n\t\t\t\t\t\t\t<div class=\"uael-day-new uael-day-right\">\n\t\t\t\t\t\t\t\t<div class=\"uael-events-new\">\n\t\t\t\t\t\t\t\t\t\t\t\t\t\t\t\t\t\t<div class=\"uael-events-inner-new\">\n\t\t\t\t\t\t\t\t\t\t\t\t\t\t\t\t\t\t\t\t\t<div class=\"uael-timeline-date-hide uael-date-inner\"><div class=\"inner-date-new\"><p >1454.11.26<\/p><\/div>\n\t\t\t\t\t\t\t\t\t\t\t<\/div>\n\t\t\t\t\t\t\t\t\t\t\t\t\t\t\t\t\t\t\t\t<div class=\"uael-content\">\n\t\t\t\t\t\t\t\t\t\t\t\t\t\t\t\t\t\t\t\t\t\t\t\t\t\t\t\t\t\t\t\t\t\t\t\t\t\t\t\t\t\t\t\t\t\t\t\t\t\t\t\t\t\t\t\t\t\t\t\t\t\t\t\t\t\t\t<div class=\"uael-timeline-desc-content\">Queen Mary, consort of Alphonse V of Aragon, commissions Don Pedro Bo\u00efl (X Lord of Manises) lustreware tableware \u00abas we believe you a devoted servant and because you are at the source of said work\u00bb. <\/div> \t\t\t\t\t\t\t\t\t\t\t\t\t\t\t\t\t\t\t\t\t\t\t\t\t\t\t\t\t\t\t\t<\/div>\n\t\t\t\t\t\t\t\t\t\t<div class=\"uael-timeline-arrow\"><\/div>\n\t\t\t\t\t\t\t\t\t<\/div>\n\t\t\t\t\t\t\t\t\t\t\t\t\t\t\t\t\t<\/div>\n\t\t\t\t\t\t\t<\/div>\n\t\t\t\t\t\t\t\t\t\t\t\t\t\t\t<div class=\"uael-timeline-date-new\">\n\t\t\t\t\t\t\t\t\t<div class=\"uael-date-new\"><div class=\"inner-date-new\"><div >1454.11.26<\/div><\/div>\n\t\t\t\t\t\t\t\t\t<\/div>\n\t\t\t\t\t\t\t\t<\/div>\n\t\t\t\t\t\t\t\t\t\t\t\t\t<\/div>\n\t\t\t\t\t<\/div>\n\t\t\t\t\t\t\t\t\t\t\t\t\t\t\t\t\t<div class=\"elementor-repeater-item-745addd uael-timeline-field animate-border out-view\">\n\t\t\t\t\t\t<div class=\"uael-timeline-widget uael-timeline-left\">\n\t\t\t\t\t\t\t<div class=\"uael-timeline-marker\">\n\t\t\t\t\t\t\t\t<span class=\"timeline-icon-new out-view-timeline-icon\">\n\t\t\t\t\t\t\t\t\t<i aria-hidden=\"true\" class=\"fa fa-calendar\"><\/i>\t\t\t\t\t\t\t\t<\/span>\n\t\t\t\t\t\t\t<\/div>\n\n\t\t\t\t\t\t\t<div class=\"uael-day-new uael-day-left\">\n\t\t\t\t\t\t\t\t<div class=\"uael-events-new\">\n\t\t\t\t\t\t\t\t\t\t\t\t\t\t\t\t\t\t<div class=\"uael-events-inner-new\">\n\t\t\t\t\t\t\t\t\t\t\t\t\t\t\t\t\t\t\t\t\t<div class=\"uael-timeline-date-hide uael-date-inner\"><div class=\"inner-date-new\"><p >1473<\/p><\/div>\n\t\t\t\t\t\t\t\t\t\t\t<\/div>\n\t\t\t\t\t\t\t\t\t\t\t\t\t\t\t\t\t\t\t\t<div class=\"uael-content\">\n\t\t\t\t\t\t\t\t\t\t\t\t\t\t\t\t\t\t\t\t\t\t\t\t\t\t\t\t\t\t\t\t\t\t\t\t\t\t\t\t\t\t\t\t\t\t\t\t\t\t\t\t\t\t\t\t\t\t\t\t\t\t\t\t\t\t\t<div class=\"uael-timeline-desc-content\">Pere Bo\u00efl, XI Lord of Manises, creates the \u00abCarrer Nou\u00bb (nowadays, Mayor street) . The planned extension of the residential centre of the town facilitated the settlement of 26 families, 50% Mudejars and the other half, Christians; some of whom worked in the booming ceramic industry.<\/div> \t\t\t\t\t\t\t\t\t\t\t\t\t\t\t\t\t\t\t\t\t\t\t\t\t\t\t\t\t\t\t\t<\/div>\n\t\t\t\t\t\t\t\t\t\t<div class=\"uael-timeline-arrow\"><\/div>\n\t\t\t\t\t\t\t\t\t<\/div>\n\t\t\t\t\t\t\t\t\t\t\t\t\t\t\t\t\t<\/div>\n\t\t\t\t\t\t\t<\/div>\n\t\t\t\t\t\t\t\t\t\t\t\t\t\t\t<div class=\"uael-timeline-date-new\">\n\t\t\t\t\t\t\t\t\t<div class=\"uael-date-new\"><div class=\"inner-date-new\"><div >1473<\/div><\/div>\n\t\t\t\t\t\t\t\t\t<\/div>\n\t\t\t\t\t\t\t\t<\/div>\n\t\t\t\t\t\t\t\t\t\t\t\t\t<\/div>\n\t\t\t\t\t<\/div>\n\t\t\t\t\t\t\t\t\t\t\t\t\t\t\t\t\t<div class=\"elementor-repeater-item-5925fcd uael-timeline-field animate-border out-view\">\n\t\t\t\t\t\t<div class=\"uael-timeline-widget uael-timeline-right\">\n\t\t\t\t\t\t\t<div class=\"uael-timeline-marker\">\n\t\t\t\t\t\t\t\t<span class=\"timeline-icon-new out-view-timeline-icon\">\n\t\t\t\t\t\t\t\t\t<i aria-hidden=\"true\" class=\"fa fa-calendar\"><\/i>\t\t\t\t\t\t\t\t<\/span>\n\t\t\t\t\t\t\t<\/div>\n\n\t\t\t\t\t\t\t<div class=\"uael-day-new uael-day-right\">\n\t\t\t\t\t\t\t\t<div class=\"uael-events-new\">\n\t\t\t\t\t\t\t\t\t\t\t\t\t\t\t\t\t\t<div class=\"uael-events-inner-new\">\n\t\t\t\t\t\t\t\t\t\t\t\t\t\t\t\t\t\t\t\t\t<div class=\"uael-timeline-date-hide uael-date-inner\"><div class=\"inner-date-new\"><p >1484, September<\/p><\/div>\n\t\t\t\t\t\t\t\t\t\t\t<\/div>\n\t\t\t\t\t\t\t\t\t\t\t\t\t\t\t\t\t\t\t\t<div class=\"uael-content\">\n\t\t\t\t\t\t\t\t\t\t\t\t\t\t\t\t\t\t\t\t\t\t\t\t\t\t\t\t\t\t\t\t\t\t\t\t\t\t\t\t\t\t\t\t\t\t\t\t\t\t\t\t\t\t\t\t\t\t\t\t\t\t\t\t\t\t\t<div class=\"uael-timeline-desc-content\">Mahomet Bellv\u00eds, Mayor of the Kingdom of Valencia, is buried in the Muslim cemetery of Manises. This goes to show the religious tolerance in the town and the importance of the Mudejar community in society. <\/div> \t\t\t\t\t\t\t\t\t\t\t\t\t\t\t\t\t\t\t\t\t\t\t\t\t\t\t\t\t\t\t\t<\/div>\n\t\t\t\t\t\t\t\t\t\t<div class=\"uael-timeline-arrow\"><\/div>\n\t\t\t\t\t\t\t\t\t<\/div>\n\t\t\t\t\t\t\t\t\t\t\t\t\t\t\t\t\t<\/div>\n\t\t\t\t\t\t\t<\/div>\n\t\t\t\t\t\t\t\t\t\t\t\t\t\t\t<div class=\"uael-timeline-date-new\">\n\t\t\t\t\t\t\t\t\t<div class=\"uael-date-new\"><div class=\"inner-date-new\"><div >1484, September<\/div><\/div>\n\t\t\t\t\t\t\t\t\t<\/div>\n\t\t\t\t\t\t\t\t<\/div>\n\t\t\t\t\t\t\t\t\t\t\t\t\t<\/div>\n\t\t\t\t\t<\/div>\n\t\t\t\t\t\t\t\t\t\t\t\t\t\t\t\t\t<div class=\"elementor-repeater-item-29965a0 uael-timeline-field animate-border out-view\">\n\t\t\t\t\t\t<div class=\"uael-timeline-widget uael-timeline-left\">\n\t\t\t\t\t\t\t<div class=\"uael-timeline-marker\">\n\t\t\t\t\t\t\t\t<span class=\"timeline-icon-new out-view-timeline-icon\">\n\t\t\t\t\t\t\t\t\t<i aria-hidden=\"true\" class=\"fa fa-calendar\"><\/i>\t\t\t\t\t\t\t\t<\/span>\n\t\t\t\t\t\t\t<\/div>\n\n\t\t\t\t\t\t\t<div class=\"uael-day-new uael-day-left\">\n\t\t\t\t\t\t\t\t<div class=\"uael-events-new\">\n\t\t\t\t\t\t\t\t\t\t\t\t\t\t\t\t\t\t<div class=\"uael-events-inner-new\">\n\t\t\t\t\t\t\t\t\t\t\t\t\t\t\t\t\t\t\t\t\t<div class=\"uael-timeline-date-hide uael-date-inner\"><div class=\"inner-date-new\"><p >1492.11.14<\/p><\/div>\n\t\t\t\t\t\t\t\t\t\t\t<\/div>\n\t\t\t\t\t\t\t\t\t\t\t\t\t\t\t\t\t\t\t\t<div class=\"uael-content\">\n\t\t\t\t\t\t\t\t\t\t\t\t\t\t\t\t\t\t\t\t\t\t\t\t\t\t\t\t\t\t\t\t\t\t\t\t\t\t\t\t\t\t\t\t\t\t\t\t\t\t\t\t\t\t\t\t\t\t\t\t\t\t\t\t\t\t\t<div class=\"uael-timeline-desc-content\">The Mudejars of Manises, Mahomet Alahm\u00ed and Azmet, alfaqu\u00ed (expert in Islamic law), receive permission to travel on business to the Kingdoms of Castile and Granada. Pedro Bo\u00efl, IX Lord of Manises stood as guarantor of their return. <\/div> \t\t\t\t\t\t\t\t\t\t\t\t\t\t\t\t\t\t\t\t\t\t\t\t\t\t\t\t\t\t\t\t<\/div>\n\t\t\t\t\t\t\t\t\t\t<div class=\"uael-timeline-arrow\"><\/div>\n\t\t\t\t\t\t\t\t\t<\/div>\n\t\t\t\t\t\t\t\t\t\t\t\t\t\t\t\t\t<\/div>\n\t\t\t\t\t\t\t<\/div>\n\t\t\t\t\t\t\t\t\t\t\t\t\t\t\t<div class=\"uael-timeline-date-new\">\n\t\t\t\t\t\t\t\t\t<div class=\"uael-date-new\"><div class=\"inner-date-new\"><div >1492.11.14<\/div><\/div>\n\t\t\t\t\t\t\t\t\t<\/div>\n\t\t\t\t\t\t\t\t<\/div>\n\t\t\t\t\t\t\t\t\t\t\t\t\t<\/div>\n\t\t\t\t\t<\/div>\n\t\t\t\t\t\t\t\t\t\t\t\t\t\t\t\t\t<div class=\"elementor-repeater-item-e6e15b2 uael-timeline-field animate-border out-view\">\n\t\t\t\t\t\t<div class=\"uael-timeline-widget uael-timeline-right\">\n\t\t\t\t\t\t\t<div class=\"uael-timeline-marker\">\n\t\t\t\t\t\t\t\t<span class=\"timeline-icon-new out-view-timeline-icon\">\n\t\t\t\t\t\t\t\t\t<i aria-hidden=\"true\" class=\"fa fa-calendar\"><\/i>\t\t\t\t\t\t\t\t<\/span>\n\t\t\t\t\t\t\t<\/div>\n\n\t\t\t\t\t\t\t<div class=\"uael-day-new uael-day-right\">\n\t\t\t\t\t\t\t\t<div class=\"uael-events-new\">\n\t\t\t\t\t\t\t\t\t\t\t\t\t\t\t\t\t\t<div class=\"uael-events-inner-new\">\n\t\t\t\t\t\t\t\t\t\t\t\t\t\t\t\t\t\t\t\t\t<div class=\"uael-timeline-date-hide uael-date-inner\"><div class=\"inner-date-new\"><p >1493-1494<\/p><\/div>\n\t\t\t\t\t\t\t\t\t\t\t<\/div>\n\t\t\t\t\t\t\t\t\t\t\t\t\t\t\t\t\t\t\t\t<div class=\"uael-content\">\n\t\t\t\t\t\t\t\t\t\t\t\t\t\t\t\t\t\t\t\t\t\t\t\t\t\t\t\t\t\t\t\t\t\t\t\t\t\t\t\t\t\t\t\t\t\t\t\t\t\t\t\t\t\t\t\t\t\t\t\t\t\t\t\t\t\t\t<div class=\"uael-timeline-desc-content\">Tiles with Pope Alexander VI\u2019s heraldry for the flooring in the Borgia Apartments in the Vatican are produced in Manises. <\/div> \t\t\t\t\t\t\t\t\t\t\t\t\t\t\t\t\t\t\t\t\t\t\t\t\t\t\t\t\t\t\t\t<\/div>\n\t\t\t\t\t\t\t\t\t\t<div class=\"uael-timeline-arrow\"><\/div>\n\t\t\t\t\t\t\t\t\t<\/div>\n\t\t\t\t\t\t\t\t\t\t\t\t\t\t\t\t\t<\/div>\n\t\t\t\t\t\t\t<\/div>\n\t\t\t\t\t\t\t\t\t\t\t\t\t\t\t<div class=\"uael-timeline-date-new\">\n\t\t\t\t\t\t\t\t\t<div class=\"uael-date-new\"><div class=\"inner-date-new\"><div >1493-1494<\/div><\/div>\n\t\t\t\t\t\t\t\t\t<\/div>\n\t\t\t\t\t\t\t\t<\/div>\n\t\t\t\t\t\t\t\t\t\t\t\t\t<\/div>\n\t\t\t\t\t<\/div>\n\t\t\t\t\t\t\t\t\t\t\t\t\t\t\t\t\t<div class=\"elementor-repeater-item-4558428 uael-timeline-field animate-border out-view\">\n\t\t\t\t\t\t<div class=\"uael-timeline-widget uael-timeline-left\">\n\t\t\t\t\t\t\t<div class=\"uael-timeline-marker\">\n\t\t\t\t\t\t\t\t<span class=\"timeline-icon-new out-view-timeline-icon\">\n\t\t\t\t\t\t\t\t\t<i aria-hidden=\"true\" class=\"fa fa-calendar\"><\/i>\t\t\t\t\t\t\t\t<\/span>\n\t\t\t\t\t\t\t<\/div>\n\n\t\t\t\t\t\t\t<div class=\"uael-day-new uael-day-left\">\n\t\t\t\t\t\t\t\t<div class=\"uael-events-new\">\n\t\t\t\t\t\t\t\t\t\t\t\t\t\t\t\t\t\t<div class=\"uael-events-inner-new\">\n\t\t\t\t\t\t\t\t\t\t\t\t\t\t\t\t\t\t\t\t\t<div class=\"uael-timeline-date-hide uael-date-inner\"><div class=\"inner-date-new\"><p >1577<\/p><\/div>\n\t\t\t\t\t\t\t\t\t\t\t<\/div>\n\t\t\t\t\t\t\t\t\t\t\t\t\t\t\t\t\t\t\t\t<div class=\"uael-content\">\n\t\t\t\t\t\t\t\t\t\t\t\t\t\t\t\t\t\t\t\t\t\t\t\t\t\t\t\t\t\t\t\t\t\t\t\t\t\t\t\t\t\t\t\t\t\t\t\t\t\t\t\t\t\t\t\t\t\t\t\t\t\t\t\t\t\t\t<div class=\"uael-timeline-desc-content\">Felipe Bo\u00efl, XIV Lord of Manises, provides the golden tiles for the roof of the tower of the Palau de la Diputaci\u00f3 del General, currently housing Valencia\u2019s Regional Government.<\/div> \t\t\t\t\t\t\t\t\t\t\t\t\t\t\t\t\t\t\t\t\t\t\t\t\t\t\t\t\t\t\t\t<\/div>\n\t\t\t\t\t\t\t\t\t\t<div class=\"uael-timeline-arrow\"><\/div>\n\t\t\t\t\t\t\t\t\t<\/div>\n\t\t\t\t\t\t\t\t\t\t\t\t\t\t\t\t\t<\/div>\n\t\t\t\t\t\t\t<\/div>\n\t\t\t\t\t\t\t\t\t\t\t\t\t\t\t<div class=\"uael-timeline-date-new\">\n\t\t\t\t\t\t\t\t\t<div class=\"uael-date-new\"><div class=\"inner-date-new\"><div >1577<\/div><\/div>\n\t\t\t\t\t\t\t\t\t<\/div>\n\t\t\t\t\t\t\t\t<\/div>\n\t\t\t\t\t\t\t\t\t\t\t\t\t<\/div>\n\t\t\t\t\t<\/div>\n\t\t\t\t\t\t\t\t\t\t\t\t\t\t\t\t\t<div class=\"elementor-repeater-item-9a8eb32 uael-timeline-field animate-border out-view\">\n\t\t\t\t\t\t<div class=\"uael-timeline-widget uael-timeline-right\">\n\t\t\t\t\t\t\t<div class=\"uael-timeline-marker\">\n\t\t\t\t\t\t\t\t<span class=\"timeline-icon-new out-view-timeline-icon\">\n\t\t\t\t\t\t\t\t\t<i aria-hidden=\"true\" class=\"fa fa-calendar\"><\/i>\t\t\t\t\t\t\t\t<\/span>\n\t\t\t\t\t\t\t<\/div>\n\n\t\t\t\t\t\t\t<div class=\"uael-day-new uael-day-right\">\n\t\t\t\t\t\t\t\t<div class=\"uael-events-new\">\n\t\t\t\t\t\t\t\t\t\t\t\t\t\t\t\t\t\t<div class=\"uael-events-inner-new\">\n\t\t\t\t\t\t\t\t\t\t\t\t\t\t\t\t\t\t\t\t\t<div class=\"uael-timeline-date-hide uael-date-inner\"><div class=\"inner-date-new\"><p >1595.02.08<\/p><\/div>\n\t\t\t\t\t\t\t\t\t\t\t<\/div>\n\t\t\t\t\t\t\t\t\t\t\t\t\t\t\t\t\t\t\t\t<div class=\"uael-content\">\n\t\t\t\t\t\t\t\t\t\t\t\t\t\t\t\t\t\t\t\t\t\t\t\t\t\t\t\t\t\t\t\t\t\t\t\t\t\t\t\t\t\t\t\t\t\t\t\t\t\t\t\t\t\t\t\t\t\t\t\t\t\t\t\t\t\t\t<div class=\"uael-timeline-desc-content\">\u00abA hundred large plates in Manises artwork, full to overflowing with different jams\u00bb were displayed for the reception in the Consulate Hall which the city of Valencia offered to King Philip II during his official visit. <\/div> \t\t\t\t\t\t\t\t\t\t\t\t\t\t\t\t\t\t\t\t\t\t\t\t\t\t\t\t\t\t\t\t<\/div>\n\t\t\t\t\t\t\t\t\t\t<div class=\"uael-timeline-arrow\"><\/div>\n\t\t\t\t\t\t\t\t\t<\/div>\n\t\t\t\t\t\t\t\t\t\t\t\t\t\t\t\t\t<\/div>\n\t\t\t\t\t\t\t<\/div>\n\t\t\t\t\t\t\t\t\t\t\t\t\t\t\t<div class=\"uael-timeline-date-new\">\n\t\t\t\t\t\t\t\t\t<div class=\"uael-date-new\"><div class=\"inner-date-new\"><div >1595.02.08<\/div><\/div>\n\t\t\t\t\t\t\t\t\t<\/div>\n\t\t\t\t\t\t\t\t<\/div>\n\t\t\t\t\t\t\t\t\t\t\t\t\t<\/div>\n\t\t\t\t\t<\/div>\n\t\t\t\t\t\t\t\t\t\t\t\t\t\t\t\t\t<div class=\"elementor-repeater-item-e181f2d uael-timeline-field animate-border out-view\">\n\t\t\t\t\t\t<div class=\"uael-timeline-widget uael-timeline-left\">\n\t\t\t\t\t\t\t<div class=\"uael-timeline-marker\">\n\t\t\t\t\t\t\t\t<span class=\"timeline-icon-new out-view-timeline-icon\">\n\t\t\t\t\t\t\t\t\t<i aria-hidden=\"true\" class=\"fa fa-calendar\"><\/i>\t\t\t\t\t\t\t\t<\/span>\n\t\t\t\t\t\t\t<\/div>\n\n\t\t\t\t\t\t\t<div class=\"uael-day-new uael-day-left\">\n\t\t\t\t\t\t\t\t<div class=\"uael-events-new\">\n\t\t\t\t\t\t\t\t\t\t\t\t\t\t\t\t\t\t<div class=\"uael-events-inner-new\">\n\t\t\t\t\t\t\t\t\t\t\t\t\t\t\t\t\t\t\t\t\t<div class=\"uael-timeline-date-hide uael-date-inner\"><div class=\"inner-date-new\"><p >1598.04.29<\/p><\/div>\n\t\t\t\t\t\t\t\t\t\t\t<\/div>\n\t\t\t\t\t\t\t\t\t\t\t\t\t\t\t\t\t\t\t\t<div class=\"uael-content\">\n\t\t\t\t\t\t\t\t\t\t\t\t\t\t\t\t\t\t\t\t\t\t\t\t\t\t\t\t\t\t\t\t\t\t\t\t\t\t\t\t\t\t\t\t\t\t\t\t\t\t\t\t\t\t\t\t\t\t\t\t\t\t\t\t\t\t\t<div class=\"uael-timeline-desc-content\">Pedro Joan, formerly Boil de la Scala (Lord of Manises), rents out to the married couple Raimundo Ma\u00e7i\u00e0 and In\u00e9s de Vilanova the wheat, rice and \u201cvarnish\u201d mills, for 240 pounds a year, for a period of four years. <\/div> \t\t\t\t\t\t\t\t\t\t\t\t\t\t\t\t\t\t\t\t\t\t\t\t\t\t\t\t\t\t\t\t<\/div>\n\t\t\t\t\t\t\t\t\t\t<div class=\"uael-timeline-arrow\"><\/div>\n\t\t\t\t\t\t\t\t\t<\/div>\n\t\t\t\t\t\t\t\t\t\t\t\t\t\t\t\t\t<\/div>\n\t\t\t\t\t\t\t<\/div>\n\t\t\t\t\t\t\t\t\t\t\t\t\t\t\t<div class=\"uael-timeline-date-new\">\n\t\t\t\t\t\t\t\t\t<div class=\"uael-date-new\"><div class=\"inner-date-new\"><div >1598.04.29<\/div><\/div>\n\t\t\t\t\t\t\t\t\t<\/div>\n\t\t\t\t\t\t\t\t<\/div>\n\t\t\t\t\t\t\t\t\t\t\t\t\t<\/div>\n\t\t\t\t\t<\/div>\n\t\t\t\t\t\t\t\t\t\t\t\t\t\t\t\t\t<div class=\"elementor-repeater-item-81c2e59 uael-timeline-field animate-border out-view\">\n\t\t\t\t\t\t<div class=\"uael-timeline-widget uael-timeline-right\">\n\t\t\t\t\t\t\t<div class=\"uael-timeline-marker\">\n\t\t\t\t\t\t\t\t<span class=\"timeline-icon-new out-view-timeline-icon\">\n\t\t\t\t\t\t\t\t\t<i aria-hidden=\"true\" class=\"fa fa-calendar\"><\/i>\t\t\t\t\t\t\t\t<\/span>\n\t\t\t\t\t\t\t<\/div>\n\n\t\t\t\t\t\t\t<div class=\"uael-day-new uael-day-right\">\n\t\t\t\t\t\t\t\t<div class=\"uael-events-new\">\n\t\t\t\t\t\t\t\t\t\t\t\t\t\t\t\t\t\t<div class=\"uael-events-inner-new\">\n\t\t\t\t\t\t\t\t\t\t\t\t\t\t\t\t\t\t\t\t\t<div class=\"uael-timeline-date-hide uael-date-inner\"><div class=\"inner-date-new\"><p >1571.07.05<\/p><\/div>\n\t\t\t\t\t\t\t\t\t\t\t<\/div>\n\t\t\t\t\t\t\t\t\t\t\t\t\t\t\t\t\t\t\t\t<div class=\"uael-content\">\n\t\t\t\t\t\t\t\t\t\t\t\t\t\t\t\t\t\t\t\t\t\t\t\t\t\t\t\t\t\t\t\t\t\t\t\t\t\t\t\t\t\t\t\t\t\t\t\t\t\t\t\t\t\t\t\t\t\t\t\t\t\t\t\t\t\t\t<div class=\"uael-timeline-desc-content\">Twenty five Moriscos, family heads from Manises, 12 farmers and 13 masters in clay work, held an assembly -with Felipe Boil\u2019s license \u2013 in order to name a procurator for revoking the announced confiscation of their assets by the Inquisition.<\/div> \t\t\t\t\t\t\t\t\t\t\t\t\t\t\t\t\t\t\t\t\t\t\t\t\t\t\t\t\t\t\t\t<\/div>\n\t\t\t\t\t\t\t\t\t\t<div class=\"uael-timeline-arrow\"><\/div>\n\t\t\t\t\t\t\t\t\t<\/div>\n\t\t\t\t\t\t\t\t\t\t\t\t\t\t\t\t\t<\/div>\n\t\t\t\t\t\t\t<\/div>\n\t\t\t\t\t\t\t\t\t\t\t\t\t\t\t<div class=\"uael-timeline-date-new\">\n\t\t\t\t\t\t\t\t\t<div class=\"uael-date-new\"><div class=\"inner-date-new\"><div >1571.07.05<\/div><\/div>\n\t\t\t\t\t\t\t\t\t<\/div>\n\t\t\t\t\t\t\t\t<\/div>\n\t\t\t\t\t\t\t\t\t\t\t\t\t<\/div>\n\t\t\t\t\t<\/div>\n\t\t\t\t\t\t\t\t\t\t\t\t\t\t\t\t\t<div class=\"elementor-repeater-item-4d1a6f2 uael-timeline-field animate-border out-view\">\n\t\t\t\t\t\t<div class=\"uael-timeline-widget uael-timeline-left\">\n\t\t\t\t\t\t\t<div class=\"uael-timeline-marker\">\n\t\t\t\t\t\t\t\t<span class=\"timeline-icon-new out-view-timeline-icon\">\n\t\t\t\t\t\t\t\t\t<i aria-hidden=\"true\" class=\"fa fa-calendar\"><\/i>\t\t\t\t\t\t\t\t<\/span>\n\t\t\t\t\t\t\t<\/div>\n\n\t\t\t\t\t\t\t<div class=\"uael-day-new uael-day-left\">\n\t\t\t\t\t\t\t\t<div class=\"uael-events-new\">\n\t\t\t\t\t\t\t\t\t\t\t\t\t\t\t\t\t\t<div class=\"uael-events-inner-new\">\n\t\t\t\t\t\t\t\t\t\t\t\t\t\t\t\t\t\t\t\t\t<div class=\"uael-timeline-date-hide uael-date-inner\"><div class=\"inner-date-new\"><p >1609<\/p><\/div>\n\t\t\t\t\t\t\t\t\t\t\t<\/div>\n\t\t\t\t\t\t\t\t\t\t\t\t\t\t\t\t\t\t\t\t<div class=\"uael-content\">\n\t\t\t\t\t\t\t\t\t\t\t\t\t\t\t\t\t\t\t\t\t\t\t\t\t\t\t\t\t\t\t\t\t\t\t\t\t\t\t\t\t\t\t\t\t\t\t\t\t\t\t\t\t\t\t\t\t\t\t\t\t\t\t\t\t\t\t<div class=\"uael-timeline-desc-content\">Expulsion of the Moriscos from the Kingdom of Valencia. This deportation, which included a significant percentage of the master potters of Manises, aggravated the crisis in blue and lustreware which had started as a result of the success of polychrome ceramics produced in other towns in the peninsula. <\/div> \t\t\t\t\t\t\t\t\t\t\t\t\t\t\t\t\t\t\t\t\t\t\t\t\t\t\t\t\t\t\t\t<\/div>\n\t\t\t\t\t\t\t\t\t\t<div class=\"uael-timeline-arrow\"><\/div>\n\t\t\t\t\t\t\t\t\t<\/div>\n\t\t\t\t\t\t\t\t\t\t\t\t\t\t\t\t\t<\/div>\n\t\t\t\t\t\t\t<\/div>\n\t\t\t\t\t\t\t\t\t\t\t\t\t\t\t<div class=\"uael-timeline-date-new\">\n\t\t\t\t\t\t\t\t\t<div class=\"uael-date-new\"><div class=\"inner-date-new\"><div >1609<\/div><\/div>\n\t\t\t\t\t\t\t\t\t<\/div>\n\t\t\t\t\t\t\t\t<\/div>\n\t\t\t\t\t\t\t\t\t\t\t\t\t<\/div>\n\t\t\t\t\t<\/div>\n\t\t\t\t\t\t\t\t\t\t\t\t\t\t\t\t\t<div class=\"elementor-repeater-item-73ff8dd uael-timeline-field animate-border out-view\">\n\t\t\t\t\t\t<div class=\"uael-timeline-widget uael-timeline-right\">\n\t\t\t\t\t\t\t<div class=\"uael-timeline-marker\">\n\t\t\t\t\t\t\t\t<span class=\"timeline-icon-new out-view-timeline-icon\">\n\t\t\t\t\t\t\t\t\t<i aria-hidden=\"true\" class=\"fa fa-calendar\"><\/i>\t\t\t\t\t\t\t\t<\/span>\n\t\t\t\t\t\t\t<\/div>\n\n\t\t\t\t\t\t\t<div class=\"uael-day-new uael-day-right\">\n\t\t\t\t\t\t\t\t<div class=\"uael-events-new\">\n\t\t\t\t\t\t\t\t\t\t\t\t\t\t\t\t\t\t<div class=\"uael-events-inner-new\">\n\t\t\t\t\t\t\t\t\t\t\t\t\t\t\t\t\t\t\t\t\t<div class=\"uael-timeline-date-hide uael-date-inner\"><div class=\"inner-date-new\"><p >1614.04.06<\/p><\/div>\n\t\t\t\t\t\t\t\t\t\t\t<\/div>\n\t\t\t\t\t\t\t\t\t\t\t\t\t\t\t\t\t\t\t\t<div class=\"uael-content\">\n\t\t\t\t\t\t\t\t\t\t\t\t\t\t\t\t\t\t\t\t\t\t\t\t\t\t\t\t\t\t\t\t\t\t\t\t\t\t\t\t\t\t\t\t\t\t\t\t\t\t\t\t\t\t\t\t\t\t\t\t\t\t\t\t\t\t\t<div class=\"uael-timeline-desc-content\">The Guild of the of the Clay Work of Manises approves their statutes, dedicated to Saint Hippolyte. Aside from mutual assistance, the regulations state that it has become a trade guild with the power to control the quality of the production and its marketing.<\/div> \t\t\t\t\t\t\t\t\t\t\t\t\t\t\t\t\t\t\t\t\t\t\t\t\t\t\t\t\t\t\t\t<\/div>\n\t\t\t\t\t\t\t\t\t\t<div class=\"uael-timeline-arrow\"><\/div>\n\t\t\t\t\t\t\t\t\t<\/div>\n\t\t\t\t\t\t\t\t\t\t\t\t\t\t\t\t\t<\/div>\n\t\t\t\t\t\t\t<\/div>\n\t\t\t\t\t\t\t\t\t\t\t\t\t\t\t<div class=\"uael-timeline-date-new\">\n\t\t\t\t\t\t\t\t\t<div class=\"uael-date-new\"><div class=\"inner-date-new\"><div >1614.04.06<\/div><\/div>\n\t\t\t\t\t\t\t\t\t<\/div>\n\t\t\t\t\t\t\t\t<\/div>\n\t\t\t\t\t\t\t\t\t\t\t\t\t<\/div>\n\t\t\t\t\t<\/div>\n\t\t\t\t\t\t\t\t\t\t\t\t\t\t\t\t\t<div class=\"elementor-repeater-item-22a1ca8 uael-timeline-field animate-border out-view\">\n\t\t\t\t\t\t<div class=\"uael-timeline-widget uael-timeline-left\">\n\t\t\t\t\t\t\t<div class=\"uael-timeline-marker\">\n\t\t\t\t\t\t\t\t<span class=\"timeline-icon-new out-view-timeline-icon\">\n\t\t\t\t\t\t\t\t\t<i aria-hidden=\"true\" class=\"fa fa-calendar\"><\/i>\t\t\t\t\t\t\t\t<\/span>\n\t\t\t\t\t\t\t<\/div>\n\n\t\t\t\t\t\t\t<div class=\"uael-day-new uael-day-left\">\n\t\t\t\t\t\t\t\t<div class=\"uael-events-new\">\n\t\t\t\t\t\t\t\t\t\t\t\t\t\t\t\t\t\t<div class=\"uael-events-inner-new\">\n\t\t\t\t\t\t\t\t\t\t\t\t\t\t\t\t\t\t\t\t\t<div class=\"uael-timeline-date-hide uael-date-inner\"><div class=\"inner-date-new\"><p >1625.06.25<\/p><\/div>\n\t\t\t\t\t\t\t\t\t\t\t<\/div>\n\t\t\t\t\t\t\t\t\t\t\t\t\t\t\t\t\t\t\t\t<div class=\"uael-content\">\n\t\t\t\t\t\t\t\t\t\t\t\t\t\t\t\t\t\t\t\t\t\t\t\t\t\t\t\t\t\t\t\t\t\t\t\t\t\t\t\t\t\t\t\t\t\t\t\t\t\t\t\t\t\t\t\t\t\t\t\t\t\t\t\t\t\t\t<div class=\"uael-timeline-desc-content\">Felipe Boil (Lord of Manises) authorizes the Ofici de Mestres d\u2019Obra de Terra to supply the Chamber with varnish with 160 quintals of lead and tin. Twenty five masters are involved in the project, which is presided by a member of the Clavar\u00eda Order.<\/div> \t\t\t\t\t\t\t\t\t\t\t\t\t\t\t\t\t\t\t\t\t\t\t\t\t\t\t\t\t\t\t\t<\/div>\n\t\t\t\t\t\t\t\t\t\t<div class=\"uael-timeline-arrow\"><\/div>\n\t\t\t\t\t\t\t\t\t<\/div>\n\t\t\t\t\t\t\t\t\t\t\t\t\t\t\t\t\t<\/div>\n\t\t\t\t\t\t\t<\/div>\n\t\t\t\t\t\t\t\t\t\t\t\t\t\t\t<div class=\"uael-timeline-date-new\">\n\t\t\t\t\t\t\t\t\t<div class=\"uael-date-new\"><div class=\"inner-date-new\"><div >1625.06.25<\/div><\/div>\n\t\t\t\t\t\t\t\t\t<\/div>\n\t\t\t\t\t\t\t\t<\/div>\n\t\t\t\t\t\t\t\t\t\t\t\t\t<\/div>\n\t\t\t\t\t<\/div>\n\t\t\t\t\t\t\t\t\t\t\t\t\t\t\t\t\t<div class=\"elementor-repeater-item-0390ed7 uael-timeline-field animate-border out-view\">\n\t\t\t\t\t\t<div class=\"uael-timeline-widget uael-timeline-right\">\n\t\t\t\t\t\t\t<div class=\"uael-timeline-marker\">\n\t\t\t\t\t\t\t\t<span class=\"timeline-icon-new out-view-timeline-icon\">\n\t\t\t\t\t\t\t\t\t<i aria-hidden=\"true\" class=\"fa fa-calendar\"><\/i>\t\t\t\t\t\t\t\t<\/span>\n\t\t\t\t\t\t\t<\/div>\n\n\t\t\t\t\t\t\t<div class=\"uael-day-new uael-day-right\">\n\t\t\t\t\t\t\t\t<div class=\"uael-events-new\">\n\t\t\t\t\t\t\t\t\t\t\t\t\t\t\t\t\t\t<div class=\"uael-events-inner-new\">\n\t\t\t\t\t\t\t\t\t\t\t\t\t\t\t\t\t\t\t\t\t<div class=\"uael-timeline-date-hide uael-date-inner\"><div class=\"inner-date-new\"><p >1632.04.22<\/p><\/div>\n\t\t\t\t\t\t\t\t\t\t\t<\/div>\n\t\t\t\t\t\t\t\t\t\t\t\t\t\t\t\t\t\t\t\t<div class=\"uael-content\">\n\t\t\t\t\t\t\t\t\t\t\t\t\t\t\t\t\t\t\t\t\t\t\t\t\t\t\t\t\t\t\t\t\t\t\t\t\t\t\t\t\t\t\t\t\t\t\t\t\t\t\t\t\t\t\t\t\t\t\t\t\t\t\t\t\t\t\t<div class=\"uael-timeline-desc-content\">During King Philip IV\u2019s visit to Valencia, the regional government makes him a gift of fifty Manises plates full of food. <\/div> \t\t\t\t\t\t\t\t\t\t\t\t\t\t\t\t\t\t\t\t\t\t\t\t\t\t\t\t\t\t\t\t<\/div>\n\t\t\t\t\t\t\t\t\t\t<div class=\"uael-timeline-arrow\"><\/div>\n\t\t\t\t\t\t\t\t\t<\/div>\n\t\t\t\t\t\t\t\t\t\t\t\t\t\t\t\t\t<\/div>\n\t\t\t\t\t\t\t<\/div>\n\t\t\t\t\t\t\t\t\t\t\t\t\t\t\t<div class=\"uael-timeline-date-new\">\n\t\t\t\t\t\t\t\t\t<div class=\"uael-date-new\"><div class=\"inner-date-new\"><div >1632.04.22<\/div><\/div>\n\t\t\t\t\t\t\t\t\t<\/div>\n\t\t\t\t\t\t\t\t<\/div>\n\t\t\t\t\t\t\t\t\t\t\t\t\t<\/div>\n\t\t\t\t\t<\/div>\n\t\t\t\t\t\t\t\t\t\t\t\t\t\t\t\t\t<div class=\"elementor-repeater-item-f0572aa uael-timeline-field animate-border out-view\">\n\t\t\t\t\t\t<div class=\"uael-timeline-widget uael-timeline-left\">\n\t\t\t\t\t\t\t<div class=\"uael-timeline-marker\">\n\t\t\t\t\t\t\t\t<span class=\"timeline-icon-new out-view-timeline-icon\">\n\t\t\t\t\t\t\t\t\t<i aria-hidden=\"true\" class=\"fa fa-calendar\"><\/i>\t\t\t\t\t\t\t\t<\/span>\n\t\t\t\t\t\t\t<\/div>\n\n\t\t\t\t\t\t\t<div class=\"uael-day-new uael-day-left\">\n\t\t\t\t\t\t\t\t<div class=\"uael-events-new\">\n\t\t\t\t\t\t\t\t\t\t\t\t\t\t\t\t\t\t<div class=\"uael-events-inner-new\">\n\t\t\t\t\t\t\t\t\t\t\t\t\t\t\t\t\t\t\t\t\t<div class=\"uael-timeline-date-hide uael-date-inner\"><div class=\"inner-date-new\"><p >1652.04.10<\/p><\/div>\n\t\t\t\t\t\t\t\t\t\t\t<\/div>\n\t\t\t\t\t\t\t\t\t\t\t\t\t\t\t\t\t\t\t\t<div class=\"uael-content\">\n\t\t\t\t\t\t\t\t\t\t\t\t\t\t\t\t\t\t\t\t\t\t\t\t\t\t\t\t\t\t\t\t\t\t\t\t\t\t\t\t\t\t\t\t\t\t\t\t\t\t\t\t\t\t\t\t\t\t\t\t\t\t\t\t\t\t\t<div class=\"uael-timeline-desc-content\">At the meeting of the Gremi de Mestres d\u00b40bra de Terra, in addition to making some modifications to the statutes, it is agreed to grant a definitive firing licence to 24 masters and another 8, a provisional licence for one year, after which they shall be obliged to submit to an exam.  <\/div> \t\t\t\t\t\t\t\t\t\t\t\t\t\t\t\t\t\t\t\t\t\t\t\t\t\t\t\t\t\t\t\t<\/div>\n\t\t\t\t\t\t\t\t\t\t<div class=\"uael-timeline-arrow\"><\/div>\n\t\t\t\t\t\t\t\t\t<\/div>\n\t\t\t\t\t\t\t\t\t\t\t\t\t\t\t\t\t<\/div>\n\t\t\t\t\t\t\t<\/div>\n\t\t\t\t\t\t\t\t\t\t\t\t\t\t\t<div class=\"uael-timeline-date-new\">\n\t\t\t\t\t\t\t\t\t<div class=\"uael-date-new\"><div class=\"inner-date-new\"><div >1652.04.10<\/div><\/div>\n\t\t\t\t\t\t\t\t\t<\/div>\n\t\t\t\t\t\t\t\t<\/div>\n\t\t\t\t\t\t\t\t\t\t\t\t\t<\/div>\n\t\t\t\t\t<\/div>\n\t\t\t\t\t\t\t\t\t\t\t\t\t\t\t\t\t<div class=\"elementor-repeater-item-b24c4cc uael-timeline-field animate-border out-view\">\n\t\t\t\t\t\t<div class=\"uael-timeline-widget uael-timeline-right\">\n\t\t\t\t\t\t\t<div class=\"uael-timeline-marker\">\n\t\t\t\t\t\t\t\t<span class=\"timeline-icon-new out-view-timeline-icon\">\n\t\t\t\t\t\t\t\t\t<i aria-hidden=\"true\" class=\"fa fa-calendar\"><\/i>\t\t\t\t\t\t\t\t<\/span>\n\t\t\t\t\t\t\t<\/div>\n\n\t\t\t\t\t\t\t<div class=\"uael-day-new uael-day-right\">\n\t\t\t\t\t\t\t\t<div class=\"uael-events-new\">\n\t\t\t\t\t\t\t\t\t\t\t\t\t\t\t\t\t\t<div class=\"uael-events-inner-new\">\n\t\t\t\t\t\t\t\t\t\t\t\t\t\t\t\t\t\t\t\t\t<div class=\"uael-timeline-date-hide uael-date-inner\"><div class=\"inner-date-new\"><p >1664.08.11<\/p><\/div>\n\t\t\t\t\t\t\t\t\t\t\t<\/div>\n\t\t\t\t\t\t\t\t\t\t\t\t\t\t\t\t\t\t\t\t<div class=\"uael-content\">\n\t\t\t\t\t\t\t\t\t\t\t\t\t\t\t\t\t\t\t\t\t\t\t\t\t\t\t\t\t\t\t\t\t\t\t\t\t\t\t\t\t\t\t\t\t\t\t\t\t\t\t\t\t\t\t\t\t\t\t\t\t\t\t\t\t\t\t<div class=\"uael-timeline-desc-content\">The local economy is based on agriculture and the ceramic industry. Its infrastructure consequently adapts to the same. The Lord of Manises rents the mill and stipulates the shifts for grinding wheat and varnish, likewise, establishing the lean periods when flour takes precedence. <\/div> \t\t\t\t\t\t\t\t\t\t\t\t\t\t\t\t\t\t\t\t\t\t\t\t\t\t\t\t\t\t\t\t<\/div>\n\t\t\t\t\t\t\t\t\t\t<div class=\"uael-timeline-arrow\"><\/div>\n\t\t\t\t\t\t\t\t\t<\/div>\n\t\t\t\t\t\t\t\t\t\t\t\t\t\t\t\t\t<\/div>\n\t\t\t\t\t\t\t<\/div>\n\t\t\t\t\t\t\t\t\t\t\t\t\t\t\t<div class=\"uael-timeline-date-new\">\n\t\t\t\t\t\t\t\t\t<div class=\"uael-date-new\"><div class=\"inner-date-new\"><div >1664.08.11<\/div><\/div>\n\t\t\t\t\t\t\t\t\t<\/div>\n\t\t\t\t\t\t\t\t<\/div>\n\t\t\t\t\t\t\t\t\t\t\t\t\t<\/div>\n\t\t\t\t\t<\/div>\n\t\t\t\t\t\t\t\t\t\t\t\t\t\t\t\t\t<div class=\"elementor-repeater-item-3dce0ef uael-timeline-field animate-border out-view\">\n\t\t\t\t\t\t<div class=\"uael-timeline-widget uael-timeline-left\">\n\t\t\t\t\t\t\t<div class=\"uael-timeline-marker\">\n\t\t\t\t\t\t\t\t<span class=\"timeline-icon-new out-view-timeline-icon\">\n\t\t\t\t\t\t\t\t\t<i aria-hidden=\"true\" class=\"fa fa-calendar\"><\/i>\t\t\t\t\t\t\t\t<\/span>\n\t\t\t\t\t\t\t<\/div>\n\n\t\t\t\t\t\t\t<div class=\"uael-day-new uael-day-left\">\n\t\t\t\t\t\t\t\t<div class=\"uael-events-new\">\n\t\t\t\t\t\t\t\t\t\t\t\t\t\t\t\t\t\t<div class=\"uael-events-inner-new\">\n\t\t\t\t\t\t\t\t\t\t\t\t\t\t\t\t\t\t\t\t\t<div class=\"uael-timeline-date-hide uael-date-inner\"><div class=\"inner-date-new\"><p >1685.12.19<\/p><\/div>\n\t\t\t\t\t\t\t\t\t\t\t<\/div>\n\t\t\t\t\t\t\t\t\t\t\t\t\t\t\t\t\t\t\t\t<div class=\"uael-content\">\n\t\t\t\t\t\t\t\t\t\t\t\t\t\t\t\t\t\t\t\t\t\t\t\t\t\t\t\t\t\t\t\t\t\t\t\t\t\t\t\t\t\t\t\t\t\t\t\t\t\t\t\t\t\t\t\t\t\t\t\t\t\t\t\t\t\t\t<div class=\"uael-timeline-desc-content\">Following a complaint by the guild of potters of Manises, who believed that the prices set a month earlier for their lustreware had not been fairly estimated, the juries of the city of Valencia resolved to raise their value by an average 30%.<\/div> \t\t\t\t\t\t\t\t\t\t\t\t\t\t\t\t\t\t\t\t\t\t\t\t\t\t\t\t\t\t\t\t<\/div>\n\t\t\t\t\t\t\t\t\t\t<div class=\"uael-timeline-arrow\"><\/div>\n\t\t\t\t\t\t\t\t\t<\/div>\n\t\t\t\t\t\t\t\t\t\t\t\t\t\t\t\t\t<\/div>\n\t\t\t\t\t\t\t<\/div>\n\t\t\t\t\t\t\t\t\t\t\t\t\t\t\t<div class=\"uael-timeline-date-new\">\n\t\t\t\t\t\t\t\t\t<div class=\"uael-date-new\"><div class=\"inner-date-new\"><div >1685.12.19<\/div><\/div>\n\t\t\t\t\t\t\t\t\t<\/div>\n\t\t\t\t\t\t\t\t<\/div>\n\t\t\t\t\t\t\t\t\t\t\t\t\t<\/div>\n\t\t\t\t\t<\/div>\n\t\t\t\t\t\t\t\t\t\t\t\t\t\t\t\t\t<div class=\"elementor-repeater-item-c200fd6 uael-timeline-field animate-border out-view\">\n\t\t\t\t\t\t<div class=\"uael-timeline-widget uael-timeline-right\">\n\t\t\t\t\t\t\t<div class=\"uael-timeline-marker\">\n\t\t\t\t\t\t\t\t<span class=\"timeline-icon-new out-view-timeline-icon\">\n\t\t\t\t\t\t\t\t\t<i aria-hidden=\"true\" class=\"fa fa-calendar\"><\/i>\t\t\t\t\t\t\t\t<\/span>\n\t\t\t\t\t\t\t<\/div>\n\n\t\t\t\t\t\t\t<div class=\"uael-day-new uael-day-right\">\n\t\t\t\t\t\t\t\t<div class=\"uael-events-new\">\n\t\t\t\t\t\t\t\t\t\t\t\t\t\t\t\t\t\t<div class=\"uael-events-inner-new\">\n\t\t\t\t\t\t\t\t\t\t\t\t\t\t\t\t\t\t\t\t\t<div class=\"uael-timeline-date-hide uael-date-inner\"><div class=\"inner-date-new\"><p >1739<\/p><\/div>\n\t\t\t\t\t\t\t\t\t\t\t<\/div>\n\t\t\t\t\t\t\t\t\t\t\t\t\t\t\t\t\t\t\t\t<div class=\"uael-content\">\n\t\t\t\t\t\t\t\t\t\t\t\t\t\t\t\t\t\t\t\t\t\t\t\t\t\t\t\t\t\t\t\t\t\t\t\t\t\t\t\t\t\t\t\t\t\t\t\t\t\t\t\t\t\t\t\t\t\t\t\t\t\t\t\t\t\t\t<div class=\"uael-timeline-desc-content\">The first known attempt to establish a private monopoly, with the backing of the Marquis of La Scala and the Guild\u2019s opposition, to market all ceramic production of Manises. A year later, the Royal Board of Commerce found in favour of the Guild.<\/div> \t\t\t\t\t\t\t\t\t\t\t\t\t\t\t\t\t\t\t\t\t\t\t\t\t\t\t\t\t\t\t\t<\/div>\n\t\t\t\t\t\t\t\t\t\t<div class=\"uael-timeline-arrow\"><\/div>\n\t\t\t\t\t\t\t\t\t<\/div>\n\t\t\t\t\t\t\t\t\t\t\t\t\t\t\t\t\t<\/div>\n\t\t\t\t\t\t\t<\/div>\n\t\t\t\t\t\t\t\t\t\t\t\t\t\t\t<div class=\"uael-timeline-date-new\">\n\t\t\t\t\t\t\t\t\t<div class=\"uael-date-new\"><div class=\"inner-date-new\"><div >1739<\/div><\/div>\n\t\t\t\t\t\t\t\t\t<\/div>\n\t\t\t\t\t\t\t\t<\/div>\n\t\t\t\t\t\t\t\t\t\t\t\t\t<\/div>\n\t\t\t\t\t<\/div>\n\t\t\t\t\t\t\t\t\t\t\t\t\t\t\t\t\t<div class=\"elementor-repeater-item-fef8c07 uael-timeline-field animate-border out-view\">\n\t\t\t\t\t\t<div class=\"uael-timeline-widget uael-timeline-left\">\n\t\t\t\t\t\t\t<div class=\"uael-timeline-marker\">\n\t\t\t\t\t\t\t\t<span class=\"timeline-icon-new out-view-timeline-icon\">\n\t\t\t\t\t\t\t\t\t<i aria-hidden=\"true\" class=\"fa fa-calendar\"><\/i>\t\t\t\t\t\t\t\t<\/span>\n\t\t\t\t\t\t\t<\/div>\n\n\t\t\t\t\t\t\t<div class=\"uael-day-new uael-day-left\">\n\t\t\t\t\t\t\t\t<div class=\"uael-events-new\">\n\t\t\t\t\t\t\t\t\t\t\t\t\t\t\t\t\t\t<div class=\"uael-events-inner-new\">\n\t\t\t\t\t\t\t\t\t\t\t\t\t\t\t\t\t\t\t\t\t<div class=\"uael-timeline-date-hide uael-date-inner\"><div class=\"inner-date-new\"><p >1749. 06.09<\/p><\/div>\n\t\t\t\t\t\t\t\t\t\t\t<\/div>\n\t\t\t\t\t\t\t\t\t\t\t\t\t\t\t\t\t\t\t\t<div class=\"uael-content\">\n\t\t\t\t\t\t\t\t\t\t\t\t\t\t\t\t\t\t\t\t\t\t\t\t\t\t\t\t\t\t\t\t\t\t\t\t\t\t\t\t\t\t\t\t\t\t\t\t\t\t\t\t\t\t\t\t\t\t\t\t\t\t\t\t\t\t\t<div class=\"uael-timeline-desc-content\">King Ferdinand VI approves the new Ordinances of the \u00abGuild of the manufacturers of blue and lustre ware\u00bb of the town of Manises. Among the modifications relating to the communal practice of the trade, Saints Justa and Rufina are chosen as patron saints. <\/div> \t\t\t\t\t\t\t\t\t\t\t\t\t\t\t\t\t\t\t\t\t\t\t\t\t\t\t\t\t\t\t\t<\/div>\n\t\t\t\t\t\t\t\t\t\t<div class=\"uael-timeline-arrow\"><\/div>\n\t\t\t\t\t\t\t\t\t<\/div>\n\t\t\t\t\t\t\t\t\t\t\t\t\t\t\t\t\t<\/div>\n\t\t\t\t\t\t\t<\/div>\n\t\t\t\t\t\t\t\t\t\t\t\t\t\t\t<div class=\"uael-timeline-date-new\">\n\t\t\t\t\t\t\t\t\t<div class=\"uael-date-new\"><div class=\"inner-date-new\"><div >1749. 06.09<\/div><\/div>\n\t\t\t\t\t\t\t\t\t<\/div>\n\t\t\t\t\t\t\t\t<\/div>\n\t\t\t\t\t\t\t\t\t\t\t\t\t<\/div>\n\t\t\t\t\t<\/div>\n\t\t\t\t\t\t\t\t\t\t\t\t\t\t\t\t\t<div class=\"elementor-repeater-item-de4ca00 uael-timeline-field animate-border out-view\">\n\t\t\t\t\t\t<div class=\"uael-timeline-widget uael-timeline-right\">\n\t\t\t\t\t\t\t<div class=\"uael-timeline-marker\">\n\t\t\t\t\t\t\t\t<span class=\"timeline-icon-new out-view-timeline-icon\">\n\t\t\t\t\t\t\t\t\t<i aria-hidden=\"true\" class=\"fa fa-calendar\"><\/i>\t\t\t\t\t\t\t\t<\/span>\n\t\t\t\t\t\t\t<\/div>\n\n\t\t\t\t\t\t\t<div class=\"uael-day-new uael-day-right\">\n\t\t\t\t\t\t\t\t<div class=\"uael-events-new\">\n\t\t\t\t\t\t\t\t\t\t\t\t\t\t\t\t\t\t<div class=\"uael-events-inner-new\">\n\t\t\t\t\t\t\t\t\t\t\t\t\t\t\t\t\t\t\t\t\t<div class=\"uael-timeline-date-hide uael-date-inner\"><div class=\"inner-date-new\"><p >1751.08.14<\/p><\/div>\n\t\t\t\t\t\t\t\t\t\t\t<\/div>\n\t\t\t\t\t\t\t\t\t\t\t\t\t\t\t\t\t\t\t\t<div class=\"uael-content\">\n\t\t\t\t\t\t\t\t\t\t\t\t\t\t\t\t\t\t\t\t\t\t\t\t\t\t\t\t\t\t\t\t\t\t\t\t\t\t\t\t\t\t\t\t\t\t\t\t\t\t\t\t\t\t\t\t\t\t\t\t\t\t\t\t\t\t\t<div class=\"uael-timeline-desc-content\">With the solemn transfer of the Sacred Sacrament from the old temple, the new Church of Saint John the Baptist is officially opened. Its exterior is unique and brilliant thanks to lustreware-lined roofs of its transept and dome. <\/div> \t\t\t\t\t\t\t\t\t\t\t\t\t\t\t\t\t\t\t\t\t\t\t\t\t\t\t\t\t\t\t\t<\/div>\n\t\t\t\t\t\t\t\t\t\t<div class=\"uael-timeline-arrow\"><\/div>\n\t\t\t\t\t\t\t\t\t<\/div>\n\t\t\t\t\t\t\t\t\t\t\t\t\t\t\t\t\t<\/div>\n\t\t\t\t\t\t\t<\/div>\n\t\t\t\t\t\t\t\t\t\t\t\t\t\t\t<div class=\"uael-timeline-date-new\">\n\t\t\t\t\t\t\t\t\t<div class=\"uael-date-new\"><div class=\"inner-date-new\"><div >1751.08.14<\/div><\/div>\n\t\t\t\t\t\t\t\t\t<\/div>\n\t\t\t\t\t\t\t\t<\/div>\n\t\t\t\t\t\t\t\t\t\t\t\t\t<\/div>\n\t\t\t\t\t<\/div>\n\t\t\t\t\t\t\t\t\t\t\t\t\t\t\t\t\t<div class=\"elementor-repeater-item-1222b85 uael-timeline-field animate-border out-view\">\n\t\t\t\t\t\t<div class=\"uael-timeline-widget uael-timeline-left\">\n\t\t\t\t\t\t\t<div class=\"uael-timeline-marker\">\n\t\t\t\t\t\t\t\t<span class=\"timeline-icon-new out-view-timeline-icon\">\n\t\t\t\t\t\t\t\t\t<i aria-hidden=\"true\" class=\"fa fa-calendar\"><\/i>\t\t\t\t\t\t\t\t<\/span>\n\t\t\t\t\t\t\t<\/div>\n\n\t\t\t\t\t\t\t<div class=\"uael-day-new uael-day-left\">\n\t\t\t\t\t\t\t\t<div class=\"uael-events-new\">\n\t\t\t\t\t\t\t\t\t\t\t\t\t\t\t\t\t\t<div class=\"uael-events-inner-new\">\n\t\t\t\t\t\t\t\t\t\t\t\t\t\t\t\t\t\t\t\t\t<div class=\"uael-timeline-date-hide uael-date-inner\"><div class=\"inner-date-new\"><p >1786<\/p><\/div>\n\t\t\t\t\t\t\t\t\t\t\t<\/div>\n\t\t\t\t\t\t\t\t\t\t\t\t\t\t\t\t\t\t\t\t<div class=\"uael-content\">\n\t\t\t\t\t\t\t\t\t\t\t\t\t\t\t\t\t\t\t\t\t\t\t\t\t\t\t\t\t\t\t\t\t\t\t\t\t\t\t\t\t\t\t\t\t\t\t\t\t\t\t\t\t\t\t\t\t\t\t\t\t\t\t\t\t\t\t<div class=\"uael-timeline-desc-content\">Vicente Morera, a trader from Valencia, sets up a factory in the Barri dels Obradors for producing Alcora-style fine chinaware; certifying the start in Manises of the production of polychrome ceramics and the decline of the total control of power formerly held by the Potters\u2019 Guild.<\/div> \t\t\t\t\t\t\t\t\t\t\t\t\t\t\t\t\t\t\t\t\t\t\t\t\t\t\t\t\t\t\t\t<\/div>\n\t\t\t\t\t\t\t\t\t\t<div class=\"uael-timeline-arrow\"><\/div>\n\t\t\t\t\t\t\t\t\t<\/div>\n\t\t\t\t\t\t\t\t\t\t\t\t\t\t\t\t\t<\/div>\n\t\t\t\t\t\t\t<\/div>\n\t\t\t\t\t\t\t\t\t\t\t\t\t\t\t<div class=\"uael-timeline-date-new\">\n\t\t\t\t\t\t\t\t\t<div class=\"uael-date-new\"><div class=\"inner-date-new\"><div >1786<\/div><\/div>\n\t\t\t\t\t\t\t\t\t<\/div>\n\t\t\t\t\t\t\t\t<\/div>\n\t\t\t\t\t\t\t\t\t\t\t\t\t<\/div>\n\t\t\t\t\t<\/div>\n\t\t\t\t\t\t\t\t\t\t\t\t\t\t\t\t\t<div class=\"elementor-repeater-item-83e4b41 uael-timeline-field animate-border out-view\">\n\t\t\t\t\t\t<div class=\"uael-timeline-widget uael-timeline-right\">\n\t\t\t\t\t\t\t<div class=\"uael-timeline-marker\">\n\t\t\t\t\t\t\t\t<span class=\"timeline-icon-new out-view-timeline-icon\">\n\t\t\t\t\t\t\t\t\t<i aria-hidden=\"true\" class=\"fa fa-calendar\"><\/i>\t\t\t\t\t\t\t\t<\/span>\n\t\t\t\t\t\t\t<\/div>\n\n\t\t\t\t\t\t\t<div class=\"uael-day-new uael-day-right\">\n\t\t\t\t\t\t\t\t<div class=\"uael-events-new\">\n\t\t\t\t\t\t\t\t\t\t\t\t\t\t\t\t\t\t<div class=\"uael-events-inner-new\">\n\t\t\t\t\t\t\t\t\t\t\t\t\t\t\t\t\t\t\t\t\t<div class=\"uael-timeline-date-hide uael-date-inner\"><div class=\"inner-date-new\"><p >1808.06.27<\/p><\/div>\n\t\t\t\t\t\t\t\t\t\t\t<\/div>\n\t\t\t\t\t\t\t\t\t\t\t\t\t\t\t\t\t\t\t\t<div class=\"uael-content\">\n\t\t\t\t\t\t\t\t\t\t\t\t\t\t\t\t\t\t\t\t\t\t\t\t\t\t\t\t\t\t\t\t\t\t\t\t\t\t\t\t\t\t\t\t\t\t\t\t\t\t\t\t\t\t\t\t\t\t\t\t\t\t\t\t\t\t\t<div class=\"uael-timeline-desc-content\">Following their failure to take Valencia,  the Napoleonic troops spent the night in   Manises, causing significant damage. As well as attacking the City Hall and other civil buildings, they assassinated 36 residents, among them, the Mayor,  and 3 ceramic factory owners. <\/div> \t\t\t\t\t\t\t\t\t\t\t\t\t\t\t\t\t\t\t\t\t\t\t\t\t\t\t\t\t\t\t\t<\/div>\n\t\t\t\t\t\t\t\t\t\t<div class=\"uael-timeline-arrow\"><\/div>\n\t\t\t\t\t\t\t\t\t<\/div>\n\t\t\t\t\t\t\t\t\t\t\t\t\t\t\t\t\t<\/div>\n\t\t\t\t\t\t\t<\/div>\n\t\t\t\t\t\t\t\t\t\t\t\t\t\t\t<div class=\"uael-timeline-date-new\">\n\t\t\t\t\t\t\t\t\t<div class=\"uael-date-new\"><div class=\"inner-date-new\"><div >1808.06.27<\/div><\/div>\n\t\t\t\t\t\t\t\t\t<\/div>\n\t\t\t\t\t\t\t\t<\/div>\n\t\t\t\t\t\t\t\t\t\t\t\t\t<\/div>\n\t\t\t\t\t<\/div>\n\t\t\t\t\t\t\t\t\t\t\t\t\t\t\t\t\t<div class=\"elementor-repeater-item-63a4bfb uael-timeline-field animate-border out-view\">\n\t\t\t\t\t\t<div class=\"uael-timeline-widget uael-timeline-left\">\n\t\t\t\t\t\t\t<div class=\"uael-timeline-marker\">\n\t\t\t\t\t\t\t\t<span class=\"timeline-icon-new out-view-timeline-icon\">\n\t\t\t\t\t\t\t\t\t<i aria-hidden=\"true\" class=\"fa fa-calendar\"><\/i>\t\t\t\t\t\t\t\t<\/span>\n\t\t\t\t\t\t\t<\/div>\n\n\t\t\t\t\t\t\t<div class=\"uael-day-new uael-day-left\">\n\t\t\t\t\t\t\t\t<div class=\"uael-events-new\">\n\t\t\t\t\t\t\t\t\t\t\t\t\t\t\t\t\t\t<div class=\"uael-events-inner-new\">\n\t\t\t\t\t\t\t\t\t\t\t\t\t\t\t\t\t\t\t\t\t<div class=\"uael-timeline-date-hide uael-date-inner\"><div class=\"inner-date-new\"><p >1829<\/p><\/div>\n\t\t\t\t\t\t\t\t\t\t\t<\/div>\n\t\t\t\t\t\t\t\t\t\t\t\t\t\t\t\t\t\t\t\t<div class=\"uael-content\">\n\t\t\t\t\t\t\t\t\t\t\t\t\t\t\t\t\t\t\t\t\t\t\t\t\t\t\t\t\t\t\t\t\t\t\t\t\t\t\t\t\t\t\t\t\t\t\t\t\t\t\t\t\t\t\t\t\t\t\t\t\t\t\t\t\t\t\t<div class=\"uael-timeline-desc-content\">At the awards ceremony organised by the Royal Economic Society of the Friends of Valencia in order to boost local industry, Francisco Gallego is awarded the Silver Medal for his white porcelain coffee set with golden decoration \u00abtypical of his factory in Manises\u00bb.<\/div> \t\t\t\t\t\t\t\t\t\t\t\t\t\t\t\t\t\t\t\t\t\t\t\t\t\t\t\t\t\t\t\t<\/div>\n\t\t\t\t\t\t\t\t\t\t<div class=\"uael-timeline-arrow\"><\/div>\n\t\t\t\t\t\t\t\t\t<\/div>\n\t\t\t\t\t\t\t\t\t\t\t\t\t\t\t\t\t<\/div>\n\t\t\t\t\t\t\t<\/div>\n\t\t\t\t\t\t\t\t\t\t\t\t\t\t\t<div class=\"uael-timeline-date-new\">\n\t\t\t\t\t\t\t\t\t<div class=\"uael-date-new\"><div class=\"inner-date-new\"><div >1829<\/div><\/div>\n\t\t\t\t\t\t\t\t\t<\/div>\n\t\t\t\t\t\t\t\t<\/div>\n\t\t\t\t\t\t\t\t\t\t\t\t\t<\/div>\n\t\t\t\t\t<\/div>\n\t\t\t\t\t\t\t\t\t\t\t\t\t\t\t\t\t<div class=\"elementor-repeater-item-0c2b331 uael-timeline-field animate-border out-view\">\n\t\t\t\t\t\t<div class=\"uael-timeline-widget uael-timeline-right\">\n\t\t\t\t\t\t\t<div class=\"uael-timeline-marker\">\n\t\t\t\t\t\t\t\t<span class=\"timeline-icon-new out-view-timeline-icon\">\n\t\t\t\t\t\t\t\t\t<i aria-hidden=\"true\" class=\"fa fa-calendar\"><\/i>\t\t\t\t\t\t\t\t<\/span>\n\t\t\t\t\t\t\t<\/div>\n\n\t\t\t\t\t\t\t<div class=\"uael-day-new uael-day-right\">\n\t\t\t\t\t\t\t\t<div class=\"uael-events-new\">\n\t\t\t\t\t\t\t\t\t\t\t\t\t\t\t\t\t\t<div class=\"uael-events-inner-new\">\n\t\t\t\t\t\t\t\t\t\t\t\t\t\t\t\t\t\t\t\t\t<div class=\"uael-timeline-date-hide uael-date-inner\"><div class=\"inner-date-new\"><p >1840<\/p><\/div>\n\t\t\t\t\t\t\t\t\t\t\t<\/div>\n\t\t\t\t\t\t\t\t\t\t\t\t\t\t\t\t\t\t\t\t<div class=\"uael-content\">\n\t\t\t\t\t\t\t\t\t\t\t\t\t\t\t\t\t\t\t\t\t\t\t\t\t\t\t\t\t\t\t\t\t\t\t\t\t\t\t\t\t\t\t\t\t\t\t\t\t\t\t\t\t\t\t\t\t\t\t\t\t\t\t\t\t\t\t<div class=\"uael-timeline-desc-content\">Valent\u00edn Cars\u00ed starts the production of fired clay prefabricated elements in Manises for their use in building. According to the La Esperanza newspaper, the ceramic balusters that were fitted in the new market in Valencia are a product of the same.<\/div> \t\t\t\t\t\t\t\t\t\t\t\t\t\t\t\t\t\t\t\t\t\t\t\t\t\t\t\t\t\t\t\t<\/div>\n\t\t\t\t\t\t\t\t\t\t<div class=\"uael-timeline-arrow\"><\/div>\n\t\t\t\t\t\t\t\t\t<\/div>\n\t\t\t\t\t\t\t\t\t\t\t\t\t\t\t\t\t<\/div>\n\t\t\t\t\t\t\t<\/div>\n\t\t\t\t\t\t\t\t\t\t\t\t\t\t\t<div class=\"uael-timeline-date-new\">\n\t\t\t\t\t\t\t\t\t<div class=\"uael-date-new\"><div class=\"inner-date-new\"><div >1840<\/div><\/div>\n\t\t\t\t\t\t\t\t\t<\/div>\n\t\t\t\t\t\t\t\t<\/div>\n\t\t\t\t\t\t\t\t\t\t\t\t\t<\/div>\n\t\t\t\t\t<\/div>\n\t\t\t\t\t\t\t\t\t\t\t\t\t\t\t\t\t<div class=\"elementor-repeater-item-d69de60 uael-timeline-field animate-border out-view\">\n\t\t\t\t\t\t<div class=\"uael-timeline-widget uael-timeline-left\">\n\t\t\t\t\t\t\t<div class=\"uael-timeline-marker\">\n\t\t\t\t\t\t\t\t<span class=\"timeline-icon-new out-view-timeline-icon\">\n\t\t\t\t\t\t\t\t\t<i aria-hidden=\"true\" class=\"fa fa-calendar\"><\/i>\t\t\t\t\t\t\t\t<\/span>\n\t\t\t\t\t\t\t<\/div>\n\n\t\t\t\t\t\t\t<div class=\"uael-day-new uael-day-left\">\n\t\t\t\t\t\t\t\t<div class=\"uael-events-new\">\n\t\t\t\t\t\t\t\t\t\t\t\t\t\t\t\t\t\t<div class=\"uael-events-inner-new\">\n\t\t\t\t\t\t\t\t\t\t\t\t\t\t\t\t\t\t\t\t\t<div class=\"uael-timeline-date-hide uael-date-inner\"><div class=\"inner-date-new\"><p >1850.11.19<\/p><\/div>\n\t\t\t\t\t\t\t\t\t\t\t<\/div>\n\t\t\t\t\t\t\t\t\t\t\t\t\t\t\t\t\t\t\t\t<div class=\"uael-content\">\n\t\t\t\t\t\t\t\t\t\t\t\t\t\t\t\t\t\t\t\t\t\t\t\t\t\t\t\t\t\t\t\t\t\t\t\t\t\t\t\t\t\t\t\t\t\t\t\t\t\t\t\t\t\t\t\t\t\t\t\t\t\t\t\t\t\t\t<div class=\"uael-timeline-desc-content\">The filters used to supply drinking water to the city of Valencia come into operation. Located in the partida del Calvario (nowadays, Avda. dels Tramvies), new ceramic industries would subsequently spring up around them: Avi\u00f1\u00f3, Mora, Huerta&#8230; <\/div> \t\t\t\t\t\t\t\t\t\t\t\t\t\t\t\t\t\t\t\t\t\t\t\t\t\t\t\t\t\t\t\t<\/div>\n\t\t\t\t\t\t\t\t\t\t<div class=\"uael-timeline-arrow\"><\/div>\n\t\t\t\t\t\t\t\t\t<\/div>\n\t\t\t\t\t\t\t\t\t\t\t\t\t\t\t\t\t<\/div>\n\t\t\t\t\t\t\t<\/div>\n\t\t\t\t\t\t\t\t\t\t\t\t\t\t\t<div class=\"uael-timeline-date-new\">\n\t\t\t\t\t\t\t\t\t<div class=\"uael-date-new\"><div class=\"inner-date-new\"><div >1850.11.19<\/div><\/div>\n\t\t\t\t\t\t\t\t\t<\/div>\n\t\t\t\t\t\t\t\t<\/div>\n\t\t\t\t\t\t\t\t\t\t\t\t\t<\/div>\n\t\t\t\t\t<\/div>\n\t\t\t\t\t\t\t\t\t\t\t\t\t\t\t\t\t<div class=\"elementor-repeater-item-48d4c68 uael-timeline-field animate-border out-view\">\n\t\t\t\t\t\t<div class=\"uael-timeline-widget uael-timeline-right\">\n\t\t\t\t\t\t\t<div class=\"uael-timeline-marker\">\n\t\t\t\t\t\t\t\t<span class=\"timeline-icon-new out-view-timeline-icon\">\n\t\t\t\t\t\t\t\t\t<i aria-hidden=\"true\" class=\"fa fa-calendar\"><\/i>\t\t\t\t\t\t\t\t<\/span>\n\t\t\t\t\t\t\t<\/div>\n\n\t\t\t\t\t\t\t<div class=\"uael-day-new uael-day-right\">\n\t\t\t\t\t\t\t\t<div class=\"uael-events-new\">\n\t\t\t\t\t\t\t\t\t\t\t\t\t\t\t\t\t\t<div class=\"uael-events-inner-new\">\n\t\t\t\t\t\t\t\t\t\t\t\t\t\t\t\t\t\t\t\t\t<div class=\"uael-timeline-date-hide uael-date-inner\"><div class=\"inner-date-new\"><p >1851<\/p><\/div>\n\t\t\t\t\t\t\t\t\t\t\t<\/div>\n\t\t\t\t\t\t\t\t\t\t\t\t\t\t\t\t\t\t\t\t<div class=\"uael-content\">\n\t\t\t\t\t\t\t\t\t\t\t\t\t\t\t\t\t\t\t\t\t\t\t\t\t\t\t\t\t\t\t\t\t\t\t\t\t\t\t\t\t\t\t\t\t\t\t\t\t\t\t\t\t\t\t\t\t\t\t\t\t\t\t\t\t\t\t<div class=\"uael-timeline-desc-content\">With \u00absome pieces of Manises lustreware\u00bb, Juan Bautista Casany Folgado is the only manufacturer of earthenware to participate in the Public Exhibition promoted by the Royal Economic Society of Friends of Valencia.<\/div> \t\t\t\t\t\t\t\t\t\t\t\t\t\t\t\t\t\t\t\t\t\t\t\t\t\t\t\t\t\t\t\t<\/div>\n\t\t\t\t\t\t\t\t\t\t<div class=\"uael-timeline-arrow\"><\/div>\n\t\t\t\t\t\t\t\t\t<\/div>\n\t\t\t\t\t\t\t\t\t\t\t\t\t\t\t\t\t<\/div>\n\t\t\t\t\t\t\t<\/div>\n\t\t\t\t\t\t\t\t\t\t\t\t\t\t\t<div class=\"uael-timeline-date-new\">\n\t\t\t\t\t\t\t\t\t<div class=\"uael-date-new\"><div class=\"inner-date-new\"><div >1851<\/div><\/div>\n\t\t\t\t\t\t\t\t\t<\/div>\n\t\t\t\t\t\t\t\t<\/div>\n\t\t\t\t\t\t\t\t\t\t\t\t\t<\/div>\n\t\t\t\t\t<\/div>\n\t\t\t\t\t\t\t\t\t\t\t\t\t\t\t\t\t<div class=\"elementor-repeater-item-761c612 uael-timeline-field animate-border out-view\">\n\t\t\t\t\t\t<div class=\"uael-timeline-widget uael-timeline-left\">\n\t\t\t\t\t\t\t<div class=\"uael-timeline-marker\">\n\t\t\t\t\t\t\t\t<span class=\"timeline-icon-new out-view-timeline-icon\">\n\t\t\t\t\t\t\t\t\t<i aria-hidden=\"true\" class=\"fa fa-calendar\"><\/i>\t\t\t\t\t\t\t\t<\/span>\n\t\t\t\t\t\t\t<\/div>\n\n\t\t\t\t\t\t\t<div class=\"uael-day-new uael-day-left\">\n\t\t\t\t\t\t\t\t<div class=\"uael-events-new\">\n\t\t\t\t\t\t\t\t\t\t\t\t\t\t\t\t\t\t<div class=\"uael-events-inner-new\">\n\t\t\t\t\t\t\t\t\t\t\t\t\t\t\t\t\t\t\t\t\t<div class=\"uael-timeline-date-hide uael-date-inner\"><div class=\"inner-date-new\"><p >1851<\/p><\/div>\n\t\t\t\t\t\t\t\t\t\t\t<\/div>\n\t\t\t\t\t\t\t\t\t\t\t\t\t\t\t\t\t\t\t\t<div class=\"uael-content\">\n\t\t\t\t\t\t\t\t\t\t\t\t\t\t\t\t\t\t\t\t\t\t\t\t\t\t\t\t\t\t\t\t\t\t\t\t\t\t\t\t\t\t\t\t\t\t\t\t\t\t\t\t\t\t\t\t\t\t\t\t\t\t\t\t\t\t\t<div class=\"uael-timeline-desc-content\">Rafael Gonz\u00e1lez Valls, owner of 4 tile factories -three in Valencia and one in Manises- takes part in the Great Exhibition in London. For Manises, the factory was decisive for resuming the production of tiles, which had not taken place since the seventeenth century.<\/div> \t\t\t\t\t\t\t\t\t\t\t\t\t\t\t\t\t\t\t\t\t\t\t\t\t\t\t\t\t\t\t\t<\/div>\n\t\t\t\t\t\t\t\t\t\t<div class=\"uael-timeline-arrow\"><\/div>\n\t\t\t\t\t\t\t\t\t<\/div>\n\t\t\t\t\t\t\t\t\t\t\t\t\t\t\t\t\t<\/div>\n\t\t\t\t\t\t\t<\/div>\n\t\t\t\t\t\t\t\t\t\t\t\t\t\t\t<div class=\"uael-timeline-date-new\">\n\t\t\t\t\t\t\t\t\t<div class=\"uael-date-new\"><div class=\"inner-date-new\"><div >1851<\/div><\/div>\n\t\t\t\t\t\t\t\t\t<\/div>\n\t\t\t\t\t\t\t\t<\/div>\n\t\t\t\t\t\t\t\t\t\t\t\t\t<\/div>\n\t\t\t\t\t<\/div>\n\t\t\t\t\t\t\t\t\t\t\t\t\t\t\t\t\t<div class=\"elementor-repeater-item-4970e8b uael-timeline-field animate-border out-view\">\n\t\t\t\t\t\t<div class=\"uael-timeline-widget uael-timeline-right\">\n\t\t\t\t\t\t\t<div class=\"uael-timeline-marker\">\n\t\t\t\t\t\t\t\t<span class=\"timeline-icon-new out-view-timeline-icon\">\n\t\t\t\t\t\t\t\t\t<i aria-hidden=\"true\" class=\"fa fa-calendar\"><\/i>\t\t\t\t\t\t\t\t<\/span>\n\t\t\t\t\t\t\t<\/div>\n\n\t\t\t\t\t\t\t<div class=\"uael-day-new uael-day-right\">\n\t\t\t\t\t\t\t\t<div class=\"uael-events-new\">\n\t\t\t\t\t\t\t\t\t\t\t\t\t\t\t\t\t\t<div class=\"uael-events-inner-new\">\n\t\t\t\t\t\t\t\t\t\t\t\t\t\t\t\t\t\t\t\t\t<div class=\"uael-timeline-date-hide uael-date-inner\"><div class=\"inner-date-new\"><p >1876<\/p><\/div>\n\t\t\t\t\t\t\t\t\t\t\t<\/div>\n\t\t\t\t\t\t\t\t\t\t\t\t\t\t\t\t\t\t\t\t<div class=\"uael-content\">\n\t\t\t\t\t\t\t\t\t\t\t\t\t\t\t\t\t\t\t\t\t\t\t\t\t\t\t\t\t\t\t\t\t\t\t\t\t\t\t\t\t\t\t\t\t\t\t\t\t\t\t\t\t\t\t\t\t\t\t\t\t\t\t\t\t\t\t<div class=\"uael-timeline-desc-content\">Salvador D\u00edez Catalu\u00f1a, manufacturer of Manises faience, takes part in the International Exhibition of Philadelphia, held in the city to commemorate the centenary of the independence of the United States of America [Daily on Families and Notices and News from Madrid. No. 6,692, Madrid, 01.04.1876, p. 3.]<\/div> \t\t\t\t\t\t\t\t\t\t\t\t\t\t\t\t\t\t\t\t\t\t\t\t\t\t\t\t\t\t\t\t<\/div>\n\t\t\t\t\t\t\t\t\t\t<div class=\"uael-timeline-arrow\"><\/div>\n\t\t\t\t\t\t\t\t\t<\/div>\n\t\t\t\t\t\t\t\t\t\t\t\t\t\t\t\t\t<\/div>\n\t\t\t\t\t\t\t<\/div>\n\t\t\t\t\t\t\t\t\t\t\t\t\t\t\t<div class=\"uael-timeline-date-new\">\n\t\t\t\t\t\t\t\t\t<div class=\"uael-date-new\"><div class=\"inner-date-new\"><div >1876<\/div><\/div>\n\t\t\t\t\t\t\t\t\t<\/div>\n\t\t\t\t\t\t\t\t<\/div>\n\t\t\t\t\t\t\t\t\t\t\t\t\t<\/div>\n\t\t\t\t\t<\/div>\n\t\t\t\t\t\t\t\t\t\t\t\t\t\t\t\t\t<div class=\"elementor-repeater-item-8eb0921 uael-timeline-field animate-border out-view\">\n\t\t\t\t\t\t<div class=\"uael-timeline-widget uael-timeline-left\">\n\t\t\t\t\t\t\t<div class=\"uael-timeline-marker\">\n\t\t\t\t\t\t\t\t<span class=\"timeline-icon-new out-view-timeline-icon\">\n\t\t\t\t\t\t\t\t\t<i aria-hidden=\"true\" class=\"fa fa-calendar\"><\/i>\t\t\t\t\t\t\t\t<\/span>\n\t\t\t\t\t\t\t<\/div>\n\n\t\t\t\t\t\t\t<div class=\"uael-day-new uael-day-left\">\n\t\t\t\t\t\t\t\t<div class=\"uael-events-new\">\n\t\t\t\t\t\t\t\t\t\t\t\t\t\t\t\t\t\t<div class=\"uael-events-inner-new\">\n\t\t\t\t\t\t\t\t\t\t\t\t\t\t\t\t\t\t\t\t\t<div class=\"uael-timeline-date-hide uael-date-inner\"><div class=\"inner-date-new\"><p >1887<\/p><\/div>\n\t\t\t\t\t\t\t\t\t\t\t<\/div>\n\t\t\t\t\t\t\t\t\t\t\t\t\t\t\t\t\t\t\t\t<div class=\"uael-content\">\n\t\t\t\t\t\t\t\t\t\t\t\t\t\t\t\t\t\t\t\t\t\t\t\t\t\t\t\t\t\t\t\t\t\t\t\t\t\t\t\t\t\t\t\t\t\t\t\t\t\t\t\t\t\t\t\t\t\t\t\t\t\t\t\t\t\t\t<div class=\"uael-timeline-desc-content\">Juan Bautista Casany Folgado, the last specialist in lustreware still active in Manises at that time, is visited by architects Dom\u00e8nech i Montaner and Antoni Gaudi, all of whom were extremely interested in applying lustreware to their buildings.<\/div> \t\t\t\t\t\t\t\t\t\t\t\t\t\t\t\t\t\t\t\t\t\t\t\t\t\t\t\t\t\t\t\t<\/div>\n\t\t\t\t\t\t\t\t\t\t<div class=\"uael-timeline-arrow\"><\/div>\n\t\t\t\t\t\t\t\t\t<\/div>\n\t\t\t\t\t\t\t\t\t\t\t\t\t\t\t\t\t<\/div>\n\t\t\t\t\t\t\t<\/div>\n\t\t\t\t\t\t\t\t\t\t\t\t\t\t\t<div class=\"uael-timeline-date-new\">\n\t\t\t\t\t\t\t\t\t<div class=\"uael-date-new\"><div class=\"inner-date-new\"><div >1887<\/div><\/div>\n\t\t\t\t\t\t\t\t\t<\/div>\n\t\t\t\t\t\t\t\t<\/div>\n\t\t\t\t\t\t\t\t\t\t\t\t\t<\/div>\n\t\t\t\t\t<\/div>\n\t\t\t\t\t\t\t\t\t\t\t\t\t\t\t\t\t<div class=\"elementor-repeater-item-f314faa uael-timeline-field animate-border out-view\">\n\t\t\t\t\t\t<div class=\"uael-timeline-widget uael-timeline-right\">\n\t\t\t\t\t\t\t<div class=\"uael-timeline-marker\">\n\t\t\t\t\t\t\t\t<span class=\"timeline-icon-new out-view-timeline-icon\">\n\t\t\t\t\t\t\t\t\t<i aria-hidden=\"true\" class=\"fa fa-calendar\"><\/i>\t\t\t\t\t\t\t\t<\/span>\n\t\t\t\t\t\t\t<\/div>\n\n\t\t\t\t\t\t\t<div class=\"uael-day-new uael-day-right\">\n\t\t\t\t\t\t\t\t<div class=\"uael-events-new\">\n\t\t\t\t\t\t\t\t\t\t\t\t\t\t\t\t\t\t<div class=\"uael-events-inner-new\">\n\t\t\t\t\t\t\t\t\t\t\t\t\t\t\t\t\t\t\t\t\t<div class=\"uael-timeline-date-hide uael-date-inner\"><div class=\"inner-date-new\"><p >1888.10.30<\/p><\/div>\n\t\t\t\t\t\t\t\t\t\t\t<\/div>\n\t\t\t\t\t\t\t\t\t\t\t\t\t\t\t\t\t\t\t\t<div class=\"uael-content\">\n\t\t\t\t\t\t\t\t\t\t\t\t\t\t\t\t\t\t\t\t\t\t\t\t\t\t\t\t\t\t\t\t\t\t\t\t\t\t\t\t\t\t\t\t\t\t\t\t\t\t\t\t\t\t\t\t\t\t\t\t\t\t\t\t\t\t\t<div class=\"uael-timeline-desc-content\">The ceramics of the F\u00e9lix Vilar Hermanos factory are awarded the Silver Medal at Barcelona\u2019s World Exhibition. <\/div> \t\t\t\t\t\t\t\t\t\t\t\t\t\t\t\t\t\t\t\t\t\t\t\t\t\t\t\t\t\t\t\t<\/div>\n\t\t\t\t\t\t\t\t\t\t<div class=\"uael-timeline-arrow\"><\/div>\n\t\t\t\t\t\t\t\t\t<\/div>\n\t\t\t\t\t\t\t\t\t\t\t\t\t\t\t\t\t<\/div>\n\t\t\t\t\t\t\t<\/div>\n\t\t\t\t\t\t\t\t\t\t\t\t\t\t\t<div class=\"uael-timeline-date-new\">\n\t\t\t\t\t\t\t\t\t<div class=\"uael-date-new\"><div class=\"inner-date-new\"><div >1888.10.30<\/div><\/div>\n\t\t\t\t\t\t\t\t\t<\/div>\n\t\t\t\t\t\t\t\t<\/div>\n\t\t\t\t\t\t\t\t\t\t\t\t\t<\/div>\n\t\t\t\t\t<\/div>\n\t\t\t\t\t\t\t\t\t\t\t\t\t\t\t\t\t<div class=\"elementor-repeater-item-ee3b4e5 uael-timeline-field animate-border out-view\">\n\t\t\t\t\t\t<div class=\"uael-timeline-widget uael-timeline-left\">\n\t\t\t\t\t\t\t<div class=\"uael-timeline-marker\">\n\t\t\t\t\t\t\t\t<span class=\"timeline-icon-new out-view-timeline-icon\">\n\t\t\t\t\t\t\t\t\t<i aria-hidden=\"true\" class=\"fa fa-calendar\"><\/i>\t\t\t\t\t\t\t\t<\/span>\n\t\t\t\t\t\t\t<\/div>\n\n\t\t\t\t\t\t\t<div class=\"uael-day-new uael-day-left\">\n\t\t\t\t\t\t\t\t<div class=\"uael-events-new\">\n\t\t\t\t\t\t\t\t\t\t\t\t\t\t\t\t\t\t<div class=\"uael-events-inner-new\">\n\t\t\t\t\t\t\t\t\t\t\t\t\t\t\t\t\t\t\t\t\t<div class=\"uael-timeline-date-hide uael-date-inner\"><div class=\"inner-date-new\"><p >1889.05.22<\/p><\/div>\n\t\t\t\t\t\t\t\t\t\t\t<\/div>\n\t\t\t\t\t\t\t\t\t\t\t\t\t\t\t\t\t\t\t\t<div class=\"uael-content\">\n\t\t\t\t\t\t\t\t\t\t\t\t\t\t\t\t\t\t\t\t\t\t\t\t\t\t\t\t\t\t\t\t\t\t\t\t\t\t\t\t\t\t\t\t\t\t\t\t\t\t\t\t\t\t\t\t\t\t\t\t\t\t\t\t\t\t\t<div class=\"uael-timeline-desc-content\">The Valencia and Aragon railway, running through Manises, is opened. It was designed by engineer Rafael Valls David. Although it actually only reached Ll\u00edria, it helped to supply firewood and basic raw materials as well as the transport of ceramic production. <\/div> \t\t\t\t\t\t\t\t\t\t\t\t\t\t\t\t\t\t\t\t\t\t\t\t\t\t\t\t\t\t\t\t<\/div>\n\t\t\t\t\t\t\t\t\t\t<div class=\"uael-timeline-arrow\"><\/div>\n\t\t\t\t\t\t\t\t\t<\/div>\n\t\t\t\t\t\t\t\t\t\t\t\t\t\t\t\t\t<\/div>\n\t\t\t\t\t\t\t<\/div>\n\t\t\t\t\t\t\t\t\t\t\t\t\t\t\t<div class=\"uael-timeline-date-new\">\n\t\t\t\t\t\t\t\t\t<div class=\"uael-date-new\"><div class=\"inner-date-new\"><div >1889.05.22<\/div><\/div>\n\t\t\t\t\t\t\t\t\t<\/div>\n\t\t\t\t\t\t\t\t<\/div>\n\t\t\t\t\t\t\t\t\t\t\t\t\t<\/div>\n\t\t\t\t\t<\/div>\n\t\t\t\t\t\t\t\t\t\t\t\t\t\t\t\t\t<div class=\"elementor-repeater-item-15bfbfd uael-timeline-field animate-border out-view\">\n\t\t\t\t\t\t<div class=\"uael-timeline-widget uael-timeline-right\">\n\t\t\t\t\t\t\t<div class=\"uael-timeline-marker\">\n\t\t\t\t\t\t\t\t<span class=\"timeline-icon-new out-view-timeline-icon\">\n\t\t\t\t\t\t\t\t\t<i aria-hidden=\"true\" class=\"fa fa-calendar\"><\/i>\t\t\t\t\t\t\t\t<\/span>\n\t\t\t\t\t\t\t<\/div>\n\n\t\t\t\t\t\t\t<div class=\"uael-day-new uael-day-right\">\n\t\t\t\t\t\t\t\t<div class=\"uael-events-new\">\n\t\t\t\t\t\t\t\t\t\t\t\t\t\t\t\t\t\t<div class=\"uael-events-inner-new\">\n\t\t\t\t\t\t\t\t\t\t\t\t\t\t\t\t\t\t\t\t\t<div class=\"uael-timeline-date-hide uael-date-inner\"><div class=\"inner-date-new\"><p >1890-1917<\/p><\/div>\n\t\t\t\t\t\t\t\t\t\t\t<\/div>\n\t\t\t\t\t\t\t\t\t\t\t\t\t\t\t\t\t\t\t\t<div class=\"uael-content\">\n\t\t\t\t\t\t\t\t\t\t\t\t\t\t\t\t\t\t\t\t\t\t\t\t\t\t\t\t\t\t\t\t\t\t\t\t\t\t\t\t\t\t\t\t\t\t\t\t\t\t\t\t\t\t\t\t\t\t\t\t\t\t\t\t\t\t\t<div class=\"uael-timeline-desc-content\">To the south and west of the railway station, the ceramic factories of Juan Bautista Cabedo, Francisco Valldecabres, Lucio Gallego were built\u2026 and, to the north, the future Paseo Guillermo de Osma began to take shape, on which industrialists like Francisco Valldecabres, Leopoldo Mora, Francisco Gimeno and Vicente Montaner built their houses\u2026 and the School of Ceramics was built.<\/div> \t\t\t\t\t\t\t\t\t\t\t\t\t\t\t\t\t\t\t\t\t\t\t\t\t\t\t\t\t\t\t\t<\/div>\n\t\t\t\t\t\t\t\t\t\t<div class=\"uael-timeline-arrow\"><\/div>\n\t\t\t\t\t\t\t\t\t<\/div>\n\t\t\t\t\t\t\t\t\t\t\t\t\t\t\t\t\t<\/div>\n\t\t\t\t\t\t\t<\/div>\n\t\t\t\t\t\t\t\t\t\t\t\t\t\t\t<div class=\"uael-timeline-date-new\">\n\t\t\t\t\t\t\t\t\t<div class=\"uael-date-new\"><div class=\"inner-date-new\"><div >1890-1917<\/div><\/div>\n\t\t\t\t\t\t\t\t\t<\/div>\n\t\t\t\t\t\t\t\t<\/div>\n\t\t\t\t\t\t\t\t\t\t\t\t\t<\/div>\n\t\t\t\t\t<\/div>\n\t\t\t\t\t\t\t\t\t\t\t\t\t\t\t\t\t<div class=\"elementor-repeater-item-e4af377 uael-timeline-field animate-border out-view\">\n\t\t\t\t\t\t<div class=\"uael-timeline-widget uael-timeline-left\">\n\t\t\t\t\t\t\t<div class=\"uael-timeline-marker\">\n\t\t\t\t\t\t\t\t<span class=\"timeline-icon-new out-view-timeline-icon\">\n\t\t\t\t\t\t\t\t\t<i aria-hidden=\"true\" class=\"fa fa-calendar\"><\/i>\t\t\t\t\t\t\t\t<\/span>\n\t\t\t\t\t\t\t<\/div>\n\n\t\t\t\t\t\t\t<div class=\"uael-day-new uael-day-left\">\n\t\t\t\t\t\t\t\t<div class=\"uael-events-new\">\n\t\t\t\t\t\t\t\t\t\t\t\t\t\t\t\t\t\t<div class=\"uael-events-inner-new\">\n\t\t\t\t\t\t\t\t\t\t\t\t\t\t\t\t\t\t\t\t\t<div class=\"uael-timeline-date-hide uael-date-inner\"><div class=\"inner-date-new\"><p >1892<\/p><\/div>\n\t\t\t\t\t\t\t\t\t\t\t<\/div>\n\t\t\t\t\t\t\t\t\t\t\t\t\t\t\t\t\t\t\t\t<div class=\"uael-content\">\n\t\t\t\t\t\t\t\t\t\t\t\t\t\t\t\t\t\t\t\t\t\t\t\t\t\t\t\t\t\t\t\t\t\t\t\t\t\t\t\t\t\t\t\t\t\t\t\t\t\t\t\t\t\t\t\t\t\t\t\t\t\t\t\t\t\t\t<div class=\"uael-timeline-desc-content\">Another of the ceramic factories on the rise is the one belonging to Vicente Mora Osca. That year, he managed to employ 50 operators and 25 female painters, and finish installing a hydraulic mill for refining colours and varnishes which would subsequently also serve external companies. <\/div> \t\t\t\t\t\t\t\t\t\t\t\t\t\t\t\t\t\t\t\t\t\t\t\t\t\t\t\t\t\t\t\t<\/div>\n\t\t\t\t\t\t\t\t\t\t<div class=\"uael-timeline-arrow\"><\/div>\n\t\t\t\t\t\t\t\t\t<\/div>\n\t\t\t\t\t\t\t\t\t\t\t\t\t\t\t\t\t<\/div>\n\t\t\t\t\t\t\t<\/div>\n\t\t\t\t\t\t\t\t\t\t\t\t\t\t\t<div class=\"uael-timeline-date-new\">\n\t\t\t\t\t\t\t\t\t<div class=\"uael-date-new\"><div class=\"inner-date-new\"><div >1892<\/div><\/div>\n\t\t\t\t\t\t\t\t\t<\/div>\n\t\t\t\t\t\t\t\t<\/div>\n\t\t\t\t\t\t\t\t\t\t\t\t\t<\/div>\n\t\t\t\t\t<\/div>\n\t\t\t\t\t\t\t\t\t\t\t\t\t\t\t\t\t<div class=\"elementor-repeater-item-109709e uael-timeline-field animate-border out-view\">\n\t\t\t\t\t\t<div class=\"uael-timeline-widget uael-timeline-right\">\n\t\t\t\t\t\t\t<div class=\"uael-timeline-marker\">\n\t\t\t\t\t\t\t\t<span class=\"timeline-icon-new out-view-timeline-icon\">\n\t\t\t\t\t\t\t\t\t<i aria-hidden=\"true\" class=\"fa fa-calendar\"><\/i>\t\t\t\t\t\t\t\t<\/span>\n\t\t\t\t\t\t\t<\/div>\n\n\t\t\t\t\t\t\t<div class=\"uael-day-new uael-day-right\">\n\t\t\t\t\t\t\t\t<div class=\"uael-events-new\">\n\t\t\t\t\t\t\t\t\t\t\t\t\t\t\t\t\t\t<div class=\"uael-events-inner-new\">\n\t\t\t\t\t\t\t\t\t\t\t\t\t\t\t\t\t\t\t\t\t<div class=\"uael-timeline-date-hide uael-date-inner\"><div class=\"inner-date-new\"><p >1893<\/p><\/div>\n\t\t\t\t\t\t\t\t\t\t\t<\/div>\n\t\t\t\t\t\t\t\t\t\t\t\t\t\t\t\t\t\t\t\t<div class=\"uael-content\">\n\t\t\t\t\t\t\t\t\t\t\t\t\t\t\t\t\t\t\t\t\t\t\t\t\t\t\t\t\t\t\t\t\t\t\t\t\t\t\t\t\t\t\t\t\t\t\t\t\t\t\t\t\t\t\t\t\t\t\t\t\t\t\t\t\t\t\t<div class=\"uael-timeline-desc-content\">Monera y Compa\u00f1\u00eda (Francisco Monera and Francisco Valldecabres) and Francisco Mora Gallego receive the Gold Medal at the National Exhibition of Artistic Industries and International Exhibition of Reproductions of Barcelona.<\/div> \t\t\t\t\t\t\t\t\t\t\t\t\t\t\t\t\t\t\t\t\t\t\t\t\t\t\t\t\t\t\t\t<\/div>\n\t\t\t\t\t\t\t\t\t\t<div class=\"uael-timeline-arrow\"><\/div>\n\t\t\t\t\t\t\t\t\t<\/div>\n\t\t\t\t\t\t\t\t\t\t\t\t\t\t\t\t\t<\/div>\n\t\t\t\t\t\t\t<\/div>\n\t\t\t\t\t\t\t\t\t\t\t\t\t\t\t<div class=\"uael-timeline-date-new\">\n\t\t\t\t\t\t\t\t\t<div class=\"uael-date-new\"><div class=\"inner-date-new\"><div >1893<\/div><\/div>\n\t\t\t\t\t\t\t\t\t<\/div>\n\t\t\t\t\t\t\t\t<\/div>\n\t\t\t\t\t\t\t\t\t\t\t\t\t<\/div>\n\t\t\t\t\t<\/div>\n\t\t\t\t\t\t\t\t\t\t\t\t\t\t\t\t\t<div class=\"elementor-repeater-item-4d679ae uael-timeline-field animate-border out-view\">\n\t\t\t\t\t\t<div class=\"uael-timeline-widget uael-timeline-left\">\n\t\t\t\t\t\t\t<div class=\"uael-timeline-marker\">\n\t\t\t\t\t\t\t\t<span class=\"timeline-icon-new out-view-timeline-icon\">\n\t\t\t\t\t\t\t\t\t<i aria-hidden=\"true\" class=\"fa fa-calendar\"><\/i>\t\t\t\t\t\t\t\t<\/span>\n\t\t\t\t\t\t\t<\/div>\n\n\t\t\t\t\t\t\t<div class=\"uael-day-new uael-day-left\">\n\t\t\t\t\t\t\t\t<div class=\"uael-events-new\">\n\t\t\t\t\t\t\t\t\t\t\t\t\t\t\t\t\t\t<div class=\"uael-events-inner-new\">\n\t\t\t\t\t\t\t\t\t\t\t\t\t\t\t\t\t\t\t\t\t<div class=\"uael-timeline-date-hide uael-date-inner\"><div class=\"inner-date-new\"><p >1896<\/p><\/div>\n\t\t\t\t\t\t\t\t\t\t\t<\/div>\n\t\t\t\t\t\t\t\t\t\t\t\t\t\t\t\t\t\t\t\t<div class=\"uael-content\">\n\t\t\t\t\t\t\t\t\t\t\t\t\t\t\t\t\t\t\t\t\t\t\t\t\t\t\t\t\t\t\t\t\t\t\t\t\t\t\t\t\t\t\t\t\t\t\t\t\t\t\t\t\t\t\t\t\t\t\t\t\t\t\t\t\t\t\t<div class=\"uael-timeline-desc-content\">A text addressed to the General Directorate of Public Instruction requesting the creation in Manises of a Ceramics Musuem and signed by: Vicente Soler, Mayor; Jos\u00e9 Catal\u00e0, Silverio Royo, Jos\u00e9 Vilar, Justo Vilar, Rafael Valls David, Jos\u00e9 G\u00f3mez, Francisco Monera and Salvador Mart\u00ednez. <\/div> \t\t\t\t\t\t\t\t\t\t\t\t\t\t\t\t\t\t\t\t\t\t\t\t\t\t\t\t\t\t\t\t<\/div>\n\t\t\t\t\t\t\t\t\t\t<div class=\"uael-timeline-arrow\"><\/div>\n\t\t\t\t\t\t\t\t\t<\/div>\n\t\t\t\t\t\t\t\t\t\t\t\t\t\t\t\t\t<\/div>\n\t\t\t\t\t\t\t<\/div>\n\t\t\t\t\t\t\t\t\t\t\t\t\t\t\t<div class=\"uael-timeline-date-new\">\n\t\t\t\t\t\t\t\t\t<div class=\"uael-date-new\"><div class=\"inner-date-new\"><div >1896<\/div><\/div>\n\t\t\t\t\t\t\t\t\t<\/div>\n\t\t\t\t\t\t\t\t<\/div>\n\t\t\t\t\t\t\t\t\t\t\t\t\t<\/div>\n\t\t\t\t\t<\/div>\n\t\t\t\t\t\t\t\t\t\t\t\t\t\t\t\t\t<div class=\"elementor-repeater-item-ae8ac27 uael-timeline-field animate-border out-view\">\n\t\t\t\t\t\t<div class=\"uael-timeline-widget uael-timeline-right\">\n\t\t\t\t\t\t\t<div class=\"uael-timeline-marker\">\n\t\t\t\t\t\t\t\t<span class=\"timeline-icon-new out-view-timeline-icon\">\n\t\t\t\t\t\t\t\t\t<i aria-hidden=\"true\" class=\"fa fa-calendar\"><\/i>\t\t\t\t\t\t\t\t<\/span>\n\t\t\t\t\t\t\t<\/div>\n\n\t\t\t\t\t\t\t<div class=\"uael-day-new uael-day-right\">\n\t\t\t\t\t\t\t\t<div class=\"uael-events-new\">\n\t\t\t\t\t\t\t\t\t\t\t\t\t\t\t\t\t\t<div class=\"uael-events-inner-new\">\n\t\t\t\t\t\t\t\t\t\t\t\t\t\t\t\t\t\t\t\t\t<div class=\"uael-timeline-date-hide uael-date-inner\"><div class=\"inner-date-new\"><p >1897<\/p><\/div>\n\t\t\t\t\t\t\t\t\t\t\t<\/div>\n\t\t\t\t\t\t\t\t\t\t\t\t\t\t\t\t\t\t\t\t<div class=\"uael-content\">\n\t\t\t\t\t\t\t\t\t\t\t\t\t\t\t\t\t\t\t\t\t\t\t\t\t\t\t\t\t\t\t\t\t\t\t\t\t\t\t\t\t\t\t\t\t\t\t\t\t\t\t\t\t\t\t\t\t\t\t\t\t\t\t\t\t\t\t<div class=\"uael-timeline-desc-content\">Encouraged by engineer Rafael Valls David and other \u201cdistinguished people of this town\u201d a school of drawing aimed at the ceramics industry and run by Luis Soria, with classrooms for both men and women, opens its doors. <\/div> \t\t\t\t\t\t\t\t\t\t\t\t\t\t\t\t\t\t\t\t\t\t\t\t\t\t\t\t\t\t\t\t<\/div>\n\t\t\t\t\t\t\t\t\t\t<div class=\"uael-timeline-arrow\"><\/div>\n\t\t\t\t\t\t\t\t\t<\/div>\n\t\t\t\t\t\t\t\t\t\t\t\t\t\t\t\t\t<\/div>\n\t\t\t\t\t\t\t<\/div>\n\t\t\t\t\t\t\t\t\t\t\t\t\t\t\t<div class=\"uael-timeline-date-new\">\n\t\t\t\t\t\t\t\t\t<div class=\"uael-date-new\"><div class=\"inner-date-new\"><div >1897<\/div><\/div>\n\t\t\t\t\t\t\t\t\t<\/div>\n\t\t\t\t\t\t\t\t<\/div>\n\t\t\t\t\t\t\t\t\t\t\t\t\t<\/div>\n\t\t\t\t\t<\/div>\n\t\t\t\t\t\t\t\t\t\t\t\t\t\t\t\t\t<div class=\"elementor-repeater-item-97eff38 uael-timeline-field animate-border out-view\">\n\t\t\t\t\t\t<div class=\"uael-timeline-widget uael-timeline-left\">\n\t\t\t\t\t\t\t<div class=\"uael-timeline-marker\">\n\t\t\t\t\t\t\t\t<span class=\"timeline-icon-new out-view-timeline-icon\">\n\t\t\t\t\t\t\t\t\t<i aria-hidden=\"true\" class=\"fa fa-calendar\"><\/i>\t\t\t\t\t\t\t\t<\/span>\n\t\t\t\t\t\t\t<\/div>\n\n\t\t\t\t\t\t\t<div class=\"uael-day-new uael-day-left\">\n\t\t\t\t\t\t\t\t<div class=\"uael-events-new\">\n\t\t\t\t\t\t\t\t\t\t\t\t\t\t\t\t\t\t<div class=\"uael-events-inner-new\">\n\t\t\t\t\t\t\t\t\t\t\t\t\t\t\t\t\t\t\t\t\t<div class=\"uael-timeline-date-hide uael-date-inner\"><div class=\"inner-date-new\"><p >1898<\/p><\/div>\n\t\t\t\t\t\t\t\t\t\t\t<\/div>\n\t\t\t\t\t\t\t\t\t\t\t\t\t\t\t\t\t\t\t\t<div class=\"uael-content\">\n\t\t\t\t\t\t\t\t\t\t\t\t\t\t\t\t\t\t\t\t\t\t\t\t\t\t\t\t\t\t\t\t\t\t\t\t\t\t\t\t\t\t\t\t\t\t\t\t\t\t\t\t\t\t\t\t\t\t\t\t\t\t\t\t\t\t\t<div class=\"uael-timeline-desc-content\">The expectations of energy consumption by the ceramics industry in Manises leads to the setting up of the Electricity Company. This would be followed by Amat Hermanos (1904-1907), Barber\u00e1 and Compa\u00f1\u00eda (1908-1912, Sociedad El\u00e9ctrica Hidr\u00e1ulica del Turia (1914-1924), Electra Torrentina, etc.<\/div> \t\t\t\t\t\t\t\t\t\t\t\t\t\t\t\t\t\t\t\t\t\t\t\t\t\t\t\t\t\t\t\t<\/div>\n\t\t\t\t\t\t\t\t\t\t<div class=\"uael-timeline-arrow\"><\/div>\n\t\t\t\t\t\t\t\t\t<\/div>\n\t\t\t\t\t\t\t\t\t\t\t\t\t\t\t\t\t<\/div>\n\t\t\t\t\t\t\t<\/div>\n\t\t\t\t\t\t\t\t\t\t\t\t\t\t\t<div class=\"uael-timeline-date-new\">\n\t\t\t\t\t\t\t\t\t<div class=\"uael-date-new\"><div class=\"inner-date-new\"><div >1898<\/div><\/div>\n\t\t\t\t\t\t\t\t\t<\/div>\n\t\t\t\t\t\t\t\t<\/div>\n\t\t\t\t\t\t\t\t\t\t\t\t\t<\/div>\n\t\t\t\t\t<\/div>\n\t\t\t\t\t\t\t\t\t\t\t\t\t\t\t\t\t<div class=\"elementor-repeater-item-0240c1a uael-timeline-field animate-border out-view\">\n\t\t\t\t\t\t<div class=\"uael-timeline-widget uael-timeline-right\">\n\t\t\t\t\t\t\t<div class=\"uael-timeline-marker\">\n\t\t\t\t\t\t\t\t<span class=\"timeline-icon-new out-view-timeline-icon\">\n\t\t\t\t\t\t\t\t\t<i aria-hidden=\"true\" class=\"fa fa-calendar\"><\/i>\t\t\t\t\t\t\t\t<\/span>\n\t\t\t\t\t\t\t<\/div>\n\n\t\t\t\t\t\t\t<div class=\"uael-day-new uael-day-right\">\n\t\t\t\t\t\t\t\t<div class=\"uael-events-new\">\n\t\t\t\t\t\t\t\t\t\t\t\t\t\t\t\t\t\t<div class=\"uael-events-inner-new\">\n\t\t\t\t\t\t\t\t\t\t\t\t\t\t\t\t\t\t\t\t\t<div class=\"uael-timeline-date-hide uael-date-inner\"><div class=\"inner-date-new\"><p >1889.04.22<\/p><\/div>\n\t\t\t\t\t\t\t\t\t\t\t<\/div>\n\t\t\t\t\t\t\t\t\t\t\t\t\t\t\t\t\t\t\t\t<div class=\"uael-content\">\n\t\t\t\t\t\t\t\t\t\t\t\t\t\t\t\t\t\t\t\t\t\t\t\t\t\t\t\t\t\t\t\t\t\t\t\t\t\t\t\t\t\t\t\t\t\t\t\t\t\t\t\t\t\t\t\t\t\t\t\t\t\t\t\t\t\t\t<div class=\"uael-timeline-desc-content\">Antonio Catal\u00e0 Sanchis (Manises, 1848 \u2013 1932) buys at an auction the Mol\u00ed de Carbonnel (Carbonnell Mill) \u00abfor the purpose of milling varnishes\u00bb and extends its facilities to be able to produce and supply local industry with ceramic pastes, an activity in which it was pioneer. <\/div> \t\t\t\t\t\t\t\t\t\t\t\t\t\t\t\t\t\t\t\t\t\t\t\t\t\t\t\t\t\t\t\t<\/div>\n\t\t\t\t\t\t\t\t\t\t<div class=\"uael-timeline-arrow\"><\/div>\n\t\t\t\t\t\t\t\t\t<\/div>\n\t\t\t\t\t\t\t\t\t\t\t\t\t\t\t\t\t<\/div>\n\t\t\t\t\t\t\t<\/div>\n\t\t\t\t\t\t\t\t\t\t\t\t\t\t\t<div class=\"uael-timeline-date-new\">\n\t\t\t\t\t\t\t\t\t<div class=\"uael-date-new\"><div class=\"inner-date-new\"><div >1889.04.22<\/div><\/div>\n\t\t\t\t\t\t\t\t\t<\/div>\n\t\t\t\t\t\t\t\t<\/div>\n\t\t\t\t\t\t\t\t\t\t\t\t\t<\/div>\n\t\t\t\t\t<\/div>\n\t\t\t\t\t\t\t\t\t\t\t\t\t\t\t\t\t<div class=\"elementor-repeater-item-579ed76 uael-timeline-field animate-border out-view\">\n\t\t\t\t\t\t<div class=\"uael-timeline-widget uael-timeline-left\">\n\t\t\t\t\t\t\t<div class=\"uael-timeline-marker\">\n\t\t\t\t\t\t\t\t<span class=\"timeline-icon-new out-view-timeline-icon\">\n\t\t\t\t\t\t\t\t\t<i aria-hidden=\"true\" class=\"fa fa-calendar\"><\/i>\t\t\t\t\t\t\t\t<\/span>\n\t\t\t\t\t\t\t<\/div>\n\n\t\t\t\t\t\t\t<div class=\"uael-day-new uael-day-left\">\n\t\t\t\t\t\t\t\t<div class=\"uael-events-new\">\n\t\t\t\t\t\t\t\t\t\t\t\t\t\t\t\t\t\t<div class=\"uael-events-inner-new\">\n\t\t\t\t\t\t\t\t\t\t\t\t\t\t\t\t\t\t\t\t\t<div class=\"uael-timeline-date-hide uael-date-inner\"><div class=\"inner-date-new\"><p >1908.07-30<\/p><\/div>\n\t\t\t\t\t\t\t\t\t\t\t<\/div>\n\t\t\t\t\t\t\t\t\t\t\t\t\t\t\t\t\t\t\t\t<div class=\"uael-content\">\n\t\t\t\t\t\t\t\t\t\t\t\t\t\t\t\t\t\t\t\t\t\t\t\t\t\t\t\t\t\t\t\t\t\t\t\t\t\t\t\t\t\t\t\t\t\t\t\t\t\t\t\t\t\t\t\t\t\t\t\t\t\t\t\t\t\t\t<div class=\"uael-timeline-desc-content\">Princess Isabel of Borbon visits several earthenware and tile factories in Manises. According to the ABC newspaper, apart from acquiring several pieces, the manufacturers \u00abmade her a gift of Japanese-style vases\u00bb.<\/div> \t\t\t\t\t\t\t\t\t\t\t\t\t\t\t\t\t\t\t\t\t\t\t\t\t\t\t\t\t\t\t\t<\/div>\n\t\t\t\t\t\t\t\t\t\t<div class=\"uael-timeline-arrow\"><\/div>\n\t\t\t\t\t\t\t\t\t<\/div>\n\t\t\t\t\t\t\t\t\t\t\t\t\t\t\t\t\t<\/div>\n\t\t\t\t\t\t\t<\/div>\n\t\t\t\t\t\t\t\t\t\t\t\t\t\t\t<div class=\"uael-timeline-date-new\">\n\t\t\t\t\t\t\t\t\t<div class=\"uael-date-new\"><div class=\"inner-date-new\"><div >1908.07-30<\/div><\/div>\n\t\t\t\t\t\t\t\t\t<\/div>\n\t\t\t\t\t\t\t\t<\/div>\n\t\t\t\t\t\t\t\t\t\t\t\t\t<\/div>\n\t\t\t\t\t<\/div>\n\t\t\t\t\t\t\t\t\t\t\t\t\t\t\t\t\t<div class=\"elementor-repeater-item-8436c10 uael-timeline-field animate-border out-view\">\n\t\t\t\t\t\t<div class=\"uael-timeline-widget uael-timeline-right\">\n\t\t\t\t\t\t\t<div class=\"uael-timeline-marker\">\n\t\t\t\t\t\t\t\t<span class=\"timeline-icon-new out-view-timeline-icon\">\n\t\t\t\t\t\t\t\t\t<i aria-hidden=\"true\" class=\"fa fa-calendar\"><\/i>\t\t\t\t\t\t\t\t<\/span>\n\t\t\t\t\t\t\t<\/div>\n\n\t\t\t\t\t\t\t<div class=\"uael-day-new uael-day-right\">\n\t\t\t\t\t\t\t\t<div class=\"uael-events-new\">\n\t\t\t\t\t\t\t\t\t\t\t\t\t\t\t\t\t\t<div class=\"uael-events-inner-new\">\n\t\t\t\t\t\t\t\t\t\t\t\t\t\t\t\t\t\t\t\t\t<div class=\"uael-timeline-date-hide uael-date-inner\"><div class=\"inner-date-new\"><p >1909<\/p><\/div>\n\t\t\t\t\t\t\t\t\t\t\t<\/div>\n\t\t\t\t\t\t\t\t\t\t\t\t\t\t\t\t\t\t\t\t<div class=\"uael-content\">\n\t\t\t\t\t\t\t\t\t\t\t\t\t\t\t\t\t\t\t\t\t\t\t\t\t\t\t\t\t\t\t\t\t\t\t\t\t\t\t\t\t\t\t\t\t\t\t\t\t\t\t\t\t\t\t\t\t\t\t\t\t\t\t\t\t\t\t<div class=\"uael-timeline-desc-content\">The Regional Valencian Exhibition is held in Valencia, a year after the National Exhibition. Of the five Diplomas of Honour with Gold Medal awarded to the ceramics sector, three went to the Manises factories: Juan Bautista Cabedo; Francisco Valldecabres, and Justo Vilar e Hijos. <\/div> \t\t\t\t\t\t\t\t\t\t\t\t\t\t\t\t\t\t\t\t\t\t\t\t\t\t\t\t\t\t\t\t<\/div>\n\t\t\t\t\t\t\t\t\t\t<div class=\"uael-timeline-arrow\"><\/div>\n\t\t\t\t\t\t\t\t\t<\/div>\n\t\t\t\t\t\t\t\t\t\t\t\t\t\t\t\t\t<\/div>\n\t\t\t\t\t\t\t<\/div>\n\t\t\t\t\t\t\t\t\t\t\t\t\t\t\t<div class=\"uael-timeline-date-new\">\n\t\t\t\t\t\t\t\t\t<div class=\"uael-date-new\"><div class=\"inner-date-new\"><div >1909<\/div><\/div>\n\t\t\t\t\t\t\t\t\t<\/div>\n\t\t\t\t\t\t\t\t<\/div>\n\t\t\t\t\t\t\t\t\t\t\t\t\t<\/div>\n\t\t\t\t\t<\/div>\n\t\t\t\t\t\t\t\t\t\t\t\t\t\t\t\t\t<div class=\"elementor-repeater-item-631c870 uael-timeline-field animate-border out-view\">\n\t\t\t\t\t\t<div class=\"uael-timeline-widget uael-timeline-left\">\n\t\t\t\t\t\t\t<div class=\"uael-timeline-marker\">\n\t\t\t\t\t\t\t\t<span class=\"timeline-icon-new out-view-timeline-icon\">\n\t\t\t\t\t\t\t\t\t<i aria-hidden=\"true\" class=\"fa fa-calendar\"><\/i>\t\t\t\t\t\t\t\t<\/span>\n\t\t\t\t\t\t\t<\/div>\n\n\t\t\t\t\t\t\t<div class=\"uael-day-new uael-day-left\">\n\t\t\t\t\t\t\t\t<div class=\"uael-events-new\">\n\t\t\t\t\t\t\t\t\t\t\t\t\t\t\t\t\t\t<div class=\"uael-events-inner-new\">\n\t\t\t\t\t\t\t\t\t\t\t\t\t\t\t\t\t\t\t\t\t<div class=\"uael-timeline-date-hide uael-date-inner\"><div class=\"inner-date-new\"><p >1909.08.10<\/p><\/div>\n\t\t\t\t\t\t\t\t\t\t\t<\/div>\n\t\t\t\t\t\t\t\t\t\t\t\t\t\t\t\t\t\t\t\t<div class=\"uael-content\">\n\t\t\t\t\t\t\t\t\t\t\t\t\t\t\t\t\t\t\t\t\t\t\t\t\t\t\t\t\t\t\t\t\t\t\t\t\t\t\t\t\t\t\t\t\t\t\t\t\t\t\t\t\t\t\t\t\t\t\t\t\t\t\t\t\t\t\t<div class=\"uael-timeline-desc-content\">The manufacturers of Manises donate \u00abtons of ceramics\u00bb for the hospital that the Red Cross is building in the Grao district in Valencia to treat the wounded coming from the war of Melilla. <\/div> \t\t\t\t\t\t\t\t\t\t\t\t\t\t\t\t\t\t\t\t\t\t\t\t\t\t\t\t\t\t\t\t<\/div>\n\t\t\t\t\t\t\t\t\t\t<div class=\"uael-timeline-arrow\"><\/div>\n\t\t\t\t\t\t\t\t\t<\/div>\n\t\t\t\t\t\t\t\t\t\t\t\t\t\t\t\t\t<\/div>\n\t\t\t\t\t\t\t<\/div>\n\t\t\t\t\t\t\t\t\t\t\t\t\t\t\t<div class=\"uael-timeline-date-new\">\n\t\t\t\t\t\t\t\t\t<div class=\"uael-date-new\"><div class=\"inner-date-new\"><div >1909.08.10<\/div><\/div>\n\t\t\t\t\t\t\t\t\t<\/div>\n\t\t\t\t\t\t\t\t<\/div>\n\t\t\t\t\t\t\t\t\t\t\t\t\t<\/div>\n\t\t\t\t\t<\/div>\n\t\t\t\t\t\t\t\t\t\t\t\t\t\t\t\t\t<div class=\"elementor-repeater-item-65072a1 uael-timeline-field animate-border out-view\">\n\t\t\t\t\t\t<div class=\"uael-timeline-widget uael-timeline-right\">\n\t\t\t\t\t\t\t<div class=\"uael-timeline-marker\">\n\t\t\t\t\t\t\t\t<span class=\"timeline-icon-new out-view-timeline-icon\">\n\t\t\t\t\t\t\t\t\t<i aria-hidden=\"true\" class=\"fa fa-calendar\"><\/i>\t\t\t\t\t\t\t\t<\/span>\n\t\t\t\t\t\t\t<\/div>\n\n\t\t\t\t\t\t\t<div class=\"uael-day-new uael-day-right\">\n\t\t\t\t\t\t\t\t<div class=\"uael-events-new\">\n\t\t\t\t\t\t\t\t\t\t\t\t\t\t\t\t\t\t<div class=\"uael-events-inner-new\">\n\t\t\t\t\t\t\t\t\t\t\t\t\t\t\t\t\t\t\t\t\t<div class=\"uael-timeline-date-hide uael-date-inner\"><div class=\"inner-date-new\"><p > 1916.10.14<\/p><\/div>\n\t\t\t\t\t\t\t\t\t\t\t<\/div>\n\t\t\t\t\t\t\t\t\t\t\t\t\t\t\t\t\t\t\t\t<div class=\"uael-content\">\n\t\t\t\t\t\t\t\t\t\t\t\t\t\t\t\t\t\t\t\t\t\t\t\t\t\t\t\t\t\t\t\t\t\t\t\t\t\t\t\t\t\t\t\t\t\t\t\t\t\t\t\t\t\t\t\t\t\t\t\t\t\t\t\t\t\t\t<div class=\"uael-timeline-desc-content\">The Practical School of Ceramics of Manises becomes part of the state educational system. The classes are taught in temporary classrooms but those selected to teach are of the highest possible level: Gregorio Mu\u00f1oz Due\u00f1as, Manuel Gonz\u00e1lez Mart\u00ed, Lu\u00eds Soria Roca, Vicente Vilar David, etc.<\/div> \t\t\t\t\t\t\t\t\t\t\t\t\t\t\t\t\t\t\t\t\t\t\t\t\t\t\t\t\t\t\t\t<\/div>\n\t\t\t\t\t\t\t\t\t\t<div class=\"uael-timeline-arrow\"><\/div>\n\t\t\t\t\t\t\t\t\t<\/div>\n\t\t\t\t\t\t\t\t\t\t\t\t\t\t\t\t\t<\/div>\n\t\t\t\t\t\t\t<\/div>\n\t\t\t\t\t\t\t\t\t\t\t\t\t\t\t<div class=\"uael-timeline-date-new\">\n\t\t\t\t\t\t\t\t\t<div class=\"uael-date-new\"><div class=\"inner-date-new\"><div > 1916.10.14<\/div><\/div>\n\t\t\t\t\t\t\t\t\t<\/div>\n\t\t\t\t\t\t\t\t<\/div>\n\t\t\t\t\t\t\t\t\t\t\t\t\t<\/div>\n\t\t\t\t\t<\/div>\n\t\t\t\t\t\t\t\t\t\t\t\t\t\t\t\t\t<div class=\"elementor-repeater-item-8550a56 uael-timeline-field animate-border out-view\">\n\t\t\t\t\t\t<div class=\"uael-timeline-widget uael-timeline-left\">\n\t\t\t\t\t\t\t<div class=\"uael-timeline-marker\">\n\t\t\t\t\t\t\t\t<span class=\"timeline-icon-new out-view-timeline-icon\">\n\t\t\t\t\t\t\t\t\t<i aria-hidden=\"true\" class=\"fa fa-calendar\"><\/i>\t\t\t\t\t\t\t\t<\/span>\n\t\t\t\t\t\t\t<\/div>\n\n\t\t\t\t\t\t\t<div class=\"uael-day-new uael-day-left\">\n\t\t\t\t\t\t\t\t<div class=\"uael-events-new\">\n\t\t\t\t\t\t\t\t\t\t\t\t\t\t\t\t\t\t<div class=\"uael-events-inner-new\">\n\t\t\t\t\t\t\t\t\t\t\t\t\t\t\t\t\t\t\t\t\t<div class=\"uael-timeline-date-hide uael-date-inner\"><div class=\"inner-date-new\"><p >1917.01.14<\/p><\/div>\n\t\t\t\t\t\t\t\t\t\t\t<\/div>\n\t\t\t\t\t\t\t\t\t\t\t\t\t\t\t\t\t\t\t\t<div class=\"uael-content\">\n\t\t\t\t\t\t\t\t\t\t\t\t\t\t\t\t\t\t\t\t\t\t\t\t\t\t\t\t\t\t\t\t\t\t\t\t\t\t\t\t\t\t\t\t\t\t\t\t\t\t\t\t\t\t\t\t\t\t\t\t\t\t\t\t\t\t\t<div class=\"uael-timeline-desc-content\">The municipal authorities presided over by Mayor Vicente Mora Arenes, together with teachers and many residents, attended the ceremony for officially laying the first stone of the building to house the Practical School of Ceramics of Manises.<\/div> \t\t\t\t\t\t\t\t\t\t\t\t\t\t\t\t\t\t\t\t\t\t\t\t\t\t\t\t\t\t\t\t<\/div>\n\t\t\t\t\t\t\t\t\t\t<div class=\"uael-timeline-arrow\"><\/div>\n\t\t\t\t\t\t\t\t\t<\/div>\n\t\t\t\t\t\t\t\t\t\t\t\t\t\t\t\t\t<\/div>\n\t\t\t\t\t\t\t<\/div>\n\t\t\t\t\t\t\t\t\t\t\t\t\t\t\t<div class=\"uael-timeline-date-new\">\n\t\t\t\t\t\t\t\t\t<div class=\"uael-date-new\"><div class=\"inner-date-new\"><div >1917.01.14<\/div><\/div>\n\t\t\t\t\t\t\t\t\t<\/div>\n\t\t\t\t\t\t\t\t<\/div>\n\t\t\t\t\t\t\t\t\t\t\t\t\t<\/div>\n\t\t\t\t\t<\/div>\n\t\t\t\t\t\t\t\t\t\t\t\t\t\t\t\t\t<div class=\"elementor-repeater-item-e1d7f59 uael-timeline-field animate-border out-view\">\n\t\t\t\t\t\t<div class=\"uael-timeline-widget uael-timeline-right\">\n\t\t\t\t\t\t\t<div class=\"uael-timeline-marker\">\n\t\t\t\t\t\t\t\t<span class=\"timeline-icon-new out-view-timeline-icon\">\n\t\t\t\t\t\t\t\t\t<i aria-hidden=\"true\" class=\"fa fa-calendar\"><\/i>\t\t\t\t\t\t\t\t<\/span>\n\t\t\t\t\t\t\t<\/div>\n\n\t\t\t\t\t\t\t<div class=\"uael-day-new uael-day-right\">\n\t\t\t\t\t\t\t\t<div class=\"uael-events-new\">\n\t\t\t\t\t\t\t\t\t\t\t\t\t\t\t\t\t\t<div class=\"uael-events-inner-new\">\n\t\t\t\t\t\t\t\t\t\t\t\t\t\t\t\t\t\t\t\t\t<div class=\"uael-timeline-date-hide uael-date-inner\"><div class=\"inner-date-new\"><p >1917.04.10<\/p><\/div>\n\t\t\t\t\t\t\t\t\t\t\t<\/div>\n\t\t\t\t\t\t\t\t\t\t\t\t\t\t\t\t\t\t\t\t<div class=\"uael-content\">\n\t\t\t\t\t\t\t\t\t\t\t\t\t\t\t\t\t\t\t\t\t\t\t\t\t\t\t\t\t\t\t\t\t\t\t\t\t\t\t\t\t\t\t\t\t\t\t\t\t\t\t\t\t\t\t\t\t\t\t\t\t\t\t\t\t\t\t<div class=\"uael-timeline-desc-content\">The International Trade Fair of Valencia opens. It is the first exhibition of this nature in Spain and a showcase for promoting Manises pottery. Among others, the following exhibit their products: Sons of Justo Vilar, Francisco Valldecabres, Jos\u00e9 Piqueres, and Daughter of Juan Bta. Cabedo. <\/div> \t\t\t\t\t\t\t\t\t\t\t\t\t\t\t\t\t\t\t\t\t\t\t\t\t\t\t\t\t\t\t\t<\/div>\n\t\t\t\t\t\t\t\t\t\t<div class=\"uael-timeline-arrow\"><\/div>\n\t\t\t\t\t\t\t\t\t<\/div>\n\t\t\t\t\t\t\t\t\t\t\t\t\t\t\t\t\t<\/div>\n\t\t\t\t\t\t\t<\/div>\n\t\t\t\t\t\t\t\t\t\t\t\t\t\t\t<div class=\"uael-timeline-date-new\">\n\t\t\t\t\t\t\t\t\t<div class=\"uael-date-new\"><div class=\"inner-date-new\"><div >1917.04.10<\/div><\/div>\n\t\t\t\t\t\t\t\t\t<\/div>\n\t\t\t\t\t\t\t\t<\/div>\n\t\t\t\t\t\t\t\t\t\t\t\t\t<\/div>\n\t\t\t\t\t<\/div>\n\t\t\t\t\t\t\t\t\t\t\t\t\t\t\t\t\t<div class=\"elementor-repeater-item-8adf199 uael-timeline-field animate-border out-view\">\n\t\t\t\t\t\t<div class=\"uael-timeline-widget uael-timeline-left\">\n\t\t\t\t\t\t\t<div class=\"uael-timeline-marker\">\n\t\t\t\t\t\t\t\t<span class=\"timeline-icon-new out-view-timeline-icon\">\n\t\t\t\t\t\t\t\t\t<i aria-hidden=\"true\" class=\"fa fa-calendar\"><\/i>\t\t\t\t\t\t\t\t<\/span>\n\t\t\t\t\t\t\t<\/div>\n\n\t\t\t\t\t\t\t<div class=\"uael-day-new uael-day-left\">\n\t\t\t\t\t\t\t\t<div class=\"uael-events-new\">\n\t\t\t\t\t\t\t\t\t\t\t\t\t\t\t\t\t\t<div class=\"uael-events-inner-new\">\n\t\t\t\t\t\t\t\t\t\t\t\t\t\t\t\t\t\t\t\t\t<div class=\"uael-timeline-date-hide uael-date-inner\"><div class=\"inner-date-new\"><p >1917.06.02<\/p><\/div>\n\t\t\t\t\t\t\t\t\t\t\t<\/div>\n\t\t\t\t\t\t\t\t\t\t\t\t\t\t\t\t\t\t\t\t<div class=\"uael-content\">\n\t\t\t\t\t\t\t\t\t\t\t\t\t\t\t\t\t\t\t\t\t\t\t\t\t\t\t\t\t\t\t\t\t\t\t\t\t\t\t\t\t\t\t\t\t\t\t\t\t\t\t\t\t\t\t\t\t\t\t\t\t\t\t\t\t\t\t<div class=\"uael-timeline-desc-content\">The telegraph station of Manises starts to operate. At the opening ceremony, Mr. Buenaventura Guill\u00e9m (the Master) highlighted the importance of technological improvements \u201cas it was an eminently industrial town\u201d.<\/div> \t\t\t\t\t\t\t\t\t\t\t\t\t\t\t\t\t\t\t\t\t\t\t\t\t\t\t\t\t\t\t\t<\/div>\n\t\t\t\t\t\t\t\t\t\t<div class=\"uael-timeline-arrow\"><\/div>\n\t\t\t\t\t\t\t\t\t<\/div>\n\t\t\t\t\t\t\t\t\t\t\t\t\t\t\t\t\t<\/div>\n\t\t\t\t\t\t\t<\/div>\n\t\t\t\t\t\t\t\t\t\t\t\t\t\t\t<div class=\"uael-timeline-date-new\">\n\t\t\t\t\t\t\t\t\t<div class=\"uael-date-new\"><div class=\"inner-date-new\"><div >1917.06.02<\/div><\/div>\n\t\t\t\t\t\t\t\t\t<\/div>\n\t\t\t\t\t\t\t\t<\/div>\n\t\t\t\t\t\t\t\t\t\t\t\t\t<\/div>\n\t\t\t\t\t<\/div>\n\t\t\t\t\t\t\t\t\t\t\t\t\t\t\t\t\t<div class=\"elementor-repeater-item-dcda4b8 uael-timeline-field animate-border out-view\">\n\t\t\t\t\t\t<div class=\"uael-timeline-widget uael-timeline-right\">\n\t\t\t\t\t\t\t<div class=\"uael-timeline-marker\">\n\t\t\t\t\t\t\t\t<span class=\"timeline-icon-new out-view-timeline-icon\">\n\t\t\t\t\t\t\t\t\t<i aria-hidden=\"true\" class=\"fa fa-calendar\"><\/i>\t\t\t\t\t\t\t\t<\/span>\n\t\t\t\t\t\t\t<\/div>\n\n\t\t\t\t\t\t\t<div class=\"uael-day-new uael-day-right\">\n\t\t\t\t\t\t\t\t<div class=\"uael-events-new\">\n\t\t\t\t\t\t\t\t\t\t\t\t\t\t\t\t\t\t<div class=\"uael-events-inner-new\">\n\t\t\t\t\t\t\t\t\t\t\t\t\t\t\t\t\t\t\t\t\t<div class=\"uael-timeline-date-hide uael-date-inner\"><div class=\"inner-date-new\"><p >1920<\/p><\/div>\n\t\t\t\t\t\t\t\t\t\t\t<\/div>\n\t\t\t\t\t\t\t\t\t\t\t\t\t\t\t\t\t\t\t\t<div class=\"uael-content\">\n\t\t\t\t\t\t\t\t\t\t\t\t\t\t\t\t\t\t\t\t\t\t\t\t\t\t\t\t\t\t\t\t\t\t\t\t\t\t\t\t\t\t\t\t\t\t\t\t\t\t\t\t\t\t\t\t\t\t\t\t\t\t\t\t\t\t\t<div class=\"uael-timeline-desc-content\">The tile factories of Manises begin the process of replacing the manually driven flywheel presses, by semi-automatic electric friction presses. This innovation would enable an increase in production as well as the possibility to reduce the width of the tiles.<\/div> \t\t\t\t\t\t\t\t\t\t\t\t\t\t\t\t\t\t\t\t\t\t\t\t\t\t\t\t\t\t\t\t<\/div>\n\t\t\t\t\t\t\t\t\t\t<div class=\"uael-timeline-arrow\"><\/div>\n\t\t\t\t\t\t\t\t\t<\/div>\n\t\t\t\t\t\t\t\t\t\t\t\t\t\t\t\t\t<\/div>\n\t\t\t\t\t\t\t<\/div>\n\t\t\t\t\t\t\t\t\t\t\t\t\t\t\t<div class=\"uael-timeline-date-new\">\n\t\t\t\t\t\t\t\t\t<div class=\"uael-date-new\"><div class=\"inner-date-new\"><div >1920<\/div><\/div>\n\t\t\t\t\t\t\t\t\t<\/div>\n\t\t\t\t\t\t\t\t<\/div>\n\t\t\t\t\t\t\t\t\t\t\t\t\t<\/div>\n\t\t\t\t\t<\/div>\n\t\t\t\t\t\t\t\t\t\t\t\t\t\t\t\t\t<div class=\"elementor-repeater-item-7ca432d uael-timeline-field animate-border out-view\">\n\t\t\t\t\t\t<div class=\"uael-timeline-widget uael-timeline-left\">\n\t\t\t\t\t\t\t<div class=\"uael-timeline-marker\">\n\t\t\t\t\t\t\t\t<span class=\"timeline-icon-new out-view-timeline-icon\">\n\t\t\t\t\t\t\t\t\t<i aria-hidden=\"true\" class=\"fa fa-calendar\"><\/i>\t\t\t\t\t\t\t\t<\/span>\n\t\t\t\t\t\t\t<\/div>\n\n\t\t\t\t\t\t\t<div class=\"uael-day-new uael-day-left\">\n\t\t\t\t\t\t\t\t<div class=\"uael-events-new\">\n\t\t\t\t\t\t\t\t\t\t\t\t\t\t\t\t\t\t<div class=\"uael-events-inner-new\">\n\t\t\t\t\t\t\t\t\t\t\t\t\t\t\t\t\t\t\t\t\t<div class=\"uael-timeline-date-hide uael-date-inner\"><div class=\"inner-date-new\"><p >1921. October<\/p><\/div>\n\t\t\t\t\t\t\t\t\t\t\t<\/div>\n\t\t\t\t\t\t\t\t\t\t\t\t\t\t\t\t\t\t\t\t<div class=\"uael-content\">\n\t\t\t\t\t\t\t\t\t\t\t\t\t\t\t\t\t\t\t\t\t\t\t\t\t\t\t\t\t\t\t\t\t\t\t\t\t\t\t\t\t\t\t\t\t\t\t\t\t\t\t\t\t\t\t\t\t\t\t\t\t\t\t\t\t\t\t<div class=\"uael-timeline-desc-content\">The Manises Association of Manufacturers donates \u00abover seventeen thousand tiles\u00bb for the Colony-Sanatorium of Fontilles. <\/div> \t\t\t\t\t\t\t\t\t\t\t\t\t\t\t\t\t\t\t\t\t\t\t\t\t\t\t\t\t\t\t\t<\/div>\n\t\t\t\t\t\t\t\t\t\t<div class=\"uael-timeline-arrow\"><\/div>\n\t\t\t\t\t\t\t\t\t<\/div>\n\t\t\t\t\t\t\t\t\t\t\t\t\t\t\t\t\t<\/div>\n\t\t\t\t\t\t\t<\/div>\n\t\t\t\t\t\t\t\t\t\t\t\t\t\t\t<div class=\"uael-timeline-date-new\">\n\t\t\t\t\t\t\t\t\t<div class=\"uael-date-new\"><div class=\"inner-date-new\"><div >1921. October<\/div><\/div>\n\t\t\t\t\t\t\t\t\t<\/div>\n\t\t\t\t\t\t\t\t<\/div>\n\t\t\t\t\t\t\t\t\t\t\t\t\t<\/div>\n\t\t\t\t\t<\/div>\n\t\t\t\t\t\t\t\t\t\t\t\t\t\t\t\t\t<div class=\"elementor-repeater-item-cf375ca uael-timeline-field animate-border out-view\">\n\t\t\t\t\t\t<div class=\"uael-timeline-widget uael-timeline-right\">\n\t\t\t\t\t\t\t<div class=\"uael-timeline-marker\">\n\t\t\t\t\t\t\t\t<span class=\"timeline-icon-new out-view-timeline-icon\">\n\t\t\t\t\t\t\t\t\t<i aria-hidden=\"true\" class=\"fa fa-calendar\"><\/i>\t\t\t\t\t\t\t\t<\/span>\n\t\t\t\t\t\t\t<\/div>\n\n\t\t\t\t\t\t\t<div class=\"uael-day-new uael-day-right\">\n\t\t\t\t\t\t\t\t<div class=\"uael-events-new\">\n\t\t\t\t\t\t\t\t\t\t\t\t\t\t\t\t\t\t<div class=\"uael-events-inner-new\">\n\t\t\t\t\t\t\t\t\t\t\t\t\t\t\t\t\t\t\t\t\t<div class=\"uael-timeline-date-hide uael-date-inner\"><div class=\"inner-date-new\"><p >1922-1932<\/p><\/div>\n\t\t\t\t\t\t\t\t\t\t\t<\/div>\n\t\t\t\t\t\t\t\t\t\t\t\t\t\t\t\t\t\t\t\t<div class=\"uael-content\">\n\t\t\t\t\t\t\t\t\t\t\t\t\t\t\t\t\t\t\t\t\t\t\t\t\t\t\t\t\t\t\t\t\t\t\t\t\t\t\t\t\t\t\t\t\t\t\t\t\t\t\t\t\t\t\t\t\t\t\t\t\t\t\t\t\t\t\t<div class=\"uael-timeline-desc-content\">Many artists come to Manises to train in ceramics, attracted by the possibilities offered by the Practical School and the booming local industry: Andr\u00e9s Campos Cervera (Paraguay), Vicente Speranza (Uruguay), Carmen Saco (Peru), Josefina Pl\u00e1 (Spain\/Paraguay), Dionisia Masdeu (Zaragoza)&#8230; <\/div> \t\t\t\t\t\t\t\t\t\t\t\t\t\t\t\t\t\t\t\t\t\t\t\t\t\t\t\t\t\t\t\t<\/div>\n\t\t\t\t\t\t\t\t\t\t<div class=\"uael-timeline-arrow\"><\/div>\n\t\t\t\t\t\t\t\t\t<\/div>\n\t\t\t\t\t\t\t\t\t\t\t\t\t\t\t\t\t<\/div>\n\t\t\t\t\t\t\t<\/div>\n\t\t\t\t\t\t\t\t\t\t\t\t\t\t\t<div class=\"uael-timeline-date-new\">\n\t\t\t\t\t\t\t\t\t<div class=\"uael-date-new\"><div class=\"inner-date-new\"><div >1922-1932<\/div><\/div>\n\t\t\t\t\t\t\t\t\t<\/div>\n\t\t\t\t\t\t\t\t<\/div>\n\t\t\t\t\t\t\t\t\t\t\t\t\t<\/div>\n\t\t\t\t\t<\/div>\n\t\t\t\t\t\t\t\t\t\t\t\t\t\t\t\t\t<div class=\"elementor-repeater-item-a455804 uael-timeline-field animate-border out-view\">\n\t\t\t\t\t\t<div class=\"uael-timeline-widget uael-timeline-left\">\n\t\t\t\t\t\t\t<div class=\"uael-timeline-marker\">\n\t\t\t\t\t\t\t\t<span class=\"timeline-icon-new out-view-timeline-icon\">\n\t\t\t\t\t\t\t\t\t<i aria-hidden=\"true\" class=\"fa fa-calendar\"><\/i>\t\t\t\t\t\t\t\t<\/span>\n\t\t\t\t\t\t\t<\/div>\n\n\t\t\t\t\t\t\t<div class=\"uael-day-new uael-day-left\">\n\t\t\t\t\t\t\t\t<div class=\"uael-events-new\">\n\t\t\t\t\t\t\t\t\t\t\t\t\t\t\t\t\t\t<div class=\"uael-events-inner-new\">\n\t\t\t\t\t\t\t\t\t\t\t\t\t\t\t\t\t\t\t\t\t<div class=\"uael-timeline-date-hide uael-date-inner\"><div class=\"inner-date-new\"><p >1924.12.26<\/p><\/div>\n\t\t\t\t\t\t\t\t\t\t\t<\/div>\n\t\t\t\t\t\t\t\t\t\t\t\t\t\t\t\t\t\t\t\t<div class=\"uael-content\">\n\t\t\t\t\t\t\t\t\t\t\t\t\t\t\t\t\t\t\t\t\t\t\t\t\t\t\t\t\t\t\t\t\t\t\t\t\t\t\t\t\t\t\t\t\t\t\t\t\t\t\t\t\t\t\t\t\t\t\t\t\t\t\t\t\t\t\t<div class=\"uael-timeline-desc-content\">King Alphonse XIII grants the Title of Historic and Industrious City to Manises \u00abfor having been dedicated from time immemorial to the ceramic industry and artistic majolica, whose products are exported to Europe and particularly to South America\u00bb. <\/div> \t\t\t\t\t\t\t\t\t\t\t\t\t\t\t\t\t\t\t\t\t\t\t\t\t\t\t\t\t\t\t\t<\/div>\n\t\t\t\t\t\t\t\t\t\t<div class=\"uael-timeline-arrow\"><\/div>\n\t\t\t\t\t\t\t\t\t<\/div>\n\t\t\t\t\t\t\t\t\t\t\t\t\t\t\t\t\t<\/div>\n\t\t\t\t\t\t\t<\/div>\n\t\t\t\t\t\t\t\t\t\t\t\t\t\t\t<div class=\"uael-timeline-date-new\">\n\t\t\t\t\t\t\t\t\t<div class=\"uael-date-new\"><div class=\"inner-date-new\"><div >1924.12.26<\/div><\/div>\n\t\t\t\t\t\t\t\t\t<\/div>\n\t\t\t\t\t\t\t\t<\/div>\n\t\t\t\t\t\t\t\t\t\t\t\t\t<\/div>\n\t\t\t\t\t<\/div>\n\t\t\t\t\t\t\t\t\t\t\t\t\t\t\t\t\t<div class=\"elementor-repeater-item-701ef03 uael-timeline-field animate-border out-view\">\n\t\t\t\t\t\t<div class=\"uael-timeline-widget uael-timeline-right\">\n\t\t\t\t\t\t\t<div class=\"uael-timeline-marker\">\n\t\t\t\t\t\t\t\t<span class=\"timeline-icon-new out-view-timeline-icon\">\n\t\t\t\t\t\t\t\t\t<i aria-hidden=\"true\" class=\"fa fa-calendar\"><\/i>\t\t\t\t\t\t\t\t<\/span>\n\t\t\t\t\t\t\t<\/div>\n\n\t\t\t\t\t\t\t<div class=\"uael-day-new uael-day-right\">\n\t\t\t\t\t\t\t\t<div class=\"uael-events-new\">\n\t\t\t\t\t\t\t\t\t\t\t\t\t\t\t\t\t\t<div class=\"uael-events-inner-new\">\n\t\t\t\t\t\t\t\t\t\t\t\t\t\t\t\t\t\t\t\t\t<div class=\"uael-timeline-date-hide uael-date-inner\"><div class=\"inner-date-new\"><p >1925.11.19<\/p><\/div>\n\t\t\t\t\t\t\t\t\t\t\t<\/div>\n\t\t\t\t\t\t\t\t\t\t\t\t\t\t\t\t\t\t\t\t<div class=\"uael-content\">\n\t\t\t\t\t\t\t\t\t\t\t\t\t\t\t\t\t\t\t\t\t\t\t\t\t\t\t\t\t\t\t\t\t\t\t\t\t\t\t\t\t\t\t\t\t\t\t\t\t\t\t\t\t\t\t\t\t\t\t\t\t\t\t\t\t\t\t<div class=\"uael-timeline-desc-content\">According to the La Libertad newspaper, the participants from Manises who were awarded a prize at the International Exhibition of Decorative Arts in Paris were: the School of Ceramics, Bronze Medal; Heirs of Francisco Valldecabres [Azulejos J. M\u00aa Verdejo], Gold Medal, and Juan Bautista Huerta, Highest Distinction.<\/div> \t\t\t\t\t\t\t\t\t\t\t\t\t\t\t\t\t\t\t\t\t\t\t\t\t\t\t\t\t\t\t\t<\/div>\n\t\t\t\t\t\t\t\t\t\t<div class=\"uael-timeline-arrow\"><\/div>\n\t\t\t\t\t\t\t\t\t<\/div>\n\t\t\t\t\t\t\t\t\t\t\t\t\t\t\t\t\t<\/div>\n\t\t\t\t\t\t\t<\/div>\n\t\t\t\t\t\t\t\t\t\t\t\t\t\t\t<div class=\"uael-timeline-date-new\">\n\t\t\t\t\t\t\t\t\t<div class=\"uael-date-new\"><div class=\"inner-date-new\"><div >1925.11.19<\/div><\/div>\n\t\t\t\t\t\t\t\t\t<\/div>\n\t\t\t\t\t\t\t\t<\/div>\n\t\t\t\t\t\t\t\t\t\t\t\t\t<\/div>\n\t\t\t\t\t<\/div>\n\t\t\t\t\t\t\t\t\t\t\t\t\t\t\t\t\t<div class=\"elementor-repeater-item-47e6deb uael-timeline-field animate-border out-view\">\n\t\t\t\t\t\t<div class=\"uael-timeline-widget uael-timeline-left\">\n\t\t\t\t\t\t\t<div class=\"uael-timeline-marker\">\n\t\t\t\t\t\t\t\t<span class=\"timeline-icon-new out-view-timeline-icon\">\n\t\t\t\t\t\t\t\t\t<i aria-hidden=\"true\" class=\"fa fa-calendar\"><\/i>\t\t\t\t\t\t\t\t<\/span>\n\t\t\t\t\t\t\t<\/div>\n\n\t\t\t\t\t\t\t<div class=\"uael-day-new uael-day-left\">\n\t\t\t\t\t\t\t\t<div class=\"uael-events-new\">\n\t\t\t\t\t\t\t\t\t\t\t\t\t\t\t\t\t\t<div class=\"uael-events-inner-new\">\n\t\t\t\t\t\t\t\t\t\t\t\t\t\t\t\t\t\t\t\t\t<div class=\"uael-timeline-date-hide uael-date-inner\"><div class=\"inner-date-new\"><p >1926<\/p><\/div>\n\t\t\t\t\t\t\t\t\t\t\t<\/div>\n\t\t\t\t\t\t\t\t\t\t\t\t\t\t\t\t\t\t\t\t<div class=\"uael-content\">\n\t\t\t\t\t\t\t\t\t\t\t\t\t\t\t\t\t\t\t\t\t\t\t\t\t\t\t\t\t\t\t\t\t\t\t\t\t\t\t\t\t\t\t\t\t\t\t\t\t\t\t\t\t\t\t\t\t\t\t\t\t\t\t\t\t\t\t<div class=\"uael-timeline-desc-content\">At the International Exhibition of Philadelphia, where Spain\u2019s pavilion stood out, the Manises factories exhibiting their ceramics were: Juan Bautista Huerta, Grand Prize; Carlos Nadal Monera, Diploma and Medal of Honour; Juan Bautista Cabedo, and Jos\u00e9 M\u00aa Mart\u00ednez Avi\u00f1\u00f3. <\/div> \t\t\t\t\t\t\t\t\t\t\t\t\t\t\t\t\t\t\t\t\t\t\t\t\t\t\t\t\t\t\t\t<\/div>\n\t\t\t\t\t\t\t\t\t\t<div class=\"uael-timeline-arrow\"><\/div>\n\t\t\t\t\t\t\t\t\t<\/div>\n\t\t\t\t\t\t\t\t\t\t\t\t\t\t\t\t\t<\/div>\n\t\t\t\t\t\t\t<\/div>\n\t\t\t\t\t\t\t\t\t\t\t\t\t\t\t<div class=\"uael-timeline-date-new\">\n\t\t\t\t\t\t\t\t\t<div class=\"uael-date-new\"><div class=\"inner-date-new\"><div >1926<\/div><\/div>\n\t\t\t\t\t\t\t\t\t<\/div>\n\t\t\t\t\t\t\t\t<\/div>\n\t\t\t\t\t\t\t\t\t\t\t\t\t<\/div>\n\t\t\t\t\t<\/div>\n\t\t\t\t\t\t\t\t\t\t\t\t\t\t\t\t\t<div class=\"elementor-repeater-item-e93c4b0 uael-timeline-field animate-border out-view\">\n\t\t\t\t\t\t<div class=\"uael-timeline-widget uael-timeline-right\">\n\t\t\t\t\t\t\t<div class=\"uael-timeline-marker\">\n\t\t\t\t\t\t\t\t<span class=\"timeline-icon-new out-view-timeline-icon\">\n\t\t\t\t\t\t\t\t\t<i aria-hidden=\"true\" class=\"fa fa-calendar\"><\/i>\t\t\t\t\t\t\t\t<\/span>\n\t\t\t\t\t\t\t<\/div>\n\n\t\t\t\t\t\t\t<div class=\"uael-day-new uael-day-right\">\n\t\t\t\t\t\t\t\t<div class=\"uael-events-new\">\n\t\t\t\t\t\t\t\t\t\t\t\t\t\t\t\t\t\t<div class=\"uael-events-inner-new\">\n\t\t\t\t\t\t\t\t\t\t\t\t\t\t\t\t\t\t\t\t\t<div class=\"uael-timeline-date-hide uael-date-inner\"><div class=\"inner-date-new\"><p >1927.08.04<\/p><\/div>\n\t\t\t\t\t\t\t\t\t\t\t<\/div>\n\t\t\t\t\t\t\t\t\t\t\t\t\t\t\t\t\t\t\t\t<div class=\"uael-content\">\n\t\t\t\t\t\t\t\t\t\t\t\t\t\t\t\t\t\t\t\t\t\t\t\t\t\t\t\t\t\t\t\t\t\t\t\t\t\t\t\t\t\t\t\t\t\t\t\t\t\t\t\t\t\t\t\t\t\t\t\t\t\t\t\t\t\t\t<div class=\"uael-timeline-desc-content\">Chemist Conrado Granell requests the patenting of the \u00abSina\u00ed\u00bb water filter, a ceramic artifact that is registered with no. 103867. For its production and commercialisation, Manises industrialists Salvador P\u00e9rez Burgos and Vicente Montaner Lerma join forces with the inventor. <\/div> \t\t\t\t\t\t\t\t\t\t\t\t\t\t\t\t\t\t\t\t\t\t\t\t\t\t\t\t\t\t\t\t<\/div>\n\t\t\t\t\t\t\t\t\t\t<div class=\"uael-timeline-arrow\"><\/div>\n\t\t\t\t\t\t\t\t\t<\/div>\n\t\t\t\t\t\t\t\t\t\t\t\t\t\t\t\t\t<\/div>\n\t\t\t\t\t\t\t<\/div>\n\t\t\t\t\t\t\t\t\t\t\t\t\t\t\t<div class=\"uael-timeline-date-new\">\n\t\t\t\t\t\t\t\t\t<div class=\"uael-date-new\"><div class=\"inner-date-new\"><div >1927.08.04<\/div><\/div>\n\t\t\t\t\t\t\t\t\t<\/div>\n\t\t\t\t\t\t\t\t<\/div>\n\t\t\t\t\t\t\t\t\t\t\t\t\t<\/div>\n\t\t\t\t\t<\/div>\n\t\t\t\t\t\t\t\t\t\t\t\t\t\t\t\t\t<div class=\"elementor-repeater-item-290645e uael-timeline-field animate-border out-view\">\n\t\t\t\t\t\t<div class=\"uael-timeline-widget uael-timeline-left\">\n\t\t\t\t\t\t\t<div class=\"uael-timeline-marker\">\n\t\t\t\t\t\t\t\t<span class=\"timeline-icon-new out-view-timeline-icon\">\n\t\t\t\t\t\t\t\t\t<i aria-hidden=\"true\" class=\"fa fa-calendar\"><\/i>\t\t\t\t\t\t\t\t<\/span>\n\t\t\t\t\t\t\t<\/div>\n\n\t\t\t\t\t\t\t<div class=\"uael-day-new uael-day-left\">\n\t\t\t\t\t\t\t\t<div class=\"uael-events-new\">\n\t\t\t\t\t\t\t\t\t\t\t\t\t\t\t\t\t\t<div class=\"uael-events-inner-new\">\n\t\t\t\t\t\t\t\t\t\t\t\t\t\t\t\t\t\t\t\t\t<div class=\"uael-timeline-date-hide uael-date-inner\"><div class=\"inner-date-new\"><p >1927.09.24<\/p><\/div>\n\t\t\t\t\t\t\t\t\t\t\t<\/div>\n\t\t\t\t\t\t\t\t\t\t\t\t\t\t\t\t\t\t\t\t<div class=\"uael-content\">\n\t\t\t\t\t\t\t\t\t\t\t\t\t\t\t\t\t\t\t\t\t\t\t\t\t\t\t\t\t\t\t\t\t\t\t\t\t\t\t\t\t\t\t\t\t\t\t\t\t\t\t\t\t\t\t\t\t\t\t\t\t\t\t\t\t\t\t<div class=\"uael-timeline-desc-content\">\u00abThe Union of Manufacturers of Ceramics of the Kingdom of Valencia\u00bb is set up in Manises. A local business association created to help advance this industrial sector and defend their legitimate interests. It ceased to exist in July 1936.<\/div> \t\t\t\t\t\t\t\t\t\t\t\t\t\t\t\t\t\t\t\t\t\t\t\t\t\t\t\t\t\t\t\t<\/div>\n\t\t\t\t\t\t\t\t\t\t<div class=\"uael-timeline-arrow\"><\/div>\n\t\t\t\t\t\t\t\t\t<\/div>\n\t\t\t\t\t\t\t\t\t\t\t\t\t\t\t\t\t<\/div>\n\t\t\t\t\t\t\t<\/div>\n\t\t\t\t\t\t\t\t\t\t\t\t\t\t\t<div class=\"uael-timeline-date-new\">\n\t\t\t\t\t\t\t\t\t<div class=\"uael-date-new\"><div class=\"inner-date-new\"><div >1927.09.24<\/div><\/div>\n\t\t\t\t\t\t\t\t\t<\/div>\n\t\t\t\t\t\t\t\t<\/div>\n\t\t\t\t\t\t\t\t\t\t\t\t\t<\/div>\n\t\t\t\t\t<\/div>\n\t\t\t\t\t\t\t\t\t\t\t\t\t\t\t\t\t<div class=\"elementor-repeater-item-360b382 uael-timeline-field animate-border out-view\">\n\t\t\t\t\t\t<div class=\"uael-timeline-widget uael-timeline-right\">\n\t\t\t\t\t\t\t<div class=\"uael-timeline-marker\">\n\t\t\t\t\t\t\t\t<span class=\"timeline-icon-new out-view-timeline-icon\">\n\t\t\t\t\t\t\t\t\t<i aria-hidden=\"true\" class=\"fa fa-calendar\"><\/i>\t\t\t\t\t\t\t\t<\/span>\n\t\t\t\t\t\t\t<\/div>\n\n\t\t\t\t\t\t\t<div class=\"uael-day-new uael-day-right\">\n\t\t\t\t\t\t\t\t<div class=\"uael-events-new\">\n\t\t\t\t\t\t\t\t\t\t\t\t\t\t\t\t\t\t<div class=\"uael-events-inner-new\">\n\t\t\t\t\t\t\t\t\t\t\t\t\t\t\t\t\t\t\t\t\t<div class=\"uael-timeline-date-hide uael-date-inner\"><div class=\"inner-date-new\"><p >1927<\/p><\/div>\n\t\t\t\t\t\t\t\t\t\t\t<\/div>\n\t\t\t\t\t\t\t\t\t\t\t\t\t\t\t\t\t\t\t\t<div class=\"uael-content\">\n\t\t\t\t\t\t\t\t\t\t\t\t\t\t\t\t\t\t\t\t\t\t\t\t\t\t\t\t\t\t\t\t\t\t\t\t\t\t\t\t\t\t\t\t\t\t\t\t\t\t\t\t\t\t\t\t\t\t\t\t\t\t\t\t\t\t\t<div class=\"uael-timeline-desc-content\">Manuel Mart\u00ed Donderis, trader, and Vicente Vilar David, chemical engineer, joined forces to create the first factory in Manises for specifically producing frits, glazes and colorants for the ceramics industry. This company was popularly known as the \u00abThe colour factory\u00bb.<\/div> \t\t\t\t\t\t\t\t\t\t\t\t\t\t\t\t\t\t\t\t\t\t\t\t\t\t\t\t\t\t\t\t<\/div>\n\t\t\t\t\t\t\t\t\t\t<div class=\"uael-timeline-arrow\"><\/div>\n\t\t\t\t\t\t\t\t\t<\/div>\n\t\t\t\t\t\t\t\t\t\t\t\t\t\t\t\t\t<\/div>\n\t\t\t\t\t\t\t<\/div>\n\t\t\t\t\t\t\t\t\t\t\t\t\t\t\t<div class=\"uael-timeline-date-new\">\n\t\t\t\t\t\t\t\t\t<div class=\"uael-date-new\"><div class=\"inner-date-new\"><div >1927<\/div><\/div>\n\t\t\t\t\t\t\t\t\t<\/div>\n\t\t\t\t\t\t\t\t<\/div>\n\t\t\t\t\t\t\t\t\t\t\t\t\t<\/div>\n\t\t\t\t\t<\/div>\n\t\t\t\t\t\t\t\t\t\t\t\t\t\t\t\t\t<div class=\"elementor-repeater-item-e85a767 uael-timeline-field animate-border out-view\">\n\t\t\t\t\t\t<div class=\"uael-timeline-widget uael-timeline-left\">\n\t\t\t\t\t\t\t<div class=\"uael-timeline-marker\">\n\t\t\t\t\t\t\t\t<span class=\"timeline-icon-new out-view-timeline-icon\">\n\t\t\t\t\t\t\t\t\t<i aria-hidden=\"true\" class=\"fa fa-calendar\"><\/i>\t\t\t\t\t\t\t\t<\/span>\n\t\t\t\t\t\t\t<\/div>\n\n\t\t\t\t\t\t\t<div class=\"uael-day-new uael-day-left\">\n\t\t\t\t\t\t\t\t<div class=\"uael-events-new\">\n\t\t\t\t\t\t\t\t\t\t\t\t\t\t\t\t\t\t<div class=\"uael-events-inner-new\">\n\t\t\t\t\t\t\t\t\t\t\t\t\t\t\t\t\t\t\t\t\t<div class=\"uael-timeline-date-hide uael-date-inner\"><div class=\"inner-date-new\"><p >1928<\/p><\/div>\n\t\t\t\t\t\t\t\t\t\t\t<\/div>\n\t\t\t\t\t\t\t\t\t\t\t\t\t\t\t\t\t\t\t\t<div class=\"uael-content\">\n\t\t\t\t\t\t\t\t\t\t\t\t\t\t\t\t\t\t\t\t\t\t\t\t\t\t\t\t\t\t\t\t\t\t\t\t\t\t\t\t\t\t\t\t\t\t\t\t\t\t\t\t\t\t\t\t\t\t\t\t\t\t\t\t\t\t\t<div class=\"uael-timeline-desc-content\">The Eloy Dom\u00ednguez tile factory (CEDOLESA), one of the most important in Spain, sets up the first continuous kiln in Manises for second firing. This technological innovation was crucial for improving and raising production. <\/div> \t\t\t\t\t\t\t\t\t\t\t\t\t\t\t\t\t\t\t\t\t\t\t\t\t\t\t\t\t\t\t\t<\/div>\n\t\t\t\t\t\t\t\t\t\t<div class=\"uael-timeline-arrow\"><\/div>\n\t\t\t\t\t\t\t\t\t<\/div>\n\t\t\t\t\t\t\t\t\t\t\t\t\t\t\t\t\t<\/div>\n\t\t\t\t\t\t\t<\/div>\n\t\t\t\t\t\t\t\t\t\t\t\t\t\t\t<div class=\"uael-timeline-date-new\">\n\t\t\t\t\t\t\t\t\t<div class=\"uael-date-new\"><div class=\"inner-date-new\"><div >1928<\/div><\/div>\n\t\t\t\t\t\t\t\t\t<\/div>\n\t\t\t\t\t\t\t\t<\/div>\n\t\t\t\t\t\t\t\t\t\t\t\t\t<\/div>\n\t\t\t\t\t<\/div>\n\t\t\t\t\t\t\t\t\t\t\t\t\t\t\t\t\t<div class=\"elementor-repeater-item-cea54d2 uael-timeline-field animate-border out-view\">\n\t\t\t\t\t\t<div class=\"uael-timeline-widget uael-timeline-right\">\n\t\t\t\t\t\t\t<div class=\"uael-timeline-marker\">\n\t\t\t\t\t\t\t\t<span class=\"timeline-icon-new out-view-timeline-icon\">\n\t\t\t\t\t\t\t\t\t<i aria-hidden=\"true\" class=\"fa fa-calendar\"><\/i>\t\t\t\t\t\t\t\t<\/span>\n\t\t\t\t\t\t\t<\/div>\n\n\t\t\t\t\t\t\t<div class=\"uael-day-new uael-day-right\">\n\t\t\t\t\t\t\t\t<div class=\"uael-events-new\">\n\t\t\t\t\t\t\t\t\t\t\t\t\t\t\t\t\t\t<div class=\"uael-events-inner-new\">\n\t\t\t\t\t\t\t\t\t\t\t\t\t\t\t\t\t\t\t\t\t<div class=\"uael-timeline-date-hide uael-date-inner\"><div class=\"inner-date-new\"><p >1928.08.05<\/p><\/div>\n\t\t\t\t\t\t\t\t\t\t\t<\/div>\n\t\t\t\t\t\t\t\t\t\t\t\t\t\t\t\t\t\t\t\t<div class=\"uael-content\">\n\t\t\t\t\t\t\t\t\t\t\t\t\t\t\t\t\t\t\t\t\t\t\t\t\t\t\t\t\t\t\t\t\t\t\t\t\t\t\t\t\t\t\t\t\t\t\t\t\t\t\t\t\t\t\t\t\t\t\t\t\t\t\t\t\t\t\t<div class=\"uael-timeline-desc-content\">Jos\u00e9 Gimeno Mart\u00ednez advertises his \u00abFactory and showroom in Calle del Huerto 26\u00bb in the Las Provincias newspaper, he describes it as \u00abValencian Ceramics\u00bb, and offers replicas of what is \u00abtraditional in the country\u00bb, but also \u00abModern art\u00bb and \u00abCeramic advertising posters\u00bb. <\/div> \t\t\t\t\t\t\t\t\t\t\t\t\t\t\t\t\t\t\t\t\t\t\t\t\t\t\t\t\t\t\t\t<\/div>\n\t\t\t\t\t\t\t\t\t\t<div class=\"uael-timeline-arrow\"><\/div>\n\t\t\t\t\t\t\t\t\t<\/div>\n\t\t\t\t\t\t\t\t\t\t\t\t\t\t\t\t\t<\/div>\n\t\t\t\t\t\t\t<\/div>\n\t\t\t\t\t\t\t\t\t\t\t\t\t\t\t<div class=\"uael-timeline-date-new\">\n\t\t\t\t\t\t\t\t\t<div class=\"uael-date-new\"><div class=\"inner-date-new\"><div >1928.08.05<\/div><\/div>\n\t\t\t\t\t\t\t\t\t<\/div>\n\t\t\t\t\t\t\t\t<\/div>\n\t\t\t\t\t\t\t\t\t\t\t\t\t<\/div>\n\t\t\t\t\t<\/div>\n\t\t\t\t\t\t\t\t\t\t\t\t\t\t\t\t\t<div class=\"elementor-repeater-item-1aae9dd uael-timeline-field animate-border out-view\">\n\t\t\t\t\t\t<div class=\"uael-timeline-widget uael-timeline-left\">\n\t\t\t\t\t\t\t<div class=\"uael-timeline-marker\">\n\t\t\t\t\t\t\t\t<span class=\"timeline-icon-new out-view-timeline-icon\">\n\t\t\t\t\t\t\t\t\t<i aria-hidden=\"true\" class=\"fa fa-calendar\"><\/i>\t\t\t\t\t\t\t\t<\/span>\n\t\t\t\t\t\t\t<\/div>\n\n\t\t\t\t\t\t\t<div class=\"uael-day-new uael-day-left\">\n\t\t\t\t\t\t\t\t<div class=\"uael-events-new\">\n\t\t\t\t\t\t\t\t\t\t\t\t\t\t\t\t\t\t<div class=\"uael-events-inner-new\">\n\t\t\t\t\t\t\t\t\t\t\t\t\t\t\t\t\t\t\t\t\t<div class=\"uael-timeline-date-hide uael-date-inner\"><div class=\"inner-date-new\"><p >1929.01.18<\/p><\/div>\n\t\t\t\t\t\t\t\t\t\t\t<\/div>\n\t\t\t\t\t\t\t\t\t\t\t\t\t\t\t\t\t\t\t\t<div class=\"uael-content\">\n\t\t\t\t\t\t\t\t\t\t\t\t\t\t\t\t\t\t\t\t\t\t\t\t\t\t\t\t\t\t\t\t\t\t\t\t\t\t\t\t\t\t\t\t\t\t\t\t\t\t\t\t\t\t\t\t\t\t\t\t\t\t\t\t\t\t\t<div class=\"uael-timeline-desc-content\">Carmen Botet, the young ceramist from Manises, opens her first solo exhibition in the Sala Imperium in Valencia and it is mentioned in all of the city\u2019s press; J. M\u00aa. Bayarri, in the Diario de Valencia, writes: \u00ab\u2026it reveals clear talent that can still grow\u2026\u00bb.<\/div> \t\t\t\t\t\t\t\t\t\t\t\t\t\t\t\t\t\t\t\t\t\t\t\t\t\t\t\t\t\t\t\t<\/div>\n\t\t\t\t\t\t\t\t\t\t<div class=\"uael-timeline-arrow\"><\/div>\n\t\t\t\t\t\t\t\t\t<\/div>\n\t\t\t\t\t\t\t\t\t\t\t\t\t\t\t\t\t<\/div>\n\t\t\t\t\t\t\t<\/div>\n\t\t\t\t\t\t\t\t\t\t\t\t\t\t\t<div class=\"uael-timeline-date-new\">\n\t\t\t\t\t\t\t\t\t<div class=\"uael-date-new\"><div class=\"inner-date-new\"><div >1929.01.18<\/div><\/div>\n\t\t\t\t\t\t\t\t\t<\/div>\n\t\t\t\t\t\t\t\t<\/div>\n\t\t\t\t\t\t\t\t\t\t\t\t\t<\/div>\n\t\t\t\t\t<\/div>\n\t\t\t\t\t\t\t\t\t\t\t\t\t\t\t\t\t<div class=\"elementor-repeater-item-4301aaa uael-timeline-field animate-border out-view\">\n\t\t\t\t\t\t<div class=\"uael-timeline-widget uael-timeline-right\">\n\t\t\t\t\t\t\t<div class=\"uael-timeline-marker\">\n\t\t\t\t\t\t\t\t<span class=\"timeline-icon-new out-view-timeline-icon\">\n\t\t\t\t\t\t\t\t\t<i aria-hidden=\"true\" class=\"fa fa-calendar\"><\/i>\t\t\t\t\t\t\t\t<\/span>\n\t\t\t\t\t\t\t<\/div>\n\n\t\t\t\t\t\t\t<div class=\"uael-day-new uael-day-right\">\n\t\t\t\t\t\t\t\t<div class=\"uael-events-new\">\n\t\t\t\t\t\t\t\t\t\t\t\t\t\t\t\t\t\t<div class=\"uael-events-inner-new\">\n\t\t\t\t\t\t\t\t\t\t\t\t\t\t\t\t\t\t\t\t\t<div class=\"uael-timeline-date-hide uael-date-inner\"><div class=\"inner-date-new\"><p >1931.04.14<\/p><\/div>\n\t\t\t\t\t\t\t\t\t\t\t<\/div>\n\t\t\t\t\t\t\t\t\t\t\t\t\t\t\t\t\t\t\t\t<div class=\"uael-content\">\n\t\t\t\t\t\t\t\t\t\t\t\t\t\t\t\t\t\t\t\t\t\t\t\t\t\t\t\t\t\t\t\t\t\t\t\t\t\t\t\t\t\t\t\t\t\t\t\t\t\t\t\t\t\t\t\t\t\t\t\t\t\t\t\t\t\t\t<div class=\"uael-timeline-desc-content\">The proclamation of Spain\u2019s Second Republic reactivated the formation of associations and participation in politics. The Workers\u2019 Union of Manises \u201cLa Protecci\u00f3n\u201d is set up, and the Trade Union of Manufacturers of Ceramics, founded in 1927, ups its demands.<\/div> \t\t\t\t\t\t\t\t\t\t\t\t\t\t\t\t\t\t\t\t\t\t\t\t\t\t\t\t\t\t\t\t<\/div>\n\t\t\t\t\t\t\t\t\t\t<div class=\"uael-timeline-arrow\"><\/div>\n\t\t\t\t\t\t\t\t\t<\/div>\n\t\t\t\t\t\t\t\t\t\t\t\t\t\t\t\t\t<\/div>\n\t\t\t\t\t\t\t<\/div>\n\t\t\t\t\t\t\t\t\t\t\t\t\t\t\t<div class=\"uael-timeline-date-new\">\n\t\t\t\t\t\t\t\t\t<div class=\"uael-date-new\"><div class=\"inner-date-new\"><div >1931.04.14<\/div><\/div>\n\t\t\t\t\t\t\t\t\t<\/div>\n\t\t\t\t\t\t\t\t<\/div>\n\t\t\t\t\t\t\t\t\t\t\t\t\t<\/div>\n\t\t\t\t\t<\/div>\n\t\t\t\t\t\t\t\t\t\t\t\t\t\t\t\t\t<div class=\"elementor-repeater-item-a32d33c uael-timeline-field animate-border out-view\">\n\t\t\t\t\t\t<div class=\"uael-timeline-widget uael-timeline-left\">\n\t\t\t\t\t\t\t<div class=\"uael-timeline-marker\">\n\t\t\t\t\t\t\t\t<span class=\"timeline-icon-new out-view-timeline-icon\">\n\t\t\t\t\t\t\t\t\t<i aria-hidden=\"true\" class=\"fa fa-calendar\"><\/i>\t\t\t\t\t\t\t\t<\/span>\n\t\t\t\t\t\t\t<\/div>\n\n\t\t\t\t\t\t\t<div class=\"uael-day-new uael-day-left\">\n\t\t\t\t\t\t\t\t<div class=\"uael-events-new\">\n\t\t\t\t\t\t\t\t\t\t\t\t\t\t\t\t\t\t<div class=\"uael-events-inner-new\">\n\t\t\t\t\t\t\t\t\t\t\t\t\t\t\t\t\t\t\t\t\t<div class=\"uael-timeline-date-hide uael-date-inner\"><div class=\"inner-date-new\"><p >1931<\/p><\/div>\n\t\t\t\t\t\t\t\t\t\t\t<\/div>\n\t\t\t\t\t\t\t\t\t\t\t\t\t\t\t\t\t\t\t\t<div class=\"uael-content\">\n\t\t\t\t\t\t\t\t\t\t\t\t\t\t\t\t\t\t\t\t\t\t\t\t\t\t\t\t\t\t\t\t\t\t\t\t\t\t\t\t\t\t\t\t\t\t\t\t\t\t\t\t\t\t\t\t\t\t\t\t\t\t\t\t\t\t\t<div class=\"uael-timeline-desc-content\">Forty two factories in Manises come together to create the Centre for Earthenware and Ceramics for jointly marketing their production and preventing mutual competition. In 1932, it took part with 6 stands in the International Trade Fair of Valencia. <\/div> \t\t\t\t\t\t\t\t\t\t\t\t\t\t\t\t\t\t\t\t\t\t\t\t\t\t\t\t\t\t\t\t<\/div>\n\t\t\t\t\t\t\t\t\t\t<div class=\"uael-timeline-arrow\"><\/div>\n\t\t\t\t\t\t\t\t\t<\/div>\n\t\t\t\t\t\t\t\t\t\t\t\t\t\t\t\t\t<\/div>\n\t\t\t\t\t\t\t<\/div>\n\t\t\t\t\t\t\t\t\t\t\t\t\t\t\t<div class=\"uael-timeline-date-new\">\n\t\t\t\t\t\t\t\t\t<div class=\"uael-date-new\"><div class=\"inner-date-new\"><div >1931<\/div><\/div>\n\t\t\t\t\t\t\t\t\t<\/div>\n\t\t\t\t\t\t\t\t<\/div>\n\t\t\t\t\t\t\t\t\t\t\t\t\t<\/div>\n\t\t\t\t\t<\/div>\n\t\t\t\t\t\t\t\t\t\t\t\t\t\t\t\t\t<div class=\"elementor-repeater-item-8e8d9bf uael-timeline-field animate-border out-view\">\n\t\t\t\t\t\t<div class=\"uael-timeline-widget uael-timeline-right\">\n\t\t\t\t\t\t\t<div class=\"uael-timeline-marker\">\n\t\t\t\t\t\t\t\t<span class=\"timeline-icon-new out-view-timeline-icon\">\n\t\t\t\t\t\t\t\t\t<i aria-hidden=\"true\" class=\"fa fa-calendar\"><\/i>\t\t\t\t\t\t\t\t<\/span>\n\t\t\t\t\t\t\t<\/div>\n\n\t\t\t\t\t\t\t<div class=\"uael-day-new uael-day-right\">\n\t\t\t\t\t\t\t\t<div class=\"uael-events-new\">\n\t\t\t\t\t\t\t\t\t\t\t\t\t\t\t\t\t\t<div class=\"uael-events-inner-new\">\n\t\t\t\t\t\t\t\t\t\t\t\t\t\t\t\t\t\t\t\t\t<div class=\"uael-timeline-date-hide uael-date-inner\"><div class=\"inner-date-new\"><p >1936\u20131939<\/p><\/div>\n\t\t\t\t\t\t\t\t\t\t\t<\/div>\n\t\t\t\t\t\t\t\t\t\t\t\t\t\t\t\t\t\t\t\t<div class=\"uael-content\">\n\t\t\t\t\t\t\t\t\t\t\t\t\t\t\t\t\t\t\t\t\t\t\t\t\t\t\t\t\t\t\t\t\t\t\t\t\t\t\t\t\t\t\t\t\t\t\t\t\t\t\t\t\t\t\t\t\t\t\t\t\t\t\t\t\t\t\t<div class=\"uael-timeline-desc-content\">During the Civil War, each of the Manises ceramic factories is managed by an Intervention Committee elected by the workers themselves and under the supervision of trade unions UGT and CNT. In most cases, the owner is a member of the board of directors.<\/div> \t\t\t\t\t\t\t\t\t\t\t\t\t\t\t\t\t\t\t\t\t\t\t\t\t\t\t\t\t\t\t\t<\/div>\n\t\t\t\t\t\t\t\t\t\t<div class=\"uael-timeline-arrow\"><\/div>\n\t\t\t\t\t\t\t\t\t<\/div>\n\t\t\t\t\t\t\t\t\t\t\t\t\t\t\t\t\t<\/div>\n\t\t\t\t\t\t\t<\/div>\n\t\t\t\t\t\t\t\t\t\t\t\t\t\t\t<div class=\"uael-timeline-date-new\">\n\t\t\t\t\t\t\t\t\t<div class=\"uael-date-new\"><div class=\"inner-date-new\"><div >1936\u20131939<\/div><\/div>\n\t\t\t\t\t\t\t\t\t<\/div>\n\t\t\t\t\t\t\t\t<\/div>\n\t\t\t\t\t\t\t\t\t\t\t\t\t<\/div>\n\t\t\t\t\t<\/div>\n\t\t\t\t\t\t\t\t\t\t\t\t\t\t\t\t\t<div class=\"elementor-repeater-item-ca29653 uael-timeline-field animate-border out-view\">\n\t\t\t\t\t\t<div class=\"uael-timeline-widget uael-timeline-left\">\n\t\t\t\t\t\t\t<div class=\"uael-timeline-marker\">\n\t\t\t\t\t\t\t\t<span class=\"timeline-icon-new out-view-timeline-icon\">\n\t\t\t\t\t\t\t\t\t<i aria-hidden=\"true\" class=\"fa fa-calendar\"><\/i>\t\t\t\t\t\t\t\t<\/span>\n\t\t\t\t\t\t\t<\/div>\n\n\t\t\t\t\t\t\t<div class=\"uael-day-new uael-day-left\">\n\t\t\t\t\t\t\t\t<div class=\"uael-events-new\">\n\t\t\t\t\t\t\t\t\t\t\t\t\t\t\t\t\t\t<div class=\"uael-events-inner-new\">\n\t\t\t\t\t\t\t\t\t\t\t\t\t\t\t\t\t\t\t\t\t<div class=\"uael-timeline-date-hide uael-date-inner\"><div class=\"inner-date-new\"><p >1939<\/p><\/div>\n\t\t\t\t\t\t\t\t\t\t\t<\/div>\n\t\t\t\t\t\t\t\t\t\t\t\t\t\t\t\t\t\t\t\t<div class=\"uael-content\">\n\t\t\t\t\t\t\t\t\t\t\t\t\t\t\t\t\t\t\t\t\t\t\t\t\t\t\t\t\t\t\t\t\t\t\t\t\t\t\t\t\t\t\t\t\t\t\t\t\t\t\t\t\t\t\t\t\t\t\t\t\t\t\t\t\t\t\t<div class=\"uael-timeline-desc-content\">At the end of the Civil War, the dictatorship requires the workers and business people to join a single vertical trade union. However, the ceramic industry of Manises groups together in the so-called \u00abGuild of the Manufacturers\u00bb with two sections: Tiles and Majolica earthenware. In 1940, the rate tariffs are published.<\/div> \t\t\t\t\t\t\t\t\t\t\t\t\t\t\t\t\t\t\t\t\t\t\t\t\t\t\t\t\t\t\t\t<\/div>\n\t\t\t\t\t\t\t\t\t\t<div class=\"uael-timeline-arrow\"><\/div>\n\t\t\t\t\t\t\t\t\t<\/div>\n\t\t\t\t\t\t\t\t\t\t\t\t\t\t\t\t\t<\/div>\n\t\t\t\t\t\t\t<\/div>\n\t\t\t\t\t\t\t\t\t\t\t\t\t\t\t<div class=\"uael-timeline-date-new\">\n\t\t\t\t\t\t\t\t\t<div class=\"uael-date-new\"><div class=\"inner-date-new\"><div >1939<\/div><\/div>\n\t\t\t\t\t\t\t\t\t<\/div>\n\t\t\t\t\t\t\t\t<\/div>\n\t\t\t\t\t\t\t\t\t\t\t\t\t<\/div>\n\t\t\t\t\t<\/div>\n\t\t\t\t\t\t\t\t\t\t\t\t\t\t\t\t\t<div class=\"elementor-repeater-item-b851f45 uael-timeline-field animate-border out-view\">\n\t\t\t\t\t\t<div class=\"uael-timeline-widget uael-timeline-right\">\n\t\t\t\t\t\t\t<div class=\"uael-timeline-marker\">\n\t\t\t\t\t\t\t\t<span class=\"timeline-icon-new out-view-timeline-icon\">\n\t\t\t\t\t\t\t\t\t<i aria-hidden=\"true\" class=\"fa fa-calendar\"><\/i>\t\t\t\t\t\t\t\t<\/span>\n\t\t\t\t\t\t\t<\/div>\n\n\t\t\t\t\t\t\t<div class=\"uael-day-new uael-day-right\">\n\t\t\t\t\t\t\t\t<div class=\"uael-events-new\">\n\t\t\t\t\t\t\t\t\t\t\t\t\t\t\t\t\t\t<div class=\"uael-events-inner-new\">\n\t\t\t\t\t\t\t\t\t\t\t\t\t\t\t\t\t\t\t\t\t<div class=\"uael-timeline-date-hide uael-date-inner\"><div class=\"inner-date-new\"><p >1942.05.29<\/p><\/div>\n\t\t\t\t\t\t\t\t\t\t\t<\/div>\n\t\t\t\t\t\t\t\t\t\t\t\t\t\t\t\t\t\t\t\t<div class=\"uael-content\">\n\t\t\t\t\t\t\t\t\t\t\t\t\t\t\t\t\t\t\t\t\t\t\t\t\t\t\t\t\t\t\t\t\t\t\t\t\t\t\t\t\t\t\t\t\t\t\t\t\t\t\t\t\t\t\t\t\t\t\t\t\t\t\t\t\t\t\t<div class=\"uael-timeline-desc-content\">During an official stay in Valencia, the Calipha of the Spanish Protectorate in Morocco, Muley Hassan, visits several factories in Manises producing earthenware, majolica and tiles. <\/div> \t\t\t\t\t\t\t\t\t\t\t\t\t\t\t\t\t\t\t\t\t\t\t\t\t\t\t\t\t\t\t\t<\/div>\n\t\t\t\t\t\t\t\t\t\t<div class=\"uael-timeline-arrow\"><\/div>\n\t\t\t\t\t\t\t\t\t<\/div>\n\t\t\t\t\t\t\t\t\t\t\t\t\t\t\t\t\t<\/div>\n\t\t\t\t\t\t\t<\/div>\n\t\t\t\t\t\t\t\t\t\t\t\t\t\t\t<div class=\"uael-timeline-date-new\">\n\t\t\t\t\t\t\t\t\t<div class=\"uael-date-new\"><div class=\"inner-date-new\"><div >1942.05.29<\/div><\/div>\n\t\t\t\t\t\t\t\t\t<\/div>\n\t\t\t\t\t\t\t\t<\/div>\n\t\t\t\t\t\t\t\t\t\t\t\t\t<\/div>\n\t\t\t\t\t<\/div>\n\t\t\t\t\t\t\t\t\t\t\t\t\t\t\t\t\t<div class=\"elementor-repeater-item-7c40009 uael-timeline-field animate-border out-view\">\n\t\t\t\t\t\t<div class=\"uael-timeline-widget uael-timeline-left\">\n\t\t\t\t\t\t\t<div class=\"uael-timeline-marker\">\n\t\t\t\t\t\t\t\t<span class=\"timeline-icon-new out-view-timeline-icon\">\n\t\t\t\t\t\t\t\t\t<i aria-hidden=\"true\" class=\"fa fa-calendar\"><\/i>\t\t\t\t\t\t\t\t<\/span>\n\t\t\t\t\t\t\t<\/div>\n\n\t\t\t\t\t\t\t<div class=\"uael-day-new uael-day-left\">\n\t\t\t\t\t\t\t\t<div class=\"uael-events-new\">\n\t\t\t\t\t\t\t\t\t\t\t\t\t\t\t\t\t\t<div class=\"uael-events-inner-new\">\n\t\t\t\t\t\t\t\t\t\t\t\t\t\t\t\t\t\t\t\t\t<div class=\"uael-timeline-date-hide uael-date-inner\"><div class=\"inner-date-new\"><p >1944<\/p><\/div>\n\t\t\t\t\t\t\t\t\t\t\t<\/div>\n\t\t\t\t\t\t\t\t\t\t\t\t\t\t\t\t\t\t\t\t<div class=\"uael-content\">\n\t\t\t\t\t\t\t\t\t\t\t\t\t\t\t\t\t\t\t\t\t\t\t\t\t\t\t\t\t\t\t\t\t\t\t\t\t\t\t\t\t\t\t\t\t\t\t\t\t\t\t\t\t\t\t\t\t\t\t\t\t\t\t\t\t\t\t<div class=\"uael-timeline-desc-content\">Three years following its foundation, Cer\u00e1micas Hispania S.L. culminates its planned technological breakthrough and becomes the first factory to produce porcelain in Manises. It has exemplary facilities with 110 employees, 42 of whom are women.<\/div> \t\t\t\t\t\t\t\t\t\t\t\t\t\t\t\t\t\t\t\t\t\t\t\t\t\t\t\t\t\t\t\t<\/div>\n\t\t\t\t\t\t\t\t\t\t<div class=\"uael-timeline-arrow\"><\/div>\n\t\t\t\t\t\t\t\t\t<\/div>\n\t\t\t\t\t\t\t\t\t\t\t\t\t\t\t\t\t<\/div>\n\t\t\t\t\t\t\t<\/div>\n\t\t\t\t\t\t\t\t\t\t\t\t\t\t\t<div class=\"uael-timeline-date-new\">\n\t\t\t\t\t\t\t\t\t<div class=\"uael-date-new\"><div class=\"inner-date-new\"><div >1944<\/div><\/div>\n\t\t\t\t\t\t\t\t\t<\/div>\n\t\t\t\t\t\t\t\t<\/div>\n\t\t\t\t\t\t\t\t\t\t\t\t\t<\/div>\n\t\t\t\t\t<\/div>\n\t\t\t\t\t\t\t\t\t\t\t\t\t\t\t\t\t<div class=\"elementor-repeater-item-e89ff9c uael-timeline-field animate-border out-view\">\n\t\t\t\t\t\t<div class=\"uael-timeline-widget uael-timeline-right\">\n\t\t\t\t\t\t\t<div class=\"uael-timeline-marker\">\n\t\t\t\t\t\t\t\t<span class=\"timeline-icon-new out-view-timeline-icon\">\n\t\t\t\t\t\t\t\t\t<i aria-hidden=\"true\" class=\"fa fa-calendar\"><\/i>\t\t\t\t\t\t\t\t<\/span>\n\t\t\t\t\t\t\t<\/div>\n\n\t\t\t\t\t\t\t<div class=\"uael-day-new uael-day-right\">\n\t\t\t\t\t\t\t\t<div class=\"uael-events-new\">\n\t\t\t\t\t\t\t\t\t\t\t\t\t\t\t\t\t\t<div class=\"uael-events-inner-new\">\n\t\t\t\t\t\t\t\t\t\t\t\t\t\t\t\t\t\t\t\t\t<div class=\"uael-timeline-date-hide uael-date-inner\"><div class=\"inner-date-new\"><p >1949.03.03<\/p><\/div>\n\t\t\t\t\t\t\t\t\t\t\t<\/div>\n\t\t\t\t\t\t\t\t\t\t\t\t\t\t\t\t\t\t\t\t<div class=\"uael-content\">\n\t\t\t\t\t\t\t\t\t\t\t\t\t\t\t\t\t\t\t\t\t\t\t\t\t\t\t\t\t\t\t\t\t\t\t\t\t\t\t\t\t\t\t\t\t\t\t\t\t\t\t\t\t\t\t\t\t\t\t\t\t\t\t\t\t\t\t<div class=\"uael-timeline-desc-content\">The Official State Gazette publishes the newly organised teachings at the Practical School of Ceramics in Manises, now separated into a first common preparatory course and two fields of specialization: Expert in technical ceramics and expert in artistic ceramics.<\/div> \t\t\t\t\t\t\t\t\t\t\t\t\t\t\t\t\t\t\t\t\t\t\t\t\t\t\t\t\t\t\t\t<\/div>\n\t\t\t\t\t\t\t\t\t\t<div class=\"uael-timeline-arrow\"><\/div>\n\t\t\t\t\t\t\t\t\t<\/div>\n\t\t\t\t\t\t\t\t\t\t\t\t\t\t\t\t\t<\/div>\n\t\t\t\t\t\t\t<\/div>\n\t\t\t\t\t\t\t\t\t\t\t\t\t\t\t<div class=\"uael-timeline-date-new\">\n\t\t\t\t\t\t\t\t\t<div class=\"uael-date-new\"><div class=\"inner-date-new\"><div >1949.03.03<\/div><\/div>\n\t\t\t\t\t\t\t\t\t<\/div>\n\t\t\t\t\t\t\t\t<\/div>\n\t\t\t\t\t\t\t\t\t\t\t\t\t<\/div>\n\t\t\t\t\t<\/div>\n\t\t\t\t\t\t\t\t\t\t\t\t\t\t\t\t\t<div class=\"elementor-repeater-item-cf5b37c uael-timeline-field animate-border out-view\">\n\t\t\t\t\t\t<div class=\"uael-timeline-widget uael-timeline-left\">\n\t\t\t\t\t\t\t<div class=\"uael-timeline-marker\">\n\t\t\t\t\t\t\t\t<span class=\"timeline-icon-new out-view-timeline-icon\">\n\t\t\t\t\t\t\t\t\t<i aria-hidden=\"true\" class=\"fa fa-calendar\"><\/i>\t\t\t\t\t\t\t\t<\/span>\n\t\t\t\t\t\t\t<\/div>\n\n\t\t\t\t\t\t\t<div class=\"uael-day-new uael-day-left\">\n\t\t\t\t\t\t\t\t<div class=\"uael-events-new\">\n\t\t\t\t\t\t\t\t\t\t\t\t\t\t\t\t\t\t<div class=\"uael-events-inner-new\">\n\t\t\t\t\t\t\t\t\t\t\t\t\t\t\t\t\t\t\t\t\t<div class=\"uael-timeline-date-hide uael-date-inner\"><div class=\"inner-date-new\"><p >1949.08.16<\/p><\/div>\n\t\t\t\t\t\t\t\t\t\t\t<\/div>\n\t\t\t\t\t\t\t\t\t\t\t\t\t\t\t\t\t\t\t\t<div class=\"uael-content\">\n\t\t\t\t\t\t\t\t\t\t\t\t\t\t\t\t\t\t\t\t\t\t\t\t\t\t\t\t\t\t\t\t\t\t\t\t\t\t\t\t\t\t\t\t\t\t\t\t\t\t\t\t\t\t\t\t\t\t\t\t\t\t\t\t\t\t\t<div class=\"uael-timeline-desc-content\">UNISAN (Association of manufacturers of sanitary ware) is set up. It encompasses 18 factories of the subsector located in Manises. This union, together with competitive quality and price, made them the first producer of sanitary ware in Spain for 25 years.<\/div> \t\t\t\t\t\t\t\t\t\t\t\t\t\t\t\t\t\t\t\t\t\t\t\t\t\t\t\t\t\t\t\t<\/div>\n\t\t\t\t\t\t\t\t\t\t<div class=\"uael-timeline-arrow\"><\/div>\n\t\t\t\t\t\t\t\t\t<\/div>\n\t\t\t\t\t\t\t\t\t\t\t\t\t\t\t\t\t<\/div>\n\t\t\t\t\t\t\t<\/div>\n\t\t\t\t\t\t\t\t\t\t\t\t\t\t\t<div class=\"uael-timeline-date-new\">\n\t\t\t\t\t\t\t\t\t<div class=\"uael-date-new\"><div class=\"inner-date-new\"><div >1949.08.16<\/div><\/div>\n\t\t\t\t\t\t\t\t\t<\/div>\n\t\t\t\t\t\t\t\t<\/div>\n\t\t\t\t\t\t\t\t\t\t\t\t\t<\/div>\n\t\t\t\t\t<\/div>\n\t\t\t\t\t\t\t\t\t\t\t\t\t\t\t\t\t<div class=\"elementor-repeater-item-d4d0fa3 uael-timeline-field animate-border out-view\">\n\t\t\t\t\t\t<div class=\"uael-timeline-widget uael-timeline-right\">\n\t\t\t\t\t\t\t<div class=\"uael-timeline-marker\">\n\t\t\t\t\t\t\t\t<span class=\"timeline-icon-new out-view-timeline-icon\">\n\t\t\t\t\t\t\t\t\t<i aria-hidden=\"true\" class=\"fa fa-calendar\"><\/i>\t\t\t\t\t\t\t\t<\/span>\n\t\t\t\t\t\t\t<\/div>\n\n\t\t\t\t\t\t\t<div class=\"uael-day-new uael-day-right\">\n\t\t\t\t\t\t\t\t<div class=\"uael-events-new\">\n\t\t\t\t\t\t\t\t\t\t\t\t\t\t\t\t\t\t<div class=\"uael-events-inner-new\">\n\t\t\t\t\t\t\t\t\t\t\t\t\t\t\t\t\t\t\t\t\t<div class=\"uael-timeline-date-hide uael-date-inner\"><div class=\"inner-date-new\"><p >1954<\/p><\/div>\n\t\t\t\t\t\t\t\t\t\t\t<\/div>\n\t\t\t\t\t\t\t\t\t\t\t\t\t\t\t\t\t\t\t\t<div class=\"uael-content\">\n\t\t\t\t\t\t\t\t\t\t\t\t\t\t\t\t\t\t\t\t\t\t\t\t\t\t\t\t\t\t\t\t\t\t\t\t\t\t\t\t\t\t\t\t\t\t\t\t\t\t\t\t\t\t\t\t\t\t\t\t\t\t\t\t\t\t\t<div class=\"uael-timeline-desc-content\">Dr. Jos\u00e9 Catal\u00e1 D\u00edez (Manises, 1908-1979) joins the CEDOLESA tile factory workforce as a doctor. A reputable family doctor, he carried out research on the illnesses caused by the ceramic industry and, among other works, published \u00abContribuci\u00f3n al estudio y tratamiento de la intoxicaci\u00f3n profesional del plomo\u00bb (A contribution to the study and treatment of lead poisoning at work) in 1958.<\/div> \t\t\t\t\t\t\t\t\t\t\t\t\t\t\t\t\t\t\t\t\t\t\t\t\t\t\t\t\t\t\t\t<\/div>\n\t\t\t\t\t\t\t\t\t\t<div class=\"uael-timeline-arrow\"><\/div>\n\t\t\t\t\t\t\t\t\t<\/div>\n\t\t\t\t\t\t\t\t\t\t\t\t\t\t\t\t\t<\/div>\n\t\t\t\t\t\t\t<\/div>\n\t\t\t\t\t\t\t\t\t\t\t\t\t\t\t<div class=\"uael-timeline-date-new\">\n\t\t\t\t\t\t\t\t\t<div class=\"uael-date-new\"><div class=\"inner-date-new\"><div >1954<\/div><\/div>\n\t\t\t\t\t\t\t\t\t<\/div>\n\t\t\t\t\t\t\t\t<\/div>\n\t\t\t\t\t\t\t\t\t\t\t\t\t<\/div>\n\t\t\t\t\t<\/div>\n\t\t\t\t\t\t\t\t\t\t\t\t\t\t\t\t\t<div class=\"elementor-repeater-item-a3a8ca0 uael-timeline-field animate-border out-view\">\n\t\t\t\t\t\t<div class=\"uael-timeline-widget uael-timeline-left\">\n\t\t\t\t\t\t\t<div class=\"uael-timeline-marker\">\n\t\t\t\t\t\t\t\t<span class=\"timeline-icon-new out-view-timeline-icon\">\n\t\t\t\t\t\t\t\t\t<i aria-hidden=\"true\" class=\"fa fa-calendar\"><\/i>\t\t\t\t\t\t\t\t<\/span>\n\t\t\t\t\t\t\t<\/div>\n\n\t\t\t\t\t\t\t<div class=\"uael-day-new uael-day-left\">\n\t\t\t\t\t\t\t\t<div class=\"uael-events-new\">\n\t\t\t\t\t\t\t\t\t\t\t\t\t\t\t\t\t\t<div class=\"uael-events-inner-new\">\n\t\t\t\t\t\t\t\t\t\t\t\t\t\t\t\t\t\t\t\t\t<div class=\"uael-timeline-date-hide uael-date-inner\"><div class=\"inner-date-new\"><p >1956<\/p><\/div>\n\t\t\t\t\t\t\t\t\t\t\t<\/div>\n\t\t\t\t\t\t\t\t\t\t\t\t\t\t\t\t\t\t\t\t<div class=\"uael-content\">\n\t\t\t\t\t\t\t\t\t\t\t\t\t\t\t\t\t\t\t\t\t\t\t\t\t\t\t\t\t\t\t\t\t\t\t\t\t\t\t\t\t\t\t\t\t\t\t\t\t\t\t\t\t\t\t\t\t\t\t\t\t\t\t\t\t\t\t<div class=\"uael-timeline-desc-content\">Organized by the Ministry for Trade, the Floating Exhibition of Spanish Products aboard the Ciudad de Toledo ship visits 27 ports of 14 nations in Central and South America. Participants from Manises were: UNISAN, S. Valldecabres, CEDOLESA, La Azulejera de Emilio Tovar and Viuda de Francisco Lahuerta.<\/div> \t\t\t\t\t\t\t\t\t\t\t\t\t\t\t\t\t\t\t\t\t\t\t\t\t\t\t\t\t\t\t\t<\/div>\n\t\t\t\t\t\t\t\t\t\t<div class=\"uael-timeline-arrow\"><\/div>\n\t\t\t\t\t\t\t\t\t<\/div>\n\t\t\t\t\t\t\t\t\t\t\t\t\t\t\t\t\t<\/div>\n\t\t\t\t\t\t\t<\/div>\n\t\t\t\t\t\t\t\t\t\t\t\t\t\t\t<div class=\"uael-timeline-date-new\">\n\t\t\t\t\t\t\t\t\t<div class=\"uael-date-new\"><div class=\"inner-date-new\"><div >1956<\/div><\/div>\n\t\t\t\t\t\t\t\t\t<\/div>\n\t\t\t\t\t\t\t\t<\/div>\n\t\t\t\t\t\t\t\t\t\t\t\t\t<\/div>\n\t\t\t\t\t<\/div>\n\t\t\t\t\t\t\t\t\t\t\t\t\t\t\t\t\t<div class=\"elementor-repeater-item-049608f uael-timeline-field animate-border out-view\">\n\t\t\t\t\t\t<div class=\"uael-timeline-widget uael-timeline-right\">\n\t\t\t\t\t\t\t<div class=\"uael-timeline-marker\">\n\t\t\t\t\t\t\t\t<span class=\"timeline-icon-new out-view-timeline-icon\">\n\t\t\t\t\t\t\t\t\t<i aria-hidden=\"true\" class=\"fa fa-calendar\"><\/i>\t\t\t\t\t\t\t\t<\/span>\n\t\t\t\t\t\t\t<\/div>\n\n\t\t\t\t\t\t\t<div class=\"uael-day-new uael-day-right\">\n\t\t\t\t\t\t\t\t<div class=\"uael-events-new\">\n\t\t\t\t\t\t\t\t\t\t\t\t\t\t\t\t\t\t<div class=\"uael-events-inner-new\">\n\t\t\t\t\t\t\t\t\t\t\t\t\t\t\t\t\t\t\t\t\t<div class=\"uael-timeline-date-hide uael-date-inner\"><div class=\"inner-date-new\"><p >1964<\/p><\/div>\n\t\t\t\t\t\t\t\t\t\t\t<\/div>\n\t\t\t\t\t\t\t\t\t\t\t\t\t\t\t\t\t\t\t\t<div class=\"uael-content\">\n\t\t\t\t\t\t\t\t\t\t\t\t\t\t\t\t\t\t\t\t\t\t\t\t\t\t\t\t\t\t\t\t\t\t\t\t\t\t\t\t\t\t\t\t\t\t\t\t\t\t\t\t\t\t\t\t\t\t\t\t\t\t\t\t\t\t\t<div class=\"uael-timeline-desc-content\">The Ceramics, Glass and Decorative Elements Fair (CEVIDER) is launced, a spin-off of the International Trade Fair of Valencia. With respect to the ceramics section, it includes coatings, decorative and functional earthenware, and machinery.<\/div> \t\t\t\t\t\t\t\t\t\t\t\t\t\t\t\t\t\t\t\t\t\t\t\t\t\t\t\t\t\t\t\t<\/div>\n\t\t\t\t\t\t\t\t\t\t<div class=\"uael-timeline-arrow\"><\/div>\n\t\t\t\t\t\t\t\t\t<\/div>\n\t\t\t\t\t\t\t\t\t\t\t\t\t\t\t\t\t<\/div>\n\t\t\t\t\t\t\t<\/div>\n\t\t\t\t\t\t\t\t\t\t\t\t\t\t\t<div class=\"uael-timeline-date-new\">\n\t\t\t\t\t\t\t\t\t<div class=\"uael-date-new\"><div class=\"inner-date-new\"><div >1964<\/div><\/div>\n\t\t\t\t\t\t\t\t\t<\/div>\n\t\t\t\t\t\t\t\t<\/div>\n\t\t\t\t\t\t\t\t\t\t\t\t\t<\/div>\n\t\t\t\t\t<\/div>\n\t\t\t\t\t\t\t\t\t\t\t\t\t\t\t\t\t<div class=\"elementor-repeater-item-68ecb20 uael-timeline-field animate-border out-view\">\n\t\t\t\t\t\t<div class=\"uael-timeline-widget uael-timeline-left\">\n\t\t\t\t\t\t\t<div class=\"uael-timeline-marker\">\n\t\t\t\t\t\t\t\t<span class=\"timeline-icon-new out-view-timeline-icon\">\n\t\t\t\t\t\t\t\t\t<i aria-hidden=\"true\" class=\"fa fa-calendar\"><\/i>\t\t\t\t\t\t\t\t<\/span>\n\t\t\t\t\t\t\t<\/div>\n\n\t\t\t\t\t\t\t<div class=\"uael-day-new uael-day-left\">\n\t\t\t\t\t\t\t\t<div class=\"uael-events-new\">\n\t\t\t\t\t\t\t\t\t\t\t\t\t\t\t\t\t\t<div class=\"uael-events-inner-new\">\n\t\t\t\t\t\t\t\t\t\t\t\t\t\t\t\t\t\t\t\t\t<div class=\"uael-timeline-date-hide uael-date-inner\"><div class=\"inner-date-new\"><p >1965.07.13<\/p><\/div>\n\t\t\t\t\t\t\t\t\t\t\t<\/div>\n\t\t\t\t\t\t\t\t\t\t\t\t\t\t\t\t\t\t\t\t<div class=\"uael-content\">\n\t\t\t\t\t\t\t\t\t\t\t\t\t\t\t\t\t\t\t\t\t\t\t\t\t\t\t\t\t\t\t\t\t\t\t\t\t\t\t\t\t\t\t\t\t\t\t\t\t\t\t\t\t\t\t\t\t\t\t\t\t\t\t\t\t\t\t<div class=\"uael-timeline-desc-content\">The Guild of Master Ceramist Potters is set up at provincial level, with headquarters in Manises. Among its competences is the authority to grant the Artisan in the Field card. Manuel Gimeno Aguilella (La Cer\u00e1mica Valenciana) assumes the presidency.<\/div> \t\t\t\t\t\t\t\t\t\t\t\t\t\t\t\t\t\t\t\t\t\t\t\t\t\t\t\t\t\t\t\t<\/div>\n\t\t\t\t\t\t\t\t\t\t<div class=\"uael-timeline-arrow\"><\/div>\n\t\t\t\t\t\t\t\t\t<\/div>\n\t\t\t\t\t\t\t\t\t\t\t\t\t\t\t\t\t<\/div>\n\t\t\t\t\t\t\t<\/div>\n\t\t\t\t\t\t\t\t\t\t\t\t\t\t\t<div class=\"uael-timeline-date-new\">\n\t\t\t\t\t\t\t\t\t<div class=\"uael-date-new\"><div class=\"inner-date-new\"><div >1965.07.13<\/div><\/div>\n\t\t\t\t\t\t\t\t\t<\/div>\n\t\t\t\t\t\t\t\t<\/div>\n\t\t\t\t\t\t\t\t\t\t\t\t\t<\/div>\n\t\t\t\t\t<\/div>\n\t\t\t\t\t\t\t\t\t\t\t\t\t\t\t\t\t<div class=\"elementor-repeater-item-17ae40c uael-timeline-field animate-border out-view\">\n\t\t\t\t\t\t<div class=\"uael-timeline-widget uael-timeline-right\">\n\t\t\t\t\t\t\t<div class=\"uael-timeline-marker\">\n\t\t\t\t\t\t\t\t<span class=\"timeline-icon-new out-view-timeline-icon\">\n\t\t\t\t\t\t\t\t\t<i aria-hidden=\"true\" class=\"fa fa-calendar\"><\/i>\t\t\t\t\t\t\t\t<\/span>\n\t\t\t\t\t\t\t<\/div>\n\n\t\t\t\t\t\t\t<div class=\"uael-day-new uael-day-right\">\n\t\t\t\t\t\t\t\t<div class=\"uael-events-new\">\n\t\t\t\t\t\t\t\t\t\t\t\t\t\t\t\t\t\t<div class=\"uael-events-inner-new\">\n\t\t\t\t\t\t\t\t\t\t\t\t\t\t\t\t\t\t\t\t\t<div class=\"uael-timeline-date-hide uael-date-inner\"><div class=\"inner-date-new\"><p >1967.11.26<\/p><\/div>\n\t\t\t\t\t\t\t\t\t\t\t<\/div>\n\t\t\t\t\t\t\t\t\t\t\t\t\t\t\t\t\t\t\t\t<div class=\"uael-content\">\n\t\t\t\t\t\t\t\t\t\t\t\t\t\t\t\t\t\t\t\t\t\t\t\t\t\t\t\t\t\t\t\t\t\t\t\t\t\t\t\t\t\t\t\t\t\t\t\t\t\t\t\t\t\t\t\t\t\t\t\t\t\t\t\t\t\t\t<div class=\"uael-timeline-desc-content\">The Manises Municipal Museum is founded. This event was a result of the legacy of the couple Jos\u00e9 Casanova Dalf\u00f3 and Pilar Sanchis Causa, and promoted by Vicente Ferris Soler, Councillor of Culture in the City Hall, with Francisco Gimeno Adri\u00e1n as Mayor.<\/div> \t\t\t\t\t\t\t\t\t\t\t\t\t\t\t\t\t\t\t\t\t\t\t\t\t\t\t\t\t\t\t\t<\/div>\n\t\t\t\t\t\t\t\t\t\t<div class=\"uael-timeline-arrow\"><\/div>\n\t\t\t\t\t\t\t\t\t<\/div>\n\t\t\t\t\t\t\t\t\t\t\t\t\t\t\t\t\t<\/div>\n\t\t\t\t\t\t\t<\/div>\n\t\t\t\t\t\t\t\t\t\t\t\t\t\t\t<div class=\"uael-timeline-date-new\">\n\t\t\t\t\t\t\t\t\t<div class=\"uael-date-new\"><div class=\"inner-date-new\"><div >1967.11.26<\/div><\/div>\n\t\t\t\t\t\t\t\t\t<\/div>\n\t\t\t\t\t\t\t\t<\/div>\n\t\t\t\t\t\t\t\t\t\t\t\t\t<\/div>\n\t\t\t\t\t<\/div>\n\t\t\t\t\t\t\t\t\t\t\t\t\t\t\t\t\t<div class=\"elementor-repeater-item-aaef86e uael-timeline-field animate-border out-view\">\n\t\t\t\t\t\t<div class=\"uael-timeline-widget uael-timeline-left\">\n\t\t\t\t\t\t\t<div class=\"uael-timeline-marker\">\n\t\t\t\t\t\t\t\t<span class=\"timeline-icon-new out-view-timeline-icon\">\n\t\t\t\t\t\t\t\t\t<i aria-hidden=\"true\" class=\"fa fa-calendar\"><\/i>\t\t\t\t\t\t\t\t<\/span>\n\t\t\t\t\t\t\t<\/div>\n\n\t\t\t\t\t\t\t<div class=\"uael-day-new uael-day-left\">\n\t\t\t\t\t\t\t\t<div class=\"uael-events-new\">\n\t\t\t\t\t\t\t\t\t\t\t\t\t\t\t\t\t\t<div class=\"uael-events-inner-new\">\n\t\t\t\t\t\t\t\t\t\t\t\t\t\t\t\t\t\t\t\t\t<div class=\"uael-timeline-date-hide uael-date-inner\"><div class=\"inner-date-new\"><p >1972<\/p><\/div>\n\t\t\t\t\t\t\t\t\t\t\t<\/div>\n\t\t\t\t\t\t\t\t\t\t\t\t\t\t\t\t\t\t\t\t<div class=\"uael-content\">\n\t\t\t\t\t\t\t\t\t\t\t\t\t\t\t\t\t\t\t\t\t\t\t\t\t\t\t\t\t\t\t\t\t\t\t\t\t\t\t\t\t\t\t\t\t\t\t\t\t\t\t\t\t\t\t\t\t\t\t\t\t\t\t\t\t\t\t<div class=\"uael-timeline-desc-content\">With the sponsorship of the Gallego Vilar company, Manises City Hall creates and kicks off the National Competition in Ceramics. In the first edition, the jury awarded the City of Manises Prize to the work \u00abEstr\u00f3mboli\u00bb by Enrique Mestre.<\/div> \t\t\t\t\t\t\t\t\t\t\t\t\t\t\t\t\t\t\t\t\t\t\t\t\t\t\t\t\t\t\t\t<\/div>\n\t\t\t\t\t\t\t\t\t\t<div class=\"uael-timeline-arrow\"><\/div>\n\t\t\t\t\t\t\t\t\t<\/div>\n\t\t\t\t\t\t\t\t\t\t\t\t\t\t\t\t\t<\/div>\n\t\t\t\t\t\t\t<\/div>\n\t\t\t\t\t\t\t\t\t\t\t\t\t\t\t<div class=\"uael-timeline-date-new\">\n\t\t\t\t\t\t\t\t\t<div class=\"uael-date-new\"><div class=\"inner-date-new\"><div >1972<\/div><\/div>\n\t\t\t\t\t\t\t\t\t<\/div>\n\t\t\t\t\t\t\t\t<\/div>\n\t\t\t\t\t\t\t\t\t\t\t\t\t<\/div>\n\t\t\t\t\t<\/div>\n\t\t\t\t\t\t\t\t\t\t\t\t\t\t\t\t\t<div class=\"elementor-repeater-item-6837ffa uael-timeline-field animate-border out-view\">\n\t\t\t\t\t\t<div class=\"uael-timeline-widget uael-timeline-right\">\n\t\t\t\t\t\t\t<div class=\"uael-timeline-marker\">\n\t\t\t\t\t\t\t\t<span class=\"timeline-icon-new out-view-timeline-icon\">\n\t\t\t\t\t\t\t\t\t<i aria-hidden=\"true\" class=\"fa fa-calendar\"><\/i>\t\t\t\t\t\t\t\t<\/span>\n\t\t\t\t\t\t\t<\/div>\n\n\t\t\t\t\t\t\t<div class=\"uael-day-new uael-day-right\">\n\t\t\t\t\t\t\t\t<div class=\"uael-events-new\">\n\t\t\t\t\t\t\t\t\t\t\t\t\t\t\t\t\t\t<div class=\"uael-events-inner-new\">\n\t\t\t\t\t\t\t\t\t\t\t\t\t\t\t\t\t\t\t\t\t<div class=\"uael-timeline-date-hide uael-date-inner\"><div class=\"inner-date-new\"><p >1975<\/p><\/div>\n\t\t\t\t\t\t\t\t\t\t\t<\/div>\n\t\t\t\t\t\t\t\t\t\t\t\t\t\t\t\t\t\t\t\t<div class=\"uael-content\">\n\t\t\t\t\t\t\t\t\t\t\t\t\t\t\t\t\t\t\t\t\t\t\t\t\t\t\t\t\t\t\t\t\t\t\t\t\t\t\t\t\t\t\t\t\t\t\t\t\t\t\t\t\t\t\t\t\t\t\t\t\t\t\t\t\t\t\t<div class=\"uael-timeline-desc-content\">The Vicente Montaner Lerma factory is awarded the National Prize for Exports. Founded in 1913, the company knew how to make the most of the opening up of foreign trade in the nineteen sixties and became the second most important exporter in Spain in the decorated earthenware sector.<\/div> \t\t\t\t\t\t\t\t\t\t\t\t\t\t\t\t\t\t\t\t\t\t\t\t\t\t\t\t\t\t\t\t<\/div>\n\t\t\t\t\t\t\t\t\t\t<div class=\"uael-timeline-arrow\"><\/div>\n\t\t\t\t\t\t\t\t\t<\/div>\n\t\t\t\t\t\t\t\t\t\t\t\t\t\t\t\t\t<\/div>\n\t\t\t\t\t\t\t<\/div>\n\t\t\t\t\t\t\t\t\t\t\t\t\t\t\t<div class=\"uael-timeline-date-new\">\n\t\t\t\t\t\t\t\t\t<div class=\"uael-date-new\"><div class=\"inner-date-new\"><div >1975<\/div><\/div>\n\t\t\t\t\t\t\t\t\t<\/div>\n\t\t\t\t\t\t\t\t<\/div>\n\t\t\t\t\t\t\t\t\t\t\t\t\t<\/div>\n\t\t\t\t\t<\/div>\n\t\t\t\t\t\t\t\t\t\t\t\t\t\t\t\t\t<div class=\"elementor-repeater-item-5f18cd3 uael-timeline-field animate-border out-view\">\n\t\t\t\t\t\t<div class=\"uael-timeline-widget uael-timeline-left\">\n\t\t\t\t\t\t\t<div class=\"uael-timeline-marker\">\n\t\t\t\t\t\t\t\t<span class=\"timeline-icon-new out-view-timeline-icon\">\n\t\t\t\t\t\t\t\t\t<i aria-hidden=\"true\" class=\"fa fa-calendar\"><\/i>\t\t\t\t\t\t\t\t<\/span>\n\t\t\t\t\t\t\t<\/div>\n\n\t\t\t\t\t\t\t<div class=\"uael-day-new uael-day-left\">\n\t\t\t\t\t\t\t\t<div class=\"uael-events-new\">\n\t\t\t\t\t\t\t\t\t\t\t\t\t\t\t\t\t\t<div class=\"uael-events-inner-new\">\n\t\t\t\t\t\t\t\t\t\t\t\t\t\t\t\t\t\t\t\t\t<div class=\"uael-timeline-date-hide uael-date-inner\"><div class=\"inner-date-new\"><p >1977.04.20<\/p><\/div>\n\t\t\t\t\t\t\t\t\t\t\t<\/div>\n\t\t\t\t\t\t\t\t\t\t\t\t\t\t\t\t\t\t\t\t<div class=\"uael-content\">\n\t\t\t\t\t\t\t\t\t\t\t\t\t\t\t\t\t\t\t\t\t\t\t\t\t\t\t\t\t\t\t\t\t\t\t\t\t\t\t\t\t\t\t\t\t\t\t\t\t\t\t\t\t\t\t\t\t\t\t\t\t\t\t\t\t\t\t<div class=\"uael-timeline-desc-content\">The Valencian Association of Entrepreneurs in Ceramics (AVEC) is founded to replace the Trade Union of Manufacturers of Ceramics and Glass, with headquarters in what is currently Avenida Blasco Ib\u00e1\u00f1ez, no. 3 in Manises.<\/div> \t\t\t\t\t\t\t\t\t\t\t\t\t\t\t\t\t\t\t\t\t\t\t\t\t\t\t\t\t\t\t\t<\/div>\n\t\t\t\t\t\t\t\t\t\t<div class=\"uael-timeline-arrow\"><\/div>\n\t\t\t\t\t\t\t\t\t<\/div>\n\t\t\t\t\t\t\t\t\t\t\t\t\t\t\t\t\t<\/div>\n\t\t\t\t\t\t\t<\/div>\n\t\t\t\t\t\t\t\t\t\t\t\t\t\t\t<div class=\"uael-timeline-date-new\">\n\t\t\t\t\t\t\t\t\t<div class=\"uael-date-new\"><div class=\"inner-date-new\"><div >1977.04.20<\/div><\/div>\n\t\t\t\t\t\t\t\t\t<\/div>\n\t\t\t\t\t\t\t\t<\/div>\n\t\t\t\t\t\t\t\t\t\t\t\t\t<\/div>\n\t\t\t\t\t<\/div>\n\t\t\t\t\t\t\t\t\t\t\t\t\t\t\t\t\t<div class=\"elementor-repeater-item-0ff7d70 uael-timeline-field animate-border out-view\">\n\t\t\t\t\t\t<div class=\"uael-timeline-widget uael-timeline-right\">\n\t\t\t\t\t\t\t<div class=\"uael-timeline-marker\">\n\t\t\t\t\t\t\t\t<span class=\"timeline-icon-new out-view-timeline-icon\">\n\t\t\t\t\t\t\t\t\t<i aria-hidden=\"true\" class=\"fa fa-calendar\"><\/i>\t\t\t\t\t\t\t\t<\/span>\n\t\t\t\t\t\t\t<\/div>\n\n\t\t\t\t\t\t\t<div class=\"uael-day-new uael-day-right\">\n\t\t\t\t\t\t\t\t<div class=\"uael-events-new\">\n\t\t\t\t\t\t\t\t\t\t\t\t\t\t\t\t\t\t<div class=\"uael-events-inner-new\">\n\t\t\t\t\t\t\t\t\t\t\t\t\t\t\t\t\t\t\t\t\t<div class=\"uael-timeline-date-hide uael-date-inner\"><div class=\"inner-date-new\"><p >1977<\/p><\/div>\n\t\t\t\t\t\t\t\t\t\t\t<\/div>\n\t\t\t\t\t\t\t\t\t\t\t\t\t\t\t\t\t\t\t\t<div class=\"uael-content\">\n\t\t\t\t\t\t\t\t\t\t\t\t\t\t\t\t\t\t\t\t\t\t\t\t\t\t\t\t\t\t\t\t\t\t\t\t\t\t\t\t\t\t\t\t\t\t\t\t\t\t\t\t\t\t\t\t\t\t\t\t\t\t\t\t\t\t\t<div class=\"uael-timeline-desc-content\">A group of Valencian entrepreneurs set up PORSAN, a ceramic sanitaryware limited company with production plants in Chiva and Manises (La Cova factory). Its sanitary ware obtained the AENOR  type-approval mark in 1979 .<\/div> \t\t\t\t\t\t\t\t\t\t\t\t\t\t\t\t\t\t\t\t\t\t\t\t\t\t\t\t\t\t\t\t<\/div>\n\t\t\t\t\t\t\t\t\t\t<div class=\"uael-timeline-arrow\"><\/div>\n\t\t\t\t\t\t\t\t\t<\/div>\n\t\t\t\t\t\t\t\t\t\t\t\t\t\t\t\t\t<\/div>\n\t\t\t\t\t\t\t<\/div>\n\t\t\t\t\t\t\t\t\t\t\t\t\t\t\t<div class=\"uael-timeline-date-new\">\n\t\t\t\t\t\t\t\t\t<div class=\"uael-date-new\"><div class=\"inner-date-new\"><div >1977<\/div><\/div>\n\t\t\t\t\t\t\t\t\t<\/div>\n\t\t\t\t\t\t\t\t<\/div>\n\t\t\t\t\t\t\t\t\t\t\t\t\t<\/div>\n\t\t\t\t\t<\/div>\n\t\t\t\t\t\t\t\t\t\t\t\t\t\t\t\t\t<div class=\"elementor-repeater-item-1e80fc5 uael-timeline-field animate-border out-view\">\n\t\t\t\t\t\t<div class=\"uael-timeline-widget uael-timeline-left\">\n\t\t\t\t\t\t\t<div class=\"uael-timeline-marker\">\n\t\t\t\t\t\t\t\t<span class=\"timeline-icon-new out-view-timeline-icon\">\n\t\t\t\t\t\t\t\t\t<i aria-hidden=\"true\" class=\"fa fa-calendar\"><\/i>\t\t\t\t\t\t\t\t<\/span>\n\t\t\t\t\t\t\t<\/div>\n\n\t\t\t\t\t\t\t<div class=\"uael-day-new uael-day-left\">\n\t\t\t\t\t\t\t\t<div class=\"uael-events-new\">\n\t\t\t\t\t\t\t\t\t\t\t\t\t\t\t\t\t\t<div class=\"uael-events-inner-new\">\n\t\t\t\t\t\t\t\t\t\t\t\t\t\t\t\t\t\t\t\t\t<div class=\"uael-timeline-date-hide uael-date-inner\"><div class=\"inner-date-new\"><p >1982. December<\/p><\/div>\n\t\t\t\t\t\t\t\t\t\t\t<\/div>\n\t\t\t\t\t\t\t\t\t\t\t\t\t\t\t\t\t\t\t\t<div class=\"uael-content\">\n\t\t\t\t\t\t\t\t\t\t\t\t\t\t\t\t\t\t\t\t\t\t\t\t\t\t\t\t\t\t\t\t\t\t\t\t\t\t\t\t\t\t\t\t\t\t\t\t\t\t\t\t\t\t\t\t\t\t\t\t\t\t\t\t\t\t\t<div class=\"uael-timeline-desc-content\">Natural gas is now being supplied and some of the 84 ceramic industries that have pre-contracted the service are beginning to use it in Manises, after adapting their propane gas ovens to the new fuel. <\/div> \t\t\t\t\t\t\t\t\t\t\t\t\t\t\t\t\t\t\t\t\t\t\t\t\t\t\t\t\t\t\t\t<\/div>\n\t\t\t\t\t\t\t\t\t\t<div class=\"uael-timeline-arrow\"><\/div>\n\t\t\t\t\t\t\t\t\t<\/div>\n\t\t\t\t\t\t\t\t\t\t\t\t\t\t\t\t\t<\/div>\n\t\t\t\t\t\t\t<\/div>\n\t\t\t\t\t\t\t\t\t\t\t\t\t\t\t<div class=\"uael-timeline-date-new\">\n\t\t\t\t\t\t\t\t\t<div class=\"uael-date-new\"><div class=\"inner-date-new\"><div >1982. December<\/div><\/div>\n\t\t\t\t\t\t\t\t\t<\/div>\n\t\t\t\t\t\t\t\t<\/div>\n\t\t\t\t\t\t\t\t\t\t\t\t\t<\/div>\n\t\t\t\t\t<\/div>\n\t\t\t\t\t\t\t\t\t\t\t\t\t\t\t\t\t<div class=\"elementor-repeater-item-a556dd5 uael-timeline-field animate-border out-view\">\n\t\t\t\t\t\t<div class=\"uael-timeline-widget uael-timeline-right\">\n\t\t\t\t\t\t\t<div class=\"uael-timeline-marker\">\n\t\t\t\t\t\t\t\t<span class=\"timeline-icon-new out-view-timeline-icon\">\n\t\t\t\t\t\t\t\t\t<i aria-hidden=\"true\" class=\"fa fa-calendar\"><\/i>\t\t\t\t\t\t\t\t<\/span>\n\t\t\t\t\t\t\t<\/div>\n\n\t\t\t\t\t\t\t<div class=\"uael-day-new uael-day-right\">\n\t\t\t\t\t\t\t\t<div class=\"uael-events-new\">\n\t\t\t\t\t\t\t\t\t\t\t\t\t\t\t\t\t\t<div class=\"uael-events-inner-new\">\n\t\t\t\t\t\t\t\t\t\t\t\t\t\t\t\t\t\t\t\t\t<div class=\"uael-timeline-date-hide uael-date-inner\"><div class=\"inner-date-new\"><p >1984<\/p><\/div>\n\t\t\t\t\t\t\t\t\t\t\t<\/div>\n\t\t\t\t\t\t\t\t\t\t\t\t\t\t\t\t\t\t\t\t<div class=\"uael-content\">\n\t\t\t\t\t\t\t\t\t\t\t\t\t\t\t\t\t\t\t\t\t\t\t\t\t\t\t\t\t\t\t\t\t\t\t\t\t\t\t\t\t\t\t\t\t\t\t\t\t\t\t\t\t\t\t\t\t\t\t\t\t\t\t\t\t\t\t<div class=\"uael-timeline-desc-content\">After 19 years participating jointly in CEVIDER, CEVISAMA takes part as a separate entity in the likewise international Valencia Fair, specialising in ceramics and glass for building<\/div> \t\t\t\t\t\t\t\t\t\t\t\t\t\t\t\t\t\t\t\t\t\t\t\t\t\t\t\t\t\t\t\t<\/div>\n\t\t\t\t\t\t\t\t\t\t<div class=\"uael-timeline-arrow\"><\/div>\n\t\t\t\t\t\t\t\t\t<\/div>\n\t\t\t\t\t\t\t\t\t\t\t\t\t\t\t\t\t<\/div>\n\t\t\t\t\t\t\t<\/div>\n\t\t\t\t\t\t\t\t\t\t\t\t\t\t\t<div class=\"uael-timeline-date-new\">\n\t\t\t\t\t\t\t\t\t<div class=\"uael-date-new\"><div class=\"inner-date-new\"><div >1984<\/div><\/div>\n\t\t\t\t\t\t\t\t\t<\/div>\n\t\t\t\t\t\t\t\t<\/div>\n\t\t\t\t\t\t\t\t\t\t\t\t\t<\/div>\n\t\t\t\t\t<\/div>\n\t\t\t\t\t\t\t\t\t\t\t\t\t\t\t\t\t<div class=\"elementor-repeater-item-1e6e26b uael-timeline-field animate-border out-view\">\n\t\t\t\t\t\t<div class=\"uael-timeline-widget uael-timeline-left\">\n\t\t\t\t\t\t\t<div class=\"uael-timeline-marker\">\n\t\t\t\t\t\t\t\t<span class=\"timeline-icon-new out-view-timeline-icon\">\n\t\t\t\t\t\t\t\t\t<i aria-hidden=\"true\" class=\"fa fa-calendar\"><\/i>\t\t\t\t\t\t\t\t<\/span>\n\t\t\t\t\t\t\t<\/div>\n\n\t\t\t\t\t\t\t<div class=\"uael-day-new uael-day-left\">\n\t\t\t\t\t\t\t\t<div class=\"uael-events-new\">\n\t\t\t\t\t\t\t\t\t\t\t\t\t\t\t\t\t\t<div class=\"uael-events-inner-new\">\n\t\t\t\t\t\t\t\t\t\t\t\t\t\t\t\t\t\t\t\t\t<div class=\"uael-timeline-date-hide uael-date-inner\"><div class=\"inner-date-new\"><p >1986<\/p><\/div>\n\t\t\t\t\t\t\t\t\t\t\t<\/div>\n\t\t\t\t\t\t\t\t\t\t\t\t\t\t\t\t\t\t\t\t<div class=\"uael-content\">\n\t\t\t\t\t\t\t\t\t\t\t\t\t\t\t\t\t\t\t\t\t\t\t\t\t\t\t\t\t\t\t\t\t\t\t\t\t\t\t\t\t\t\t\t\t\t\t\t\t\t\t\t\t\t\t\t\t\t\t\t\t\t\t\t\t\t\t<div class=\"uael-timeline-desc-content\">Building concludes of the new School of Ceramics of Manises, located in what is currently the avenida Ceramista Alfons Blat (director of the ECM, 1948-1970). The modern facilities, necessary to help raise the quality of the teaching are inaugurated for the 86-87 academic year.<\/div> \t\t\t\t\t\t\t\t\t\t\t\t\t\t\t\t\t\t\t\t\t\t\t\t\t\t\t\t\t\t\t\t<\/div>\n\t\t\t\t\t\t\t\t\t\t<div class=\"uael-timeline-arrow\"><\/div>\n\t\t\t\t\t\t\t\t\t<\/div>\n\t\t\t\t\t\t\t\t\t\t\t\t\t\t\t\t\t<\/div>\n\t\t\t\t\t\t\t<\/div>\n\t\t\t\t\t\t\t\t\t\t\t\t\t\t\t<div class=\"uael-timeline-date-new\">\n\t\t\t\t\t\t\t\t\t<div class=\"uael-date-new\"><div class=\"inner-date-new\"><div >1986<\/div><\/div>\n\t\t\t\t\t\t\t\t\t<\/div>\n\t\t\t\t\t\t\t\t<\/div>\n\t\t\t\t\t\t\t\t\t\t\t\t\t<\/div>\n\t\t\t\t\t<\/div>\n\t\t\t\t\t\t\t\t\t\t\t\t\t\t\t\t\t<div class=\"elementor-repeater-item-849b1b0 uael-timeline-field animate-border out-view\">\n\t\t\t\t\t\t<div class=\"uael-timeline-widget uael-timeline-right\">\n\t\t\t\t\t\t\t<div class=\"uael-timeline-marker\">\n\t\t\t\t\t\t\t\t<span class=\"timeline-icon-new out-view-timeline-icon\">\n\t\t\t\t\t\t\t\t\t<i aria-hidden=\"true\" class=\"fa fa-calendar\"><\/i>\t\t\t\t\t\t\t\t<\/span>\n\t\t\t\t\t\t\t<\/div>\n\n\t\t\t\t\t\t\t<div class=\"uael-day-new uael-day-right\">\n\t\t\t\t\t\t\t\t<div class=\"uael-events-new\">\n\t\t\t\t\t\t\t\t\t\t\t\t\t\t\t\t\t\t<div class=\"uael-events-inner-new\">\n\t\t\t\t\t\t\t\t\t\t\t\t\t\t\t\t\t\t\t\t\t<div class=\"uael-timeline-date-hide uael-date-inner\"><div class=\"inner-date-new\"><p >1989.10.09<\/p><\/div>\n\t\t\t\t\t\t\t\t\t\t\t<\/div>\n\t\t\t\t\t\t\t\t\t\t\t\t\t\t\t\t\t\t\t\t<div class=\"uael-content\">\n\t\t\t\t\t\t\t\t\t\t\t\t\t\t\t\t\t\t\t\t\t\t\t\t\t\t\t\t\t\t\t\t\t\t\t\t\t\t\t\t\t\t\t\t\t\t\t\t\t\t\t\t\t\t\t\t\t\t\t\t\t\t\t\t\t\t\t<div class=\"uael-timeline-desc-content\">Following its extension and refurbishment, the Municipal Museum is reopened, and reconverted into the Manises Ceramics Museum, due to its monographic role. The increase in the number of its collections helps provide a perspective of the local industry from the fourteenth to the twentieth century.<\/div> \t\t\t\t\t\t\t\t\t\t\t\t\t\t\t\t\t\t\t\t\t\t\t\t\t\t\t\t\t\t\t\t<\/div>\n\t\t\t\t\t\t\t\t\t\t<div class=\"uael-timeline-arrow\"><\/div>\n\t\t\t\t\t\t\t\t\t<\/div>\n\t\t\t\t\t\t\t\t\t\t\t\t\t\t\t\t\t<\/div>\n\t\t\t\t\t\t\t<\/div>\n\t\t\t\t\t\t\t\t\t\t\t\t\t\t\t<div class=\"uael-timeline-date-new\">\n\t\t\t\t\t\t\t\t\t<div class=\"uael-date-new\"><div class=\"inner-date-new\"><div >1989.10.09<\/div><\/div>\n\t\t\t\t\t\t\t\t\t<\/div>\n\t\t\t\t\t\t\t\t<\/div>\n\t\t\t\t\t\t\t\t\t\t\t\t\t<\/div>\n\t\t\t\t\t<\/div>\n\t\t\t\t\t\t\t\t\t\t\t\t\t\t\t\t\t<div class=\"elementor-repeater-item-8b06de2 uael-timeline-field animate-border out-view\">\n\t\t\t\t\t\t<div class=\"uael-timeline-widget uael-timeline-left\">\n\t\t\t\t\t\t\t<div class=\"uael-timeline-marker\">\n\t\t\t\t\t\t\t\t<span class=\"timeline-icon-new out-view-timeline-icon\">\n\t\t\t\t\t\t\t\t\t<i aria-hidden=\"true\" class=\"fa fa-calendar\"><\/i>\t\t\t\t\t\t\t\t<\/span>\n\t\t\t\t\t\t\t<\/div>\n\n\t\t\t\t\t\t\t<div class=\"uael-day-new uael-day-left\">\n\t\t\t\t\t\t\t\t<div class=\"uael-events-new\">\n\t\t\t\t\t\t\t\t\t\t\t\t\t\t\t\t\t\t<div class=\"uael-events-inner-new\">\n\t\t\t\t\t\t\t\t\t\t\t\t\t\t\t\t\t\t\t\t\t<div class=\"uael-timeline-date-hide uael-date-inner\"><div class=\"inner-date-new\"><p >1993<\/p><\/div>\n\t\t\t\t\t\t\t\t\t\t\t<\/div>\n\t\t\t\t\t\t\t\t\t\t\t\t\t\t\t\t\t\t\t\t<div class=\"uael-content\">\n\t\t\t\t\t\t\t\t\t\t\t\t\t\t\t\t\t\t\t\t\t\t\t\t\t\t\t\t\t\t\t\t\t\t\t\t\t\t\t\t\t\t\t\t\t\t\t\t\t\t\t\t\t\t\t\t\t\t\t\t\t\t\t\t\t\t\t<div class=\"uael-timeline-desc-content\">The National Competition of Ceramics of Manises extends its scope of action, becoming the European Biennial of Ceramics. It would finally become the International Biennial of Ceramics with a global scope, ten years later.<\/div> \t\t\t\t\t\t\t\t\t\t\t\t\t\t\t\t\t\t\t\t\t\t\t\t\t\t\t\t\t\t\t\t<\/div>\n\t\t\t\t\t\t\t\t\t\t<div class=\"uael-timeline-arrow\"><\/div>\n\t\t\t\t\t\t\t\t\t<\/div>\n\t\t\t\t\t\t\t\t\t\t\t\t\t\t\t\t\t<\/div>\n\t\t\t\t\t\t\t<\/div>\n\t\t\t\t\t\t\t\t\t\t\t\t\t\t\t<div class=\"uael-timeline-date-new\">\n\t\t\t\t\t\t\t\t\t<div class=\"uael-date-new\"><div class=\"inner-date-new\"><div >1993<\/div><\/div>\n\t\t\t\t\t\t\t\t\t<\/div>\n\t\t\t\t\t\t\t\t<\/div>\n\t\t\t\t\t\t\t\t\t\t\t\t\t<\/div>\n\t\t\t\t\t<\/div>\n\t\t\t\t\t\t\t\t\t\t\t\t\t\t\t\t\t<div class=\"elementor-repeater-item-c65c879 uael-timeline-field animate-border out-view\">\n\t\t\t\t\t\t<div class=\"uael-timeline-widget uael-timeline-right\">\n\t\t\t\t\t\t\t<div class=\"uael-timeline-marker\">\n\t\t\t\t\t\t\t\t<span class=\"timeline-icon-new out-view-timeline-icon\">\n\t\t\t\t\t\t\t\t\t<i aria-hidden=\"true\" class=\"fa fa-calendar\"><\/i>\t\t\t\t\t\t\t\t<\/span>\n\t\t\t\t\t\t\t<\/div>\n\n\t\t\t\t\t\t\t<div class=\"uael-day-new uael-day-right\">\n\t\t\t\t\t\t\t\t<div class=\"uael-events-new\">\n\t\t\t\t\t\t\t\t\t\t\t\t\t\t\t\t\t\t<div class=\"uael-events-inner-new\">\n\t\t\t\t\t\t\t\t\t\t\t\t\t\t\t\t\t\t\t\t\t<div class=\"uael-timeline-date-hide uael-date-inner\"><div class=\"inner-date-new\"><p >1994.05.10<\/p><\/div>\n\t\t\t\t\t\t\t\t\t\t\t<\/div>\n\t\t\t\t\t\t\t\t\t\t\t\t\t\t\t\t\t\t\t\t<div class=\"uael-content\">\n\t\t\t\t\t\t\t\t\t\t\t\t\t\t\t\t\t\t\t\t\t\t\t\t\t\t\t\t\t\t\t\t\t\t\t\t\t\t\t\t\t\t\t\t\t\t\t\t\t\t\t\t\t\t\t\t\t\t\t\t\t\t\t\t\t\t\t<div class=\"uael-timeline-desc-content\">At the proposal of the Ceramics Museum, Manises City Council approves, within the 1st Specific Amendment of the General Plan for Urban Zoning, the Protection Standards of the Archaeological Heritage of the town which include the areas in the historical centre and the Barri dels Obradors.<\/div> \t\t\t\t\t\t\t\t\t\t\t\t\t\t\t\t\t\t\t\t\t\t\t\t\t\t\t\t\t\t\t\t<\/div>\n\t\t\t\t\t\t\t\t\t\t<div class=\"uael-timeline-arrow\"><\/div>\n\t\t\t\t\t\t\t\t\t<\/div>\n\t\t\t\t\t\t\t\t\t\t\t\t\t\t\t\t\t<\/div>\n\t\t\t\t\t\t\t<\/div>\n\t\t\t\t\t\t\t\t\t\t\t\t\t\t\t<div class=\"uael-timeline-date-new\">\n\t\t\t\t\t\t\t\t\t<div class=\"uael-date-new\"><div class=\"inner-date-new\"><div >1994.05.10<\/div><\/div>\n\t\t\t\t\t\t\t\t\t<\/div>\n\t\t\t\t\t\t\t\t<\/div>\n\t\t\t\t\t\t\t\t\t\t\t\t\t<\/div>\n\t\t\t\t\t<\/div>\n\t\t\t\t\t\t\t\t\t\t\t\t\t\t\t\t\t<div class=\"elementor-repeater-item-d4a1736 uael-timeline-field animate-border out-view\">\n\t\t\t\t\t\t<div class=\"uael-timeline-widget uael-timeline-left\">\n\t\t\t\t\t\t\t<div class=\"uael-timeline-marker\">\n\t\t\t\t\t\t\t\t<span class=\"timeline-icon-new out-view-timeline-icon\">\n\t\t\t\t\t\t\t\t\t<i aria-hidden=\"true\" class=\"fa fa-calendar\"><\/i>\t\t\t\t\t\t\t\t<\/span>\n\t\t\t\t\t\t\t<\/div>\n\n\t\t\t\t\t\t\t<div class=\"uael-day-new uael-day-left\">\n\t\t\t\t\t\t\t\t<div class=\"uael-events-new\">\n\t\t\t\t\t\t\t\t\t\t\t\t\t\t\t\t\t\t<div class=\"uael-events-inner-new\">\n\t\t\t\t\t\t\t\t\t\t\t\t\t\t\t\t\t\t\t\t\t<div class=\"uael-timeline-date-hide uael-date-inner\"><div class=\"inner-date-new\"><p >1996<\/p><\/div>\n\t\t\t\t\t\t\t\t\t\t\t<\/div>\n\t\t\t\t\t\t\t\t\t\t\t\t\t\t\t\t\t\t\t\t<div class=\"uael-content\">\n\t\t\t\t\t\t\t\t\t\t\t\t\t\t\t\t\t\t\t\t\t\t\t\t\t\t\t\t\t\t\t\t\t\t\t\t\t\t\t\t\t\t\t\t\t\t\t\t\t\t\t\t\t\t\t\t\t\t\t\t\t\t\t\t\t\t\t<div class=\"uael-timeline-desc-content\">Entrepreneurs from Valencia reconvert the PORSAN factory in Manises and found the  UNISAN XXI a ceramic sanitaryware firm. In 2004, SANINDUSA, the Portuguese multinational, acquires  100% of its shares in order to reinforce its sales network in the Spanish market.<\/div> \t\t\t\t\t\t\t\t\t\t\t\t\t\t\t\t\t\t\t\t\t\t\t\t\t\t\t\t\t\t\t\t<\/div>\n\t\t\t\t\t\t\t\t\t\t<div class=\"uael-timeline-arrow\"><\/div>\n\t\t\t\t\t\t\t\t\t<\/div>\n\t\t\t\t\t\t\t\t\t\t\t\t\t\t\t\t\t<\/div>\n\t\t\t\t\t\t\t<\/div>\n\t\t\t\t\t\t\t\t\t\t\t\t\t\t\t<div class=\"uael-timeline-date-new\">\n\t\t\t\t\t\t\t\t\t<div class=\"uael-date-new\"><div class=\"inner-date-new\"><div >1996<\/div><\/div>\n\t\t\t\t\t\t\t\t\t<\/div>\n\t\t\t\t\t\t\t\t<\/div>\n\t\t\t\t\t\t\t\t\t\t\t\t\t<\/div>\n\t\t\t\t\t<\/div>\n\t\t\t\t\t\t\t\t\t\t\t\t\t\t\t\t\t<div class=\"elementor-repeater-item-ad33301 uael-timeline-field animate-border out-view\">\n\t\t\t\t\t\t<div class=\"uael-timeline-widget uael-timeline-right\">\n\t\t\t\t\t\t\t<div class=\"uael-timeline-marker\">\n\t\t\t\t\t\t\t\t<span class=\"timeline-icon-new out-view-timeline-icon\">\n\t\t\t\t\t\t\t\t\t<i aria-hidden=\"true\" class=\"fa fa-calendar\"><\/i>\t\t\t\t\t\t\t\t<\/span>\n\t\t\t\t\t\t\t<\/div>\n\n\t\t\t\t\t\t\t<div class=\"uael-day-new uael-day-right\">\n\t\t\t\t\t\t\t\t<div class=\"uael-events-new\">\n\t\t\t\t\t\t\t\t\t\t\t\t\t\t\t\t\t\t<div class=\"uael-events-inner-new\">\n\t\t\t\t\t\t\t\t\t\t\t\t\t\t\t\t\t\t\t\t\t<div class=\"uael-timeline-date-hide uael-date-inner\"><div class=\"inner-date-new\"><p >1997.09.17<\/p><\/div>\n\t\t\t\t\t\t\t\t\t\t\t<\/div>\n\t\t\t\t\t\t\t\t\t\t\t\t\t\t\t\t\t\t\t\t<div class=\"uael-content\">\n\t\t\t\t\t\t\t\t\t\t\t\t\t\t\t\t\t\t\t\t\t\t\t\t\t\t\t\t\t\t\t\t\t\t\t\t\t\t\t\t\t\t\t\t\t\t\t\t\t\t\t\t\t\t\t\t\t\t\t\t\t\t\t\t\t\t\t<div class=\"uael-timeline-desc-content\">Inauguration of the Centre for Services and the Promotion of Valencian Ceramics and headquarters of AVEC. It was built on a plot donated by Manises City Council and has 3,000 m2 for offices, an assembly hall and permanent exhibition with products by its associates. <\/div> \t\t\t\t\t\t\t\t\t\t\t\t\t\t\t\t\t\t\t\t\t\t\t\t\t\t\t\t\t\t\t\t<\/div>\n\t\t\t\t\t\t\t\t\t\t<div class=\"uael-timeline-arrow\"><\/div>\n\t\t\t\t\t\t\t\t\t<\/div>\n\t\t\t\t\t\t\t\t\t\t\t\t\t\t\t\t\t<\/div>\n\t\t\t\t\t\t\t<\/div>\n\t\t\t\t\t\t\t\t\t\t\t\t\t\t\t<div class=\"uael-timeline-date-new\">\n\t\t\t\t\t\t\t\t\t<div class=\"uael-date-new\"><div class=\"inner-date-new\"><div >1997.09.17<\/div><\/div>\n\t\t\t\t\t\t\t\t\t<\/div>\n\t\t\t\t\t\t\t\t<\/div>\n\t\t\t\t\t\t\t\t\t\t\t\t\t<\/div>\n\t\t\t\t\t<\/div>\n\t\t\t\t\t\t\t\t\t\t\t\t\t\t\t\t\t<div class=\"elementor-repeater-item-45779d5 uael-timeline-field animate-border out-view\">\n\t\t\t\t\t\t<div class=\"uael-timeline-widget uael-timeline-left\">\n\t\t\t\t\t\t\t<div class=\"uael-timeline-marker\">\n\t\t\t\t\t\t\t\t<span class=\"timeline-icon-new out-view-timeline-icon\">\n\t\t\t\t\t\t\t\t\t<i aria-hidden=\"true\" class=\"fa fa-calendar\"><\/i>\t\t\t\t\t\t\t\t<\/span>\n\t\t\t\t\t\t\t<\/div>\n\n\t\t\t\t\t\t\t<div class=\"uael-day-new uael-day-left\">\n\t\t\t\t\t\t\t\t<div class=\"uael-events-new\">\n\t\t\t\t\t\t\t\t\t\t\t\t\t\t\t\t\t\t<div class=\"uael-events-inner-new\">\n\t\t\t\t\t\t\t\t\t\t\t\t\t\t\t\t\t\t\t\t\t<div class=\"uael-timeline-date-hide uael-date-inner\"><div class=\"inner-date-new\"><p >1998.06.10<\/p><\/div>\n\t\t\t\t\t\t\t\t\t\t\t<\/div>\n\t\t\t\t\t\t\t\t\t\t\t\t\t\t\t\t\t\t\t\t<div class=\"uael-content\">\n\t\t\t\t\t\t\t\t\t\t\t\t\t\t\t\t\t\t\t\t\t\t\t\t\t\t\t\t\t\t\t\t\t\t\t\t\t\t\t\t\t\t\t\t\t\t\t\t\t\t\t\t\t\t\t\t\t\t\t\t\t\t\t\t\t\t\t<div class=\"uael-timeline-desc-content\">The minister for industry of Cuba, Jes\u00fas P\u00e9rez Oth\u00f3n, visits the Centre for Services and the Promotion of Valencian Ceramics (AVEC) and the factories, La Cer\u00e1mica Valenciana (Heirs of Jos\u00e9 Gimeno Mart\u00ednez) and Cer\u00e1micas Teflor, specialists in wicker-style ceramics. <\/div> \t\t\t\t\t\t\t\t\t\t\t\t\t\t\t\t\t\t\t\t\t\t\t\t\t\t\t\t\t\t\t\t<\/div>\n\t\t\t\t\t\t\t\t\t\t<div class=\"uael-timeline-arrow\"><\/div>\n\t\t\t\t\t\t\t\t\t<\/div>\n\t\t\t\t\t\t\t\t\t\t\t\t\t\t\t\t\t<\/div>\n\t\t\t\t\t\t\t<\/div>\n\t\t\t\t\t\t\t\t\t\t\t\t\t\t\t<div class=\"uael-timeline-date-new\">\n\t\t\t\t\t\t\t\t\t<div class=\"uael-date-new\"><div class=\"inner-date-new\"><div >1998.06.10<\/div><\/div>\n\t\t\t\t\t\t\t\t\t<\/div>\n\t\t\t\t\t\t\t\t<\/div>\n\t\t\t\t\t\t\t\t\t\t\t\t\t<\/div>\n\t\t\t\t\t<\/div>\n\t\t\t\t\t\t\t\t\t\t\t\t\t\t\t\t\t<div class=\"elementor-repeater-item-2230cc9 uael-timeline-field animate-border out-view\">\n\t\t\t\t\t\t<div class=\"uael-timeline-widget uael-timeline-right\">\n\t\t\t\t\t\t\t<div class=\"uael-timeline-marker\">\n\t\t\t\t\t\t\t\t<span class=\"timeline-icon-new out-view-timeline-icon\">\n\t\t\t\t\t\t\t\t\t<i aria-hidden=\"true\" class=\"fa fa-calendar\"><\/i>\t\t\t\t\t\t\t\t<\/span>\n\t\t\t\t\t\t\t<\/div>\n\n\t\t\t\t\t\t\t<div class=\"uael-day-new uael-day-right\">\n\t\t\t\t\t\t\t\t<div class=\"uael-events-new\">\n\t\t\t\t\t\t\t\t\t\t\t\t\t\t\t\t\t\t<div class=\"uael-events-inner-new\">\n\t\t\t\t\t\t\t\t\t\t\t\t\t\t\t\t\t\t\t\t\t<div class=\"uael-timeline-date-hide uael-date-inner\"><div class=\"inner-date-new\"><p >2000<\/p><\/div>\n\t\t\t\t\t\t\t\t\t\t\t<\/div>\n\t\t\t\t\t\t\t\t\t\t\t\t\t\t\t\t\t\t\t\t<div class=\"uael-content\">\n\t\t\t\t\t\t\t\t\t\t\t\t\t\t\t\t\t\t\t\t\t\t\t\t\t\t\t\t\t\t\t\t\t\t\t\t\t\t\t\t\t\t\t\t\t\t\t\t\t\t\t\t\t\t\t\t\t\t\t\t\t\t\t\t\t\t\t<div class=\"uael-timeline-desc-content\">VICAR, S. A. moves its clay factory to a modern plant and strengthens it R&#038;D&#038;I  department to focus on new compositions for technical ceramics (cordierite, alumina, steatite\u2026), becoming the first domestic manufacturer in this speciality.<\/div> \t\t\t\t\t\t\t\t\t\t\t\t\t\t\t\t\t\t\t\t\t\t\t\t\t\t\t\t\t\t\t\t<\/div>\n\t\t\t\t\t\t\t\t\t\t<div class=\"uael-timeline-arrow\"><\/div>\n\t\t\t\t\t\t\t\t\t<\/div>\n\t\t\t\t\t\t\t\t\t\t\t\t\t\t\t\t\t<\/div>\n\t\t\t\t\t\t\t<\/div>\n\t\t\t\t\t\t\t\t\t\t\t\t\t\t\t<div class=\"uael-timeline-date-new\">\n\t\t\t\t\t\t\t\t\t<div class=\"uael-date-new\"><div class=\"inner-date-new\"><div >2000<\/div><\/div>\n\t\t\t\t\t\t\t\t\t<\/div>\n\t\t\t\t\t\t\t\t<\/div>\n\t\t\t\t\t\t\t\t\t\t\t\t\t<\/div>\n\t\t\t\t\t<\/div>\n\t\t\t\t\t\t\t\t\t\t\t\t\t\t\t\t\t<div class=\"elementor-repeater-item-e7f80d8 uael-timeline-field animate-border out-view\">\n\t\t\t\t\t\t<div class=\"uael-timeline-widget uael-timeline-left\">\n\t\t\t\t\t\t\t<div class=\"uael-timeline-marker\">\n\t\t\t\t\t\t\t\t<span class=\"timeline-icon-new out-view-timeline-icon\">\n\t\t\t\t\t\t\t\t\t<i aria-hidden=\"true\" class=\"fa fa-calendar\"><\/i>\t\t\t\t\t\t\t\t<\/span>\n\t\t\t\t\t\t\t<\/div>\n\n\t\t\t\t\t\t\t<div class=\"uael-day-new uael-day-left\">\n\t\t\t\t\t\t\t\t<div class=\"uael-events-new\">\n\t\t\t\t\t\t\t\t\t\t\t\t\t\t\t\t\t\t<div class=\"uael-events-inner-new\">\n\t\t\t\t\t\t\t\t\t\t\t\t\t\t\t\t\t\t\t\t\t<div class=\"uael-timeline-date-hide uael-date-inner\"><div class=\"inner-date-new\"><p >2000.11.15<\/p><\/div>\n\t\t\t\t\t\t\t\t\t\t\t<\/div>\n\t\t\t\t\t\t\t\t\t\t\t\t\t\t\t\t\t\t\t\t<div class=\"uael-content\">\n\t\t\t\t\t\t\t\t\t\t\t\t\t\t\t\t\t\t\t\t\t\t\t\t\t\t\t\t\t\t\t\t\t\t\t\t\t\t\t\t\t\t\t\t\t\t\t\t\t\t\t\t\t\t\t\t\t\t\t\t\t\t\t\t\t\t\t<div class=\"uael-timeline-desc-content\">The Valencian Association of Ceramics and the Guild of Ceramist Artisans merge under the name Valencian Association of Ceramics AVEC-Gremio and set up their headquarters in calle Valencia, 29, in Manises. <\/div> \t\t\t\t\t\t\t\t\t\t\t\t\t\t\t\t\t\t\t\t\t\t\t\t\t\t\t\t\t\t\t\t<\/div>\n\t\t\t\t\t\t\t\t\t\t<div class=\"uael-timeline-arrow\"><\/div>\n\t\t\t\t\t\t\t\t\t<\/div>\n\t\t\t\t\t\t\t\t\t\t\t\t\t\t\t\t\t<\/div>\n\t\t\t\t\t\t\t<\/div>\n\t\t\t\t\t\t\t\t\t\t\t\t\t\t\t<div class=\"uael-timeline-date-new\">\n\t\t\t\t\t\t\t\t\t<div class=\"uael-date-new\"><div class=\"inner-date-new\"><div >2000.11.15<\/div><\/div>\n\t\t\t\t\t\t\t\t\t<\/div>\n\t\t\t\t\t\t\t\t<\/div>\n\t\t\t\t\t\t\t\t\t\t\t\t\t<\/div>\n\t\t\t\t\t<\/div>\n\t\t\t\t\t\t\t\t\t\t\t\t\t\t\t\t\t<div class=\"elementor-repeater-item-9ef6c0b uael-timeline-field animate-border out-view\">\n\t\t\t\t\t\t<div class=\"uael-timeline-widget uael-timeline-right\">\n\t\t\t\t\t\t\t<div class=\"uael-timeline-marker\">\n\t\t\t\t\t\t\t\t<span class=\"timeline-icon-new out-view-timeline-icon\">\n\t\t\t\t\t\t\t\t\t<i aria-hidden=\"true\" class=\"fa fa-calendar\"><\/i>\t\t\t\t\t\t\t\t<\/span>\n\t\t\t\t\t\t\t<\/div>\n\n\t\t\t\t\t\t\t<div class=\"uael-day-new uael-day-right\">\n\t\t\t\t\t\t\t\t<div class=\"uael-events-new\">\n\t\t\t\t\t\t\t\t\t\t\t\t\t\t\t\t\t\t<div class=\"uael-events-inner-new\">\n\t\t\t\t\t\t\t\t\t\t\t\t\t\t\t\t\t\t\t\t\t<div class=\"uael-timeline-date-hide uael-date-inner\"><div class=\"inner-date-new\"><p >2001<\/p><\/div>\n\t\t\t\t\t\t\t\t\t\t\t<\/div>\n\t\t\t\t\t\t\t\t\t\t\t\t\t\t\t\t\t\t\t\t<div class=\"uael-content\">\n\t\t\t\t\t\t\t\t\t\t\t\t\t\t\t\t\t\t\t\t\t\t\t\t\t\t\t\t\t\t\t\t\t\t\t\t\t\t\t\t\t\t\t\t\t\t\t\t\t\t\t\t\t\t\t\t\t\t\t\t\t\t\t\t\t\t\t<div class=\"uael-timeline-desc-content\">At a time when there is a slump in the decorative earthenware industry  due to a never-ending economic depression, the Manises School of Ceramics is renamed the Higher School of Art and Ceramics. As well as degree-level upper studies, it also offers training cycles. <\/div> \t\t\t\t\t\t\t\t\t\t\t\t\t\t\t\t\t\t\t\t\t\t\t\t\t\t\t\t\t\t\t\t<\/div>\n\t\t\t\t\t\t\t\t\t\t<div class=\"uael-timeline-arrow\"><\/div>\n\t\t\t\t\t\t\t\t\t<\/div>\n\t\t\t\t\t\t\t\t\t\t\t\t\t\t\t\t\t<\/div>\n\t\t\t\t\t\t\t<\/div>\n\t\t\t\t\t\t\t\t\t\t\t\t\t\t\t<div class=\"uael-timeline-date-new\">\n\t\t\t\t\t\t\t\t\t<div class=\"uael-date-new\"><div class=\"inner-date-new\"><div >2001<\/div><\/div>\n\t\t\t\t\t\t\t\t\t<\/div>\n\t\t\t\t\t\t\t\t<\/div>\n\t\t\t\t\t\t\t\t\t\t\t\t\t<\/div>\n\t\t\t\t\t<\/div>\n\t\t\t\t\t\t\t\t\t\t\t\t\t\t\t\t\t<div class=\"elementor-repeater-item-2ff0ce9 uael-timeline-field animate-border out-view\">\n\t\t\t\t\t\t<div class=\"uael-timeline-widget uael-timeline-left\">\n\t\t\t\t\t\t\t<div class=\"uael-timeline-marker\">\n\t\t\t\t\t\t\t\t<span class=\"timeline-icon-new out-view-timeline-icon\">\n\t\t\t\t\t\t\t\t\t<i aria-hidden=\"true\" class=\"fa fa-calendar\"><\/i>\t\t\t\t\t\t\t\t<\/span>\n\t\t\t\t\t\t\t<\/div>\n\n\t\t\t\t\t\t\t<div class=\"uael-day-new uael-day-left\">\n\t\t\t\t\t\t\t\t<div class=\"uael-events-new\">\n\t\t\t\t\t\t\t\t\t\t\t\t\t\t\t\t\t\t<div class=\"uael-events-inner-new\">\n\t\t\t\t\t\t\t\t\t\t\t\t\t\t\t\t\t\t\t\t\t<div class=\"uael-timeline-date-hide uael-date-inner\"><div class=\"inner-date-new\"><p >2007.02.05<\/p><\/div>\n\t\t\t\t\t\t\t\t\t\t\t<\/div>\n\t\t\t\t\t\t\t\t\t\t\t\t\t\t\t\t\t\t\t\t<div class=\"uael-content\">\n\t\t\t\t\t\t\t\t\t\t\t\t\t\t\t\t\t\t\t\t\t\t\t\t\t\t\t\t\t\t\t\t\t\t\t\t\t\t\t\t\t\t\t\t\t\t\t\t\t\t\t\t\t\t\t\t\t\t\t\t\t\t\t\t\t\t\t<div class=\"uael-timeline-desc-content\"><p>The Generalitat Valenciana awards the Nova 2006 Prize, in the handicraft sector, to La Cer\u00e1mica Valenciana Sucesores de Jos\u00e9 Gimeno Mart\u00ednez, S. L. for the development of its innovative Sagen \/ Ceramics project based on the edition of pieces by young designers.\u00a0<\/p><\/div> \t\t\t\t\t\t\t\t\t\t\t\t\t\t\t\t\t\t\t\t\t\t\t\t\t\t\t\t\t\t\t\t<\/div>\n\t\t\t\t\t\t\t\t\t\t<div class=\"uael-timeline-arrow\"><\/div>\n\t\t\t\t\t\t\t\t\t<\/div>\n\t\t\t\t\t\t\t\t\t\t\t\t\t\t\t\t\t<\/div>\n\t\t\t\t\t\t\t<\/div>\n\t\t\t\t\t\t\t\t\t\t\t\t\t\t\t<div class=\"uael-timeline-date-new\">\n\t\t\t\t\t\t\t\t\t<div class=\"uael-date-new\"><div class=\"inner-date-new\"><div >2007.02.05<\/div><\/div>\n\t\t\t\t\t\t\t\t\t<\/div>\n\t\t\t\t\t\t\t\t<\/div>\n\t\t\t\t\t\t\t\t\t\t\t\t\t<\/div>\n\t\t\t\t\t<\/div>\n\t\t\t\t\t\t\t\t\t\t\t\t\t\t\t\t\t<div class=\"elementor-repeater-item-be09ccb uael-timeline-field animate-border out-view\">\n\t\t\t\t\t\t<div class=\"uael-timeline-widget uael-timeline-right\">\n\t\t\t\t\t\t\t<div class=\"uael-timeline-marker\">\n\t\t\t\t\t\t\t\t<span class=\"timeline-icon-new out-view-timeline-icon\">\n\t\t\t\t\t\t\t\t\t<i aria-hidden=\"true\" class=\"fa fa-calendar\"><\/i>\t\t\t\t\t\t\t\t<\/span>\n\t\t\t\t\t\t\t<\/div>\n\n\t\t\t\t\t\t\t<div class=\"uael-day-new uael-day-right\">\n\t\t\t\t\t\t\t\t<div class=\"uael-events-new\">\n\t\t\t\t\t\t\t\t\t\t\t\t\t\t\t\t\t\t<div class=\"uael-events-inner-new\">\n\t\t\t\t\t\t\t\t\t\t\t\t\t\t\t\t\t\t\t\t\t<div class=\"uael-timeline-date-hide uael-date-inner\"><div class=\"inner-date-new\"><p >2009-2010<\/p><\/div>\n\t\t\t\t\t\t\t\t\t\t\t<\/div>\n\t\t\t\t\t\t\t\t\t\t\t\t\t\t\t\t\t\t\t\t<div class=\"uael-content\">\n\t\t\t\t\t\t\t\t\t\t\t\t\t\t\t\t\t\t\t\t\t\t\t\t\t\t\t\t\t\t\t\t\t\t\t\t\t\t\t\t\t\t\t\t\t\t\t\t\t\t\t\t\t\t\t\t\t\t\t\t\t\t\t\t\t\t\t<div class=\"uael-timeline-desc-content\">The buildings in the Barri dels Obradors are demolished. In their place, a major archaeological site remains, pending maximum protection and extremely careful excavation.<\/div> \t\t\t\t\t\t\t\t\t\t\t\t\t\t\t\t\t\t\t\t\t\t\t\t\t\t\t\t\t\t\t\t<\/div>\n\t\t\t\t\t\t\t\t\t\t<div class=\"uael-timeline-arrow\"><\/div>\n\t\t\t\t\t\t\t\t\t<\/div>\n\t\t\t\t\t\t\t\t\t\t\t\t\t\t\t\t\t<\/div>\n\t\t\t\t\t\t\t<\/div>\n\t\t\t\t\t\t\t\t\t\t\t\t\t\t\t<div class=\"uael-timeline-date-new\">\n\t\t\t\t\t\t\t\t\t<div class=\"uael-date-new\"><div class=\"inner-date-new\"><div >2009-2010<\/div><\/div>\n\t\t\t\t\t\t\t\t\t<\/div>\n\t\t\t\t\t\t\t\t<\/div>\n\t\t\t\t\t\t\t\t\t\t\t\t\t<\/div>\n\t\t\t\t\t<\/div>\n\t\t\t\t\t\t\t\t\t\t\t\t\t\t\t\t\t<div class=\"elementor-repeater-item-6163c38 uael-timeline-field animate-border out-view\">\n\t\t\t\t\t\t<div class=\"uael-timeline-widget uael-timeline-left\">\n\t\t\t\t\t\t\t<div class=\"uael-timeline-marker\">\n\t\t\t\t\t\t\t\t<span class=\"timeline-icon-new out-view-timeline-icon\">\n\t\t\t\t\t\t\t\t\t<i aria-hidden=\"true\" class=\"fa fa-calendar\"><\/i>\t\t\t\t\t\t\t\t<\/span>\n\t\t\t\t\t\t\t<\/div>\n\n\t\t\t\t\t\t\t<div class=\"uael-day-new uael-day-left\">\n\t\t\t\t\t\t\t\t<div class=\"uael-events-new\">\n\t\t\t\t\t\t\t\t\t\t\t\t\t\t\t\t\t\t<div class=\"uael-events-inner-new\">\n\t\t\t\t\t\t\t\t\t\t\t\t\t\t\t\t\t\t\t\t\t<div class=\"uael-timeline-date-hide uael-date-inner\"><div class=\"inner-date-new\"><p >2014.12.02<\/p><\/div>\n\t\t\t\t\t\t\t\t\t\t\t<\/div>\n\t\t\t\t\t\t\t\t\t\t\t\t\t\t\t\t\t\t\t\t<div class=\"uael-content\">\n\t\t\t\t\t\t\t\t\t\t\t\t\t\t\t\t\t\t\t\t\t\t\t\t\t\t\t\t\t\t\t\t\t\t\t\t\t\t\t\t\t\t\t\t\t\t\t\t\t\t\t\t\t\t\t\t\t\t\t\t\t\t\t\t\t\t\t<div class=\"uael-timeline-desc-content\">Juan Carlos I\u00f1esta patents the DOMANISES trademark for a new workshop project, initiated some years previously, in which to explore innovation in ceramic artisanship in collaboration with artists, designers and computer programmers.<\/div> \t\t\t\t\t\t\t\t\t\t\t\t\t\t\t\t\t\t\t\t\t\t\t\t\t\t\t\t\t\t\t\t<\/div>\n\t\t\t\t\t\t\t\t\t\t<div class=\"uael-timeline-arrow\"><\/div>\n\t\t\t\t\t\t\t\t\t<\/div>\n\t\t\t\t\t\t\t\t\t\t\t\t\t\t\t\t\t<\/div>\n\t\t\t\t\t\t\t<\/div>\n\t\t\t\t\t\t\t\t\t\t\t\t\t\t\t<div class=\"uael-timeline-date-new\">\n\t\t\t\t\t\t\t\t\t<div class=\"uael-date-new\"><div class=\"inner-date-new\"><div >2014.12.02<\/div><\/div>\n\t\t\t\t\t\t\t\t\t<\/div>\n\t\t\t\t\t\t\t\t<\/div>\n\t\t\t\t\t\t\t\t\t\t\t\t\t<\/div>\n\t\t\t\t\t<\/div>\n\t\t\t\t\t\t\t\t\t\t\t\t\t\t\t\t\t<div class=\"elementor-repeater-item-ecf80b2 uael-timeline-field animate-border out-view\">\n\t\t\t\t\t\t<div class=\"uael-timeline-widget uael-timeline-right\">\n\t\t\t\t\t\t\t<div class=\"uael-timeline-marker\">\n\t\t\t\t\t\t\t\t<span class=\"timeline-icon-new out-view-timeline-icon\">\n\t\t\t\t\t\t\t\t\t<i aria-hidden=\"true\" class=\"fa fa-calendar\"><\/i>\t\t\t\t\t\t\t\t<\/span>\n\t\t\t\t\t\t\t<\/div>\n\n\t\t\t\t\t\t\t<div class=\"uael-day-new uael-day-right\">\n\t\t\t\t\t\t\t\t<div class=\"uael-events-new\">\n\t\t\t\t\t\t\t\t\t\t\t\t\t\t\t\t\t\t<div class=\"uael-events-inner-new\">\n\t\t\t\t\t\t\t\t\t\t\t\t\t\t\t\t\t\t\t\t\t<div class=\"uael-timeline-date-hide uael-date-inner\"><div class=\"inner-date-new\"><p >2015-2017<\/p><\/div>\n\t\t\t\t\t\t\t\t\t\t\t<\/div>\n\t\t\t\t\t\t\t\t\t\t\t\t\t\t\t\t\t\t\t\t<div class=\"uael-content\">\n\t\t\t\t\t\t\t\t\t\t\t\t\t\t\t\t\t\t\t\t\t\t\t\t\t\t\t\t\t\t\t\t\t\t\t\t\t\t\t\t\t\t\t\t\t\t\t\t\t\t\t\t\t\t\t\t\t\t\t\t\t\t\t\t\t\t\t<div class=\"uael-timeline-desc-content\">In the excavation campaigns carried out between 2015 and 2017 led by Jaume Coll on the site at C\/ Valencia n\u00ba 17 (Barri dels Obradors), among other finds were the royal heraldry belonging to Charles VI, King of France (1368-1422). <\/div> \t\t\t\t\t\t\t\t\t\t\t\t\t\t\t\t\t\t\t\t\t\t\t\t\t\t\t\t\t\t\t\t<\/div>\n\t\t\t\t\t\t\t\t\t\t<div class=\"uael-timeline-arrow\"><\/div>\n\t\t\t\t\t\t\t\t\t<\/div>\n\t\t\t\t\t\t\t\t\t\t\t\t\t\t\t\t\t<\/div>\n\t\t\t\t\t\t\t<\/div>\n\t\t\t\t\t\t\t\t\t\t\t\t\t\t\t<div class=\"uael-timeline-date-new\">\n\t\t\t\t\t\t\t\t\t<div class=\"uael-date-new\"><div class=\"inner-date-new\"><div >2015-2017<\/div><\/div>\n\t\t\t\t\t\t\t\t\t<\/div>\n\t\t\t\t\t\t\t\t<\/div>\n\t\t\t\t\t\t\t\t\t\t\t\t\t<\/div>\n\t\t\t\t\t<\/div>\n\t\t\t\t\t\t\t\t\t\t\t\t\t\t\t\t\t<div class=\"elementor-repeater-item-fd934f1 uael-timeline-field animate-border out-view\">\n\t\t\t\t\t\t<div class=\"uael-timeline-widget uael-timeline-left\">\n\t\t\t\t\t\t\t<div class=\"uael-timeline-marker\">\n\t\t\t\t\t\t\t\t<span class=\"timeline-icon-new out-view-timeline-icon\">\n\t\t\t\t\t\t\t\t\t<i aria-hidden=\"true\" class=\"fa fa-calendar\"><\/i>\t\t\t\t\t\t\t\t<\/span>\n\t\t\t\t\t\t\t<\/div>\n\n\t\t\t\t\t\t\t<div class=\"uael-day-new uael-day-left\">\n\t\t\t\t\t\t\t\t<div class=\"uael-events-new\">\n\t\t\t\t\t\t\t\t\t\t\t\t\t\t\t\t\t\t<div class=\"uael-events-inner-new\">\n\t\t\t\t\t\t\t\t\t\t\t\t\t\t\t\t\t\t\t\t\t<div class=\"uael-timeline-date-hide uael-date-inner\"><div class=\"inner-date-new\"><p >2019<\/p><\/div>\n\t\t\t\t\t\t\t\t\t\t\t<\/div>\n\t\t\t\t\t\t\t\t\t\t\t\t\t\t\t\t\t\t\t\t<div class=\"uael-content\">\n\t\t\t\t\t\t\t\t\t\t\t\t\t\t\t\t\t\t\t\t\t\t\t\t\t\t\t\t\t\t\t\t\t\t\t\t\t\t\t\t\t\t\t\t\t\t\t\t\t\t\t\t\t\t\t\t\t\t\t\t\t\t\t\t\t\t\t<div class=\"uael-timeline-desc-content\">Arturo Mora (Lustreware of Manises) is awarded the first prizes in the speciality of traditional ceramics, at the International Biennial of Ceramics of Talavera and in the Crafts Competition of the Autonomous Community of Valencia.<\/div> \t\t\t\t\t\t\t\t\t\t\t\t\t\t\t\t\t\t\t\t\t\t\t\t\t\t\t\t\t\t\t\t<\/div>\n\t\t\t\t\t\t\t\t\t\t<div class=\"uael-timeline-arrow\"><\/div>\n\t\t\t\t\t\t\t\t\t<\/div>\n\t\t\t\t\t\t\t\t\t\t\t\t\t\t\t\t\t<\/div>\n\t\t\t\t\t\t\t<\/div>\n\t\t\t\t\t\t\t\t\t\t\t\t\t\t\t<div class=\"uael-timeline-date-new\">\n\t\t\t\t\t\t\t\t\t<div class=\"uael-date-new\"><div class=\"inner-date-new\"><div >2019<\/div><\/div>\n\t\t\t\t\t\t\t\t\t<\/div>\n\t\t\t\t\t\t\t\t<\/div>\n\t\t\t\t\t\t\t\t\t\t\t\t\t<\/div>\n\t\t\t\t\t<\/div>\n\t\t\t\t\t\t\t\t\t\t\t\t\t\t\t\t\t<div class=\"elementor-repeater-item-fc090dd uael-timeline-field animate-border out-view\">\n\t\t\t\t\t\t<div class=\"uael-timeline-widget uael-timeline-right\">\n\t\t\t\t\t\t\t<div class=\"uael-timeline-marker\">\n\t\t\t\t\t\t\t\t<span class=\"timeline-icon-new out-view-timeline-icon\">\n\t\t\t\t\t\t\t\t\t<i aria-hidden=\"true\" class=\"fa fa-calendar\"><\/i>\t\t\t\t\t\t\t\t<\/span>\n\t\t\t\t\t\t\t<\/div>\n\n\t\t\t\t\t\t\t<div class=\"uael-day-new uael-day-right\">\n\t\t\t\t\t\t\t\t<div class=\"uael-events-new\">\n\t\t\t\t\t\t\t\t\t\t\t\t\t\t\t\t\t\t<div class=\"uael-events-inner-new\">\n\t\t\t\t\t\t\t\t\t\t\t\t\t\t\t\t\t\t\t\t\t<div class=\"uael-timeline-date-hide uael-date-inner\"><div class=\"inner-date-new\"><p >2021, May (?)<\/p><\/div>\n\t\t\t\t\t\t\t\t\t\t\t<\/div>\n\t\t\t\t\t\t\t\t\t\t\t\t\t\t\t\t\t\t\t\t<div class=\"uael-content\">\n\t\t\t\t\t\t\t\t\t\t\t\t\t\t\t\t\t\t\t\t\t\t\t\t\t\t\t\t\t\t\t\t\t\t\t\t\t\t\t\t\t\t\t\t\t\t\t\t\t\t\t\t\t\t\t\t\t\t\t\t\t\t\t\t\t\t\t<div class=\"uael-timeline-desc-content\">Following promotion by the City Hall and with the support of citizens and numerous public and private institutions, Manises successfully gains entry into UNESCO\u2019s Creative Cities Network under the category \u00abCrafts and Folk Arts\u00bb.<\/div> \t\t\t\t\t\t\t\t\t\t\t\t\t\t\t\t\t\t\t\t\t\t\t\t\t\t\t\t\t\t\t\t<\/div>\n\t\t\t\t\t\t\t\t\t\t<div class=\"uael-timeline-arrow\"><\/div>\n\t\t\t\t\t\t\t\t\t<\/div>\n\t\t\t\t\t\t\t\t\t\t\t\t\t\t\t\t\t<\/div>\n\t\t\t\t\t\t\t<\/div>\n\t\t\t\t\t\t\t\t\t\t\t\t\t\t\t<div class=\"uael-timeline-date-new\">\n\t\t\t\t\t\t\t\t\t<div class=\"uael-date-new\"><div class=\"inner-date-new\"><div >2021, May (?)<\/div><\/div>\n\t\t\t\t\t\t\t\t\t<\/div>\n\t\t\t\t\t\t\t\t<\/div>\n\t\t\t\t\t\t\t\t\t\t\t\t\t<\/div>\n\t\t\t\t\t<\/div>\n\t\t\t\t\t\t\t\t\t\t<\/div>\t\t\n\t\t<div class=\"uael-timeline__line\">\n\t\t\t<div class=\"uael-timeline__line__inner\"><\/div>\n\t\t<\/div>\n\t<\/div>\n<\/div>\n\n\t\t<\/div>\n\t\t\t\t<\/div>\n\t\t\t\t\t\t<\/div>\n\t\t\t\t\t<\/div>\n\t\t<\/div>\n\t\t\t\t\t\t\t\t<\/div>\n\t\t\t\t\t<\/div>\n\t\t<\/section>\n\t\t\t\t\t\t\t\t\t<\/div>\n\t\t\t<\/div>\n\t\t\t\t\t<\/div>\n\t\t","protected":false},"excerpt":{"rendered":"<p>History of ceramics Manises, city of ceramics 105 documented facts and milestones (1237-2021) This compilation was drawn up by Josep P\u00e9rez Camps 1237-07.01 Before the conquest- King James I donates &hellip;<\/p>\n<p class=\"read-more\"> <a class=\"\" href=\"https:\/\/manisescityofceramics.es\/en\/history-of-ceramics\/\"> <span class=\"screen-reader-text\">History of ceramics<\/span> Read More &raquo;<\/a><\/p>\n","protected":false},"author":2,"featured_media":0,"parent":0,"menu_order":0,"comment_status":"closed","ping_status":"closed","template":"","meta":{"_monsterinsights_skip_tracking":false,"_monsterinsights_sitenote_active":false,"_monsterinsights_sitenote_note":"","_monsterinsights_sitenote_category":0},"yoast_head":"<!-- This site is optimized with the Yoast SEO plugin v16.5 - https:\/\/yoast.com\/wordpress\/plugins\/seo\/ -->\r\n<title>History of ceramics - Manises<\/title>\r\n<meta name=\"robots\" content=\"index, follow, max-snippet:-1, max-image-preview:large, max-video-preview:-1\" \/>\r\n<link rel=\"canonical\" href=\"https:\/\/manisescityofceramics.es\/en\/history-of-ceramics\/\" \/>\r\n<meta property=\"og:locale\" content=\"en_US\" \/>\r\n<meta property=\"og:type\" content=\"article\" \/>\r\n<meta property=\"og:title\" content=\"History of ceramics - Manises\" \/>\r\n<meta property=\"og:description\" content=\"History of ceramics Manises, city of ceramics 105 documented facts and milestones (1237-2021) This compilation was drawn up by Josep P\u00e9rez Camps 1237-07.01 Before the conquest- King James I donates &hellip; History of ceramics Read More &raquo;\" \/>\r\n<meta property=\"og:url\" content=\"https:\/\/manisescityofceramics.es\/en\/history-of-ceramics\/\" \/>\r\n<meta property=\"og:site_name\" content=\"Manises\" \/>\r\n<meta property=\"article:modified_time\" content=\"2021-06-11T15:24:40+00:00\" \/>\r\n<meta name=\"twitter:card\" content=\"summary_large_image\" \/>\r\n<meta name=\"twitter:label1\" content=\"Est. reading time\" \/>\n\t<meta name=\"twitter:data1\" content=\"20 minutes\" \/>\r\n<script type=\"application\/ld+json\" class=\"yoast-schema-graph\">{\"@context\":\"https:\/\/schema.org\",\"@graph\":[{\"@type\":\"WebSite\",\"@id\":\"https:\/\/manisescityofceramics.es\/#website\",\"url\":\"https:\/\/manisescityofceramics.es\/\",\"name\":\"Manises\",\"description\":\"\",\"potentialAction\":[{\"@type\":\"SearchAction\",\"target\":\"https:\/\/manisescityofceramics.es\/?s={search_term_string}\",\"query-input\":\"required name=search_term_string\"}],\"inLanguage\":\"en-US\"},{\"@type\":\"WebPage\",\"@id\":\"https:\/\/manisescityofceramics.es\/en\/history-of-ceramics\/#webpage\",\"url\":\"https:\/\/manisescityofceramics.es\/en\/history-of-ceramics\/\",\"name\":\"History of ceramics - Manises\",\"isPartOf\":{\"@id\":\"https:\/\/manisescityofceramics.es\/#website\"},\"datePublished\":\"2021-01-24T19:17:50+00:00\",\"dateModified\":\"2021-06-11T15:24:40+00:00\",\"breadcrumb\":{\"@id\":\"https:\/\/manisescityofceramics.es\/en\/history-of-ceramics\/#breadcrumb\"},\"inLanguage\":\"en-US\",\"potentialAction\":[{\"@type\":\"ReadAction\",\"target\":[\"https:\/\/manisescityofceramics.es\/en\/history-of-ceramics\/\"]}]},{\"@type\":\"BreadcrumbList\",\"@id\":\"https:\/\/manisescityofceramics.es\/en\/history-of-ceramics\/#breadcrumb\",\"itemListElement\":[{\"@type\":\"ListItem\",\"position\":1,\"name\":\"Inicio\",\"item\":\"https:\/\/manisescityofceramics.es\/en\/\"},{\"@type\":\"ListItem\",\"position\":2,\"name\":\"History of ceramics\"}]}]}<\/script>\r\n<!-- \/ Yoast SEO plugin. -->","_links":{"self":[{"href":"https:\/\/manisescityofceramics.es\/en\/wp-json\/wp\/v2\/pages\/7897"}],"collection":[{"href":"https:\/\/manisescityofceramics.es\/en\/wp-json\/wp\/v2\/pages"}],"about":[{"href":"https:\/\/manisescityofceramics.es\/en\/wp-json\/wp\/v2\/types\/page"}],"author":[{"embeddable":true,"href":"https:\/\/manisescityofceramics.es\/en\/wp-json\/wp\/v2\/users\/2"}],"replies":[{"embeddable":true,"href":"https:\/\/manisescityofceramics.es\/en\/wp-json\/wp\/v2\/comments?post=7897"}],"version-history":[{"count":16,"href":"https:\/\/manisescityofceramics.es\/en\/wp-json\/wp\/v2\/pages\/7897\/revisions"}],"predecessor-version":[{"id":8260,"href":"https:\/\/manisescityofceramics.es\/en\/wp-json\/wp\/v2\/pages\/7897\/revisions\/8260"}],"wp:attachment":[{"href":"https:\/\/manisescityofceramics.es\/en\/wp-json\/wp\/v2\/media?parent=7897"}],"curies":[{"name":"wp","href":"https:\/\/api.w.org\/{rel}","templated":true}]}}