{"id":5950,"date":"2021-03-16T19:59:21","date_gmt":"2021-03-16T19:59:21","guid":{"rendered":"http:\/\/95.39.50.142\/evento\/exposicion-fotografica-del-museo-de-ceramica-en-hall-hospital-de-manises\/"},"modified":"2021-03-16T20:00:39","modified_gmt":"2021-03-16T20:00:39","slug":"exposicio-fotografica-del-museu-de-ceramica-al-vestibul-de-hospital-de-manises","status":"publish","type":"tribe_events","link":"https:\/\/manisescityofceramics.es\/ca\/evento\/exposicio-fotografica-del-museu-de-ceramica-al-vestibul-de-hospital-de-manises\/","title":{"rendered":"Exposici\u00f3 fotogr\u00e0fica del Museu de Cer\u00e0mica al vest\u00edbul de l\u02bcHospital de Manises"},"content":{"rendered":"<p>Amb motiu de la celebraci\u00f3 del 50\u00e9 aniversari del Museu de Cer\u00e0mica, que es va desenvolupar al llarg de l\u02bcany 2018, es va organitzar a l\u02bcHospital de Manises una exposici\u00f3 fotogr\u00e0fica del Museu de Cer\u00e0mica de Manises que va rec\u00f3rrer els 50 anys de la seua exist\u00e8ncia, amb un total de 18 fotografies que reflectien diversos aspectes del MCM.<\/p>\n<p>El Museu de Cer\u00e0mica de Manises, inaugurat el 26 de novembre 1967, compta amb una col\u00b7lecci\u00f3 monogr\u00e0fica de cer\u00e0mica formada per m\u00e9s de 5.000 peces que representen una visi\u00f3 panor\u00e0mica de la producci\u00f3 de cer\u00e0mica a Manises, des del segle XIV fins a l\u02bcactualitat, i de peces d\u02bcart realitzades per autors diversos pa\u00efsos. El museu tamb\u00e9 disposa d\u02bcuna biblioteca especialitzada en cer\u00e0mica amb m\u00e9s de 3.000 volums i una secci\u00f3 audiovisual.<\/p>\n<p>L\u02bcexposici\u00f3 dedicada al 50\u00e9 aniversari del Museu de Cer\u00e0mica de Manises es va mantindre en el vest\u00edbul de l\u02bcHospital durant aproximadament 3 mesos, coincidint amb el XI Congr\u00e9s de Medicina Intensiva de la Comunitat Valenciana.<\/p>\n","protected":false},"excerpt":{"rendered":"<p>Amb motiu de la celebraci\u00f3 del 50\u00e9 aniversari del Museu de Cer\u00e0mica, que es va desenvolupar al llarg de l\u02bcany 2018, es va organitzar a l\u02bcHospital de Manises una exposici\u00f3 &hellip;<\/p>\n<p class=\"read-more\"> <a class=\"\" href=\"https:\/\/manisescityofceramics.es\/ca\/evento\/exposicio-fotografica-del-museu-de-ceramica-al-vestibul-de-hospital-de-manises\/\"> <span class=\"screen-reader-text\">Exposici\u00f3 fotogr\u00e0fica del Museu de Cer\u00e0mica al vest\u00edbul de l\u02bcHospital de Manises<\/span> Llegeix m\u00e9s &raquo;<\/a><\/p>\n","protected":false},"author":2,"featured_media":5947,"comment_status":"open","ping_status":"closed","template":"","meta":{"_monsterinsights_skip_tracking":false,"_monsterinsights_sitenote_active":false,"_monsterinsights_sitenote_note":"","_monsterinsights_sitenote_category":0,"_tribe_events_status":"","_tribe_events_status_reason":""},"tags":[],"tribe_events_cat":[],"yoast_head":"<!-- This site is optimized with the Yoast SEO plugin v16.5 - https:\/\/yoast.com\/wordpress\/plugins\/seo\/ -->\r\n<title>Exposici\u00f3 fotogr\u00e0fica del Museu de Cer\u00e0mica al vest\u00edbul de l\u02bcHospital de Manises - Manises<\/title>\r\n<meta name=\"robots\" content=\"index, follow, max-snippet:-1, max-image-preview:large, max-video-preview:-1\" \/>\r\n<link rel=\"canonical\" href=\"https:\/\/manisescityofceramics.es\/ca\/evento\/exposicio-fotografica-del-museu-de-ceramica-al-vestibul-de-hospital-de-manises\/\" \/>\r\n<meta property=\"og:locale\" content=\"ca_ES\" \/>\r\n<meta property=\"og:type\" content=\"article\" \/>\r\n<meta property=\"og:title\" content=\"Exposici\u00f3 fotogr\u00e0fica del Museu de Cer\u00e0mica al vest\u00edbul de l\u02bcHospital de Manises - Manises\" \/>\r\n<meta property=\"og:description\" content=\"Amb motiu de la celebraci\u00f3 del 50\u00e9 aniversari del Museu de Cer\u00e0mica, que es va desenvolupar al llarg de l\u02bcany 2018, es va organitzar a l\u02bcHospital de Manises una exposici\u00f3 &hellip; Exposici\u00f3 fotogr\u00e0fica del Museu de Cer\u00e0mica al vest\u00edbul de l\u02bcHospital de Manises Llegeix m\u00e9s &raquo;\" \/>\r\n<meta property=\"og:url\" content=\"https:\/\/manisescityofceramics.es\/ca\/evento\/exposicio-fotografica-del-museu-de-ceramica-al-vestibul-de-hospital-de-manises\/\" \/>\r\n<meta property=\"og:site_name\" content=\"Manises\" \/>\r\n<meta property=\"article:modified_time\" content=\"2021-03-16T20:00:39+00:00\" \/>\r\n<meta property=\"og:image\" content=\"https:\/\/manisescityofceramics.es\/wp-content\/uploads\/2021\/03\/exposicin-museo-cermica-1024x683-1.jpg\" \/>\r\n\t<meta property=\"og:image:width\" content=\"1024\" \/>\r\n\t<meta property=\"og:image:height\" content=\"683\" \/>\r\n<meta name=\"twitter:card\" content=\"summary_large_image\" \/>\r\n<meta name=\"twitter:label1\" content=\"Temps estimat de lectura\" \/>\n\t<meta name=\"twitter:data1\" content=\"1 minut\" \/>\r\n<script type=\"application\/ld+json\" class=\"yoast-schema-graph\">{\"@context\":\"https:\/\/schema.org\",\"@graph\":[{\"@type\":\"WebSite\",\"@id\":\"https:\/\/manisescityofceramics.es\/#website\",\"url\":\"https:\/\/manisescityofceramics.es\/\",\"name\":\"Manises\",\"description\":\"\",\"potentialAction\":[{\"@type\":\"SearchAction\",\"target\":\"https:\/\/manisescityofceramics.es\/?s={search_term_string}\",\"query-input\":\"required name=search_term_string\"}],\"inLanguage\":\"ca\"},{\"@type\":\"ImageObject\",\"@id\":\"https:\/\/manisescityofceramics.es\/ca\/evento\/exposicio-fotografica-del-museu-de-ceramica-al-vestibul-de-hospital-de-manises\/#primaryimage\",\"inLanguage\":\"ca\",\"url\":\"https:\/\/manisescityofceramics.es\/wp-content\/uploads\/2021\/03\/exposicin-museo-cermica-1024x683-1.jpg\",\"contentUrl\":\"https:\/\/manisescityofceramics.es\/wp-content\/uploads\/2021\/03\/exposicin-museo-cermica-1024x683-1.jpg\",\"width\":1024,\"height\":683},{\"@type\":\"WebPage\",\"@id\":\"https:\/\/manisescityofceramics.es\/ca\/evento\/exposicio-fotografica-del-museu-de-ceramica-al-vestibul-de-hospital-de-manises\/#webpage\",\"url\":\"https:\/\/manisescityofceramics.es\/ca\/evento\/exposicio-fotografica-del-museu-de-ceramica-al-vestibul-de-hospital-de-manises\/\",\"name\":\"Exposici\\u00f3 fotogr\\u00e0fica del Museu de Cer\\u00e0mica al vest\\u00edbul de l\\u02bcHospital de Manises - Manises\",\"isPartOf\":{\"@id\":\"https:\/\/manisescityofceramics.es\/#website\"},\"primaryImageOfPage\":{\"@id\":\"https:\/\/manisescityofceramics.es\/ca\/evento\/exposicio-fotografica-del-museu-de-ceramica-al-vestibul-de-hospital-de-manises\/#primaryimage\"},\"datePublished\":\"2021-03-16T19:59:21+00:00\",\"dateModified\":\"2021-03-16T20:00:39+00:00\",\"breadcrumb\":{\"@id\":\"https:\/\/manisescityofceramics.es\/ca\/evento\/exposicio-fotografica-del-museu-de-ceramica-al-vestibul-de-hospital-de-manises\/#breadcrumb\"},\"inLanguage\":\"ca\",\"potentialAction\":[{\"@type\":\"ReadAction\",\"target\":[\"https:\/\/manisescityofceramics.es\/ca\/evento\/exposicio-fotografica-del-museu-de-ceramica-al-vestibul-de-hospital-de-manises\/\"]}]},{\"@type\":\"BreadcrumbList\",\"@id\":\"https:\/\/manisescityofceramics.es\/ca\/evento\/exposicio-fotografica-del-museu-de-ceramica-al-vestibul-de-hospital-de-manises\/#breadcrumb\",\"itemListElement\":[{\"@type\":\"ListItem\",\"position\":1,\"name\":\"Inicio\",\"item\":\"https:\/\/manisescityofceramics.es\/ca\/\"},{\"@type\":\"ListItem\",\"position\":2,\"name\":\"Esdeveniments\",\"item\":\"https:\/\/manisescityofceramics.es\/ca\/eventos\/\"},{\"@type\":\"ListItem\",\"position\":3,\"name\":\"Exposici\\u00f3 fotogr\\u00e0fica del Museu de Cer\\u00e0mica al vest\\u00edbul de l\\u02bcHospital de Manises\"}]}]}<\/script>\r\n<!-- \/ Yoast SEO plugin. -->","_links":{"self":[{"href":"https:\/\/manisescityofceramics.es\/ca\/wp-json\/wp\/v2\/tribe_events\/5950"}],"collection":[{"href":"https:\/\/manisescityofceramics.es\/ca\/wp-json\/wp\/v2\/tribe_events"}],"about":[{"href":"https:\/\/manisescityofceramics.es\/ca\/wp-json\/wp\/v2\/types\/tribe_events"}],"author":[{"embeddable":true,"href":"https:\/\/manisescityofceramics.es\/ca\/wp-json\/wp\/v2\/users\/2"}],"replies":[{"embeddable":true,"href":"https:\/\/manisescityofceramics.es\/ca\/wp-json\/wp\/v2\/comments?post=5950"}],"version-history":[{"count":1,"href":"https:\/\/manisescityofceramics.es\/ca\/wp-json\/wp\/v2\/tribe_events\/5950\/revisions"}],"predecessor-version":[{"id":5952,"href":"https:\/\/manisescityofceramics.es\/ca\/wp-json\/wp\/v2\/tribe_events\/5950\/revisions\/5952"}],"wp:featuredmedia":[{"embeddable":true,"href":"https:\/\/manisescityofceramics.es\/ca\/wp-json\/wp\/v2\/media\/5947"}],"wp:attachment":[{"href":"https:\/\/manisescityofceramics.es\/ca\/wp-json\/wp\/v2\/media?parent=5950"}],"wp:term":[{"taxonomy":"post_tag","embeddable":true,"href":"https:\/\/manisescityofceramics.es\/ca\/wp-json\/wp\/v2\/tags?post=5950"},{"taxonomy":"tribe_events_cat","embeddable":true,"href":"https:\/\/manisescityofceramics.es\/ca\/wp-json\/wp\/v2\/tribe_events_cat?post=5950"}],"curies":[{"name":"wp","href":"https:\/\/api.w.org\/{rel}","templated":true}]}}