{"id":5928,"date":"2021-03-16T19:46:36","date_gmt":"2021-03-16T19:46:36","guid":{"rendered":"http:\/\/95.39.50.142\/evento\/exposicion-artesanos-participantes-en-la-festa-de-la-ceramica\/"},"modified":"2021-03-16T19:51:18","modified_gmt":"2021-03-16T19:51:18","slug":"exposicio-dartesans-participants-en-la-festa-de-la-ceramica","status":"publish","type":"tribe_events","link":"https:\/\/manisescityofceramics.es\/ca\/evento\/exposicio-dartesans-participants-en-la-festa-de-la-ceramica\/","title":{"rendered":"Exposici\u00f3 d\u2019artesans participants en la Festa de la Cer\u00e0mica"},"content":{"rendered":"<p>Una de les activitats que tenen m\u00e9s bona acollida entre el p\u00fablic, tant amateur com professional, \u00e9s aquesta exposici\u00f3, on es pot apreciar una gran mostra de cer\u00e0mica artesanal i on es combinen a la perfecci\u00f3 diferents autors, estils i t\u00e8cniques.<\/p>\n<p>L\u2019exposici\u00f3 se situa a la sala d\u2019exposicions MUMAF, on s\u2019est\u00e0 des de mitjan juliol fins a final d\u2019agost. La participaci\u00f3 va oscil\u00b7lant en cada edici\u00f3, per\u00f2 sempre \u00e9s alta, amb una trentena d\u2019artesans, no nom\u00e9s locals sin\u00f3 tamb\u00e9 nacionals i internacionals, que ens mostren els seus treballs artesanals fets amb molta cura i dedicaci\u00f3.<\/p>\n<p>Una part destacada de l\u2019exposici\u00f3 \u00e9s la que es reserva als treballs elaborats per l\u2019artes\u00e0 o l\u2019artesana homenatjat en l\u2019edici\u00f3 de la Festa de la Cer\u00e0mica de l\u2019any corresponent.<\/p>\n<p>En aquest apartat es mostren les peces destacades de la traject\u00f2ria de l\u2019homenatjat, entres les quals destaca la t\u00e8cnica cer\u00e0mica que m\u00e9s el caracteritza.<\/p>\n<p>Per a aquesta activitat s\u2019elabora un fullet amb les dades de tots els participants, on els artesans homenatjats tenen un espai especial. Aquest fullet tamb\u00e9 serveix com a mitj\u00e0 de promoci\u00f3, ja que est\u00e0 disponible tant a la sala d\u2019exposicions MUMAF com a l\u2019Oficina de Turisme.<\/p>\n<div id='gallery-1' class='gallery galleryid-5928 gallery-columns-2 gallery-size-large'><figure class='gallery-item'>\n\t\t\t<div class='gallery-icon portrait'>\n\t\t\t\t<a href='https:\/\/manisescityofceramics.es\/wp-content\/uploads\/2021\/03\/expo-atesanos-1-1.jpg'><img width=\"756\" height=\"1008\" src=\"https:\/\/manisescityofceramics.es\/wp-content\/uploads\/2021\/03\/expo-atesanos-1-1.jpg\" class=\"attachment-large size-large\" alt=\"\" loading=\"lazy\" srcset=\"https:\/\/manisescityofceramics.es\/wp-content\/uploads\/2021\/03\/expo-atesanos-1-1.jpg 756w, https:\/\/manisescityofceramics.es\/wp-content\/uploads\/2021\/03\/expo-atesanos-1-1-225x300.jpg 225w\" sizes=\"(max-width: 756px) 100vw, 756px\" \/><\/a>\n\t\t\t<\/div><\/figure><figure class='gallery-item'>\n\t\t\t<div class='gallery-icon portrait'>\n\t\t\t\t<a href='https:\/\/manisescityofceramics.es\/wp-content\/uploads\/2021\/03\/Expo-artesanos-1.jpg'><img width=\"756\" height=\"1008\" src=\"https:\/\/manisescityofceramics.es\/wp-content\/uploads\/2021\/03\/Expo-artesanos-1.jpg\" class=\"attachment-large size-large\" alt=\"\" loading=\"lazy\" srcset=\"https:\/\/manisescityofceramics.es\/wp-content\/uploads\/2021\/03\/Expo-artesanos-1.jpg 756w, https:\/\/manisescityofceramics.es\/wp-content\/uploads\/2021\/03\/Expo-artesanos-1-225x300.jpg 225w\" sizes=\"(max-width: 756px) 100vw, 756px\" \/><\/a>\n\t\t\t<\/div><\/figure>\n\t\t<\/div>\n\n","protected":false},"excerpt":{"rendered":"<p>Una de les activitats que tenen m\u00e9s bona acollida entre el p\u00fablic, tant amateur com professional, \u00e9s aquesta exposici\u00f3, on es pot apreciar una gran mostra de cer\u00e0mica artesanal i &hellip;<\/p>\n<p class=\"read-more\"> <a class=\"\" href=\"https:\/\/manisescityofceramics.es\/ca\/evento\/exposicio-dartesans-participants-en-la-festa-de-la-ceramica\/\"> <span class=\"screen-reader-text\">Exposici\u00f3 d\u2019artesans participants en la Festa de la Cer\u00e0mica<\/span> Llegeix m\u00e9s &raquo;<\/a><\/p>\n","protected":false},"author":2,"featured_media":5917,"comment_status":"open","ping_status":"closed","template":"","meta":{"_monsterinsights_skip_tracking":false,"_monsterinsights_sitenote_active":false,"_monsterinsights_sitenote_note":"","_monsterinsights_sitenote_category":0,"_tribe_events_status":"","_tribe_events_status_reason":""},"tags":[],"tribe_events_cat":[],"yoast_head":"<!-- This site is optimized with the Yoast SEO plugin v16.5 - https:\/\/yoast.com\/wordpress\/plugins\/seo\/ -->\r\n<title>Exposici\u00f3 d\u2019artesans participants en la Festa de la Cer\u00e0mica - Manises<\/title>\r\n<meta name=\"robots\" content=\"index, follow, max-snippet:-1, max-image-preview:large, max-video-preview:-1\" \/>\r\n<link rel=\"canonical\" href=\"https:\/\/manisescityofceramics.es\/ca\/evento\/exposicio-dartesans-participants-en-la-festa-de-la-ceramica\/\" \/>\r\n<meta property=\"og:locale\" content=\"ca_ES\" \/>\r\n<meta property=\"og:type\" content=\"article\" \/>\r\n<meta property=\"og:title\" content=\"Exposici\u00f3 d\u2019artesans participants en la Festa de la Cer\u00e0mica - Manises\" \/>\r\n<meta property=\"og:description\" content=\"Una de les activitats que tenen m\u00e9s bona acollida entre el p\u00fablic, tant amateur com professional, \u00e9s aquesta exposici\u00f3, on es pot apreciar una gran mostra de cer\u00e0mica artesanal i &hellip; Exposici\u00f3 d\u2019artesans participants en la Festa de la Cer\u00e0mica Llegeix m\u00e9s &raquo;\" \/>\r\n<meta property=\"og:url\" content=\"https:\/\/manisescityofceramics.es\/ca\/evento\/exposicio-dartesans-participants-en-la-festa-de-la-ceramica\/\" \/>\r\n<meta property=\"og:site_name\" content=\"Manises\" \/>\r\n<meta property=\"article:modified_time\" content=\"2021-03-16T19:51:18+00:00\" \/>\r\n<meta property=\"og:image\" content=\"https:\/\/manisescityofceramics.es\/wp-content\/uploads\/2021\/03\/expo-artesanos-2-1.jpg\" \/>\r\n\t<meta property=\"og:image:width\" content=\"1632\" \/>\r\n\t<meta property=\"og:image:height\" content=\"920\" \/>\r\n<meta name=\"twitter:card\" content=\"summary_large_image\" \/>\r\n<meta name=\"twitter:label1\" content=\"Temps estimat de lectura\" \/>\n\t<meta name=\"twitter:data1\" content=\"1 minut\" \/>\r\n<script type=\"application\/ld+json\" class=\"yoast-schema-graph\">{\"@context\":\"https:\/\/schema.org\",\"@graph\":[{\"@type\":\"WebSite\",\"@id\":\"https:\/\/manisescityofceramics.es\/#website\",\"url\":\"https:\/\/manisescityofceramics.es\/\",\"name\":\"Manises\",\"description\":\"\",\"potentialAction\":[{\"@type\":\"SearchAction\",\"target\":\"https:\/\/manisescityofceramics.es\/?s={search_term_string}\",\"query-input\":\"required name=search_term_string\"}],\"inLanguage\":\"ca\"},{\"@type\":\"ImageObject\",\"@id\":\"https:\/\/manisescityofceramics.es\/ca\/evento\/exposicio-dartesans-participants-en-la-festa-de-la-ceramica\/#primaryimage\",\"inLanguage\":\"ca\",\"url\":\"https:\/\/manisescityofceramics.es\/wp-content\/uploads\/2021\/03\/expo-artesanos-2-1.jpg\",\"contentUrl\":\"https:\/\/manisescityofceramics.es\/wp-content\/uploads\/2021\/03\/expo-artesanos-2-1.jpg\",\"width\":1632,\"height\":920},{\"@type\":\"WebPage\",\"@id\":\"https:\/\/manisescityofceramics.es\/ca\/evento\/exposicio-dartesans-participants-en-la-festa-de-la-ceramica\/#webpage\",\"url\":\"https:\/\/manisescityofceramics.es\/ca\/evento\/exposicio-dartesans-participants-en-la-festa-de-la-ceramica\/\",\"name\":\"Exposici\\u00f3 d\\u2019artesans participants en la Festa de la Cer\\u00e0mica - Manises\",\"isPartOf\":{\"@id\":\"https:\/\/manisescityofceramics.es\/#website\"},\"primaryImageOfPage\":{\"@id\":\"https:\/\/manisescityofceramics.es\/ca\/evento\/exposicio-dartesans-participants-en-la-festa-de-la-ceramica\/#primaryimage\"},\"datePublished\":\"2021-03-16T19:46:36+00:00\",\"dateModified\":\"2021-03-16T19:51:18+00:00\",\"breadcrumb\":{\"@id\":\"https:\/\/manisescityofceramics.es\/ca\/evento\/exposicio-dartesans-participants-en-la-festa-de-la-ceramica\/#breadcrumb\"},\"inLanguage\":\"ca\",\"potentialAction\":[{\"@type\":\"ReadAction\",\"target\":[\"https:\/\/manisescityofceramics.es\/ca\/evento\/exposicio-dartesans-participants-en-la-festa-de-la-ceramica\/\"]}]},{\"@type\":\"BreadcrumbList\",\"@id\":\"https:\/\/manisescityofceramics.es\/ca\/evento\/exposicio-dartesans-participants-en-la-festa-de-la-ceramica\/#breadcrumb\",\"itemListElement\":[{\"@type\":\"ListItem\",\"position\":1,\"name\":\"Inicio\",\"item\":\"https:\/\/manisescityofceramics.es\/ca\/\"},{\"@type\":\"ListItem\",\"position\":2,\"name\":\"Esdeveniments\",\"item\":\"https:\/\/manisescityofceramics.es\/ca\/eventos\/\"},{\"@type\":\"ListItem\",\"position\":3,\"name\":\"Exposici\\u00f3 d\\u2019artesans participants en la Festa de la Cer\\u00e0mica\"}]}]}<\/script>\r\n<!-- \/ Yoast SEO plugin. -->","_links":{"self":[{"href":"https:\/\/manisescityofceramics.es\/ca\/wp-json\/wp\/v2\/tribe_events\/5928"}],"collection":[{"href":"https:\/\/manisescityofceramics.es\/ca\/wp-json\/wp\/v2\/tribe_events"}],"about":[{"href":"https:\/\/manisescityofceramics.es\/ca\/wp-json\/wp\/v2\/types\/tribe_events"}],"author":[{"embeddable":true,"href":"https:\/\/manisescityofceramics.es\/ca\/wp-json\/wp\/v2\/users\/2"}],"replies":[{"embeddable":true,"href":"https:\/\/manisescityofceramics.es\/ca\/wp-json\/wp\/v2\/comments?post=5928"}],"version-history":[{"count":1,"href":"https:\/\/manisescityofceramics.es\/ca\/wp-json\/wp\/v2\/tribe_events\/5928\/revisions"}],"predecessor-version":[{"id":5933,"href":"https:\/\/manisescityofceramics.es\/ca\/wp-json\/wp\/v2\/tribe_events\/5928\/revisions\/5933"}],"wp:featuredmedia":[{"embeddable":true,"href":"https:\/\/manisescityofceramics.es\/ca\/wp-json\/wp\/v2\/media\/5917"}],"wp:attachment":[{"href":"https:\/\/manisescityofceramics.es\/ca\/wp-json\/wp\/v2\/media?parent=5928"}],"wp:term":[{"taxonomy":"post_tag","embeddable":true,"href":"https:\/\/manisescityofceramics.es\/ca\/wp-json\/wp\/v2\/tags?post=5928"},{"taxonomy":"tribe_events_cat","embeddable":true,"href":"https:\/\/manisescityofceramics.es\/ca\/wp-json\/wp\/v2\/tribe_events_cat?post=5928"}],"curies":[{"name":"wp","href":"https:\/\/api.w.org\/{rel}","templated":true}]}}