{"id":6193,"date":"2021-03-18T15:49:59","date_gmt":"2021-03-18T15:49:59","guid":{"rendered":"http:\/\/95.39.50.142\/escuelas-y-talleres\/"},"modified":"2021-07-15T09:33:13","modified_gmt":"2021-07-15T09:33:13","slug":"centres-educatius","status":"publish","type":"page","link":"https:\/\/manisescityofceramics.es\/ca\/centres-educatius\/","title":{"rendered":"Centres educatius"},"content":{"rendered":"\t\t<div data-elementor-type=\"wp-page\" data-elementor-id=\"6193\" class=\"elementor elementor-6193 elementor-6140\">\n\t\t\t\t\t\t<div class=\"elementor-inner\">\n\t\t\t\t<div class=\"elementor-section-wrap\">\n\t\t\t\t\t\t\t\t\t<section class=\"elementor-section elementor-top-section elementor-element elementor-element-f3894ed elementor-section-content-middle elementor-section-height-min-height elementor-section-boxed elementor-section-height-default elementor-section-items-middle\" data-id=\"f3894ed\" data-element_type=\"section\" data-settings=\"{&quot;background_background&quot;:&quot;classic&quot;}\">\n\t\t\t\t\t\t\t<div class=\"elementor-background-overlay\"><\/div>\n\t\t\t\t\t\t\t<div class=\"elementor-container elementor-column-gap-no\">\n\t\t\t\t\t\t\t<div class=\"elementor-row\">\n\t\t\t\t\t<div class=\"elementor-column elementor-col-100 elementor-top-column elementor-element elementor-element-20ae4262\" data-id=\"20ae4262\" data-element_type=\"column\">\n\t\t\t<div class=\"elementor-column-wrap elementor-element-populated\">\n\t\t\t\t\t\t\t<div class=\"elementor-widget-wrap\">\n\t\t\t\t\t\t<div class=\"elementor-element elementor-element-4e2e0c25 elementor-widget elementor-widget-heading\" data-id=\"4e2e0c25\" data-element_type=\"widget\" data-widget_type=\"heading.default\">\n\t\t\t\t<div class=\"elementor-widget-container\">\n\t\t\t<h1 class=\"elementor-heading-title elementor-size-default\">Centres <br>educatius<\/h1>\t\t<\/div>\n\t\t\t\t<\/div>\n\t\t\t\t\t\t<\/div>\n\t\t\t\t\t<\/div>\n\t\t<\/div>\n\t\t\t\t\t\t\t\t<\/div>\n\t\t\t\t\t<\/div>\n\t\t<\/section>\n\t\t\t\t<section class=\"elementor-section elementor-top-section elementor-element elementor-element-d900215 elementor-section-boxed elementor-section-height-default elementor-section-height-default\" data-id=\"d900215\" data-element_type=\"section\">\n\t\t\t\t\t\t<div class=\"elementor-container elementor-column-gap-default\">\n\t\t\t\t\t\t\t<div class=\"elementor-row\">\n\t\t\t\t\t<div class=\"elementor-column elementor-col-100 elementor-top-column elementor-element elementor-element-e60ff25\" data-id=\"e60ff25\" data-element_type=\"column\">\n\t\t\t<div class=\"elementor-column-wrap elementor-element-populated\">\n\t\t\t\t\t\t\t<div class=\"elementor-widget-wrap\">\n\t\t\t\t\t\t<div class=\"elementor-element elementor-element-31da901 elementor-widget elementor-widget-heading\" data-id=\"31da901\" data-element_type=\"widget\" data-widget_type=\"heading.default\">\n\t\t\t\t<div class=\"elementor-widget-container\">\n\t\t\t<h2 class=\"elementor-heading-title elementor-size-default\"><span style=\"color: #cc6633;font-weight:500;\">Escola d\u2019Art i Superior <\/span> de Cer\u00e0mica de Manises<\/h2>\t\t<\/div>\n\t\t\t\t<\/div>\n\t\t\t\t<section class=\"elementor-section elementor-inner-section elementor-element elementor-element-3ab98e6 elementor-section-boxed elementor-section-height-default elementor-section-height-default\" data-id=\"3ab98e6\" data-element_type=\"section\">\n\t\t\t\t\t\t<div class=\"elementor-container elementor-column-gap-default\">\n\t\t\t\t\t\t\t<div class=\"elementor-row\">\n\t\t\t\t\t<div class=\"elementor-column elementor-col-50 elementor-inner-column elementor-element elementor-element-c98a3b6\" data-id=\"c98a3b6\" data-element_type=\"column\">\n\t\t\t<div class=\"elementor-column-wrap elementor-element-populated\">\n\t\t\t\t\t\t\t<div class=\"elementor-widget-wrap\">\n\t\t\t\t\t\t<div class=\"elementor-element elementor-element-061714f elementor-widget elementor-widget-text-editor\" data-id=\"061714f\" data-element_type=\"widget\" data-widget_type=\"text-editor.default\">\n\t\t\t\t<div class=\"elementor-widget-container\">\n\t\t\t\t\t\t\t\t<div class=\"elementor-text-editor elementor-clearfix\">\n\t\t\t\tL\u2019Escola d\u2019Art i Superior de Cer\u00e0mica de Manises (EASC) \u00e9s un centre p\u00fablic d\u2019ensenyaments d\u2019arts pl\u00e0stiques i disseny, integrat en l\u2019Institut d\u2019Ensenyaments Art\u00edstics de la Comunitat Valenciana (ISEACV) que dep\u00e8n de la Generalitat Valenciana.\nEn l\u2019actualitat s\u2019imparteix el grau en cer\u00e0mica i un cicle formatiu superior en cer\u00e0mica art\u00edstica.\n\nAnomenada en un comen\u00e7ament \u201cEscola Pr\u00e0ctica de Cer\u00e0mica de Manises\u201d, es va posar en funcionament a l\u2019octubre de 1916 com el primer centre (i durant molts anys l\u2019\u00fanic) que impartia a Espanya una titulaci\u00f3 superior en cer\u00e0mica. Una formaci\u00f3 que combina la creativitat i el coneixement tecnol\u00f2gic m\u00e9s adequat per a la transformaci\u00f3 dels materials cer\u00e0mics. \n\t\t\t\t\t<\/div>\n\t\t\t\t\t\t<\/div>\n\t\t\t\t<\/div>\n\t\t\t\t\t\t<\/div>\n\t\t\t\t\t<\/div>\n\t\t<\/div>\n\t\t\t\t<div class=\"elementor-column elementor-col-50 elementor-inner-column elementor-element elementor-element-dfabd45\" data-id=\"dfabd45\" data-element_type=\"column\">\n\t\t\t<div class=\"elementor-column-wrap elementor-element-populated\">\n\t\t\t\t\t\t\t<div class=\"elementor-widget-wrap\">\n\t\t\t\t\t\t<div class=\"elementor-element elementor-element-4d55853 elementor-arrows-position-inside elementor-pagination-position-outside elementor-widget elementor-widget-image-carousel\" data-id=\"4d55853\" data-element_type=\"widget\" data-settings=\"{&quot;slides_to_show&quot;:&quot;1&quot;,&quot;slides_to_show_tablet&quot;:&quot;1&quot;,&quot;navigation&quot;:&quot;both&quot;,&quot;autoplay&quot;:&quot;yes&quot;,&quot;pause_on_hover&quot;:&quot;yes&quot;,&quot;pause_on_interaction&quot;:&quot;yes&quot;,&quot;autoplay_speed&quot;:5000,&quot;infinite&quot;:&quot;yes&quot;,&quot;effect&quot;:&quot;slide&quot;,&quot;speed&quot;:500}\" data-widget_type=\"image-carousel.default\">\n\t\t\t\t<div class=\"elementor-widget-container\">\n\t\t\t\t\t<div class=\"elementor-image-carousel-wrapper swiper-container\" dir=\"ltr\">\n\t\t\t<div class=\"elementor-image-carousel swiper-wrapper\">\n\t\t\t\t\t\t\t\t<div class=\"swiper-slide\"><figure class=\"swiper-slide-inner\"><img class=\"swiper-slide-image\" src=\"https:\/\/manisescityofceramics.es\/wp-content\/uploads\/2021\/03\/EASC001.jpg\" alt=\"EASC001\" \/><\/figure><\/div><div class=\"swiper-slide\"><figure class=\"swiper-slide-inner\"><img class=\"swiper-slide-image\" src=\"https:\/\/manisescityofceramics.es\/wp-content\/uploads\/2021\/03\/EASC002.jpg\" alt=\"EASC002\" \/><\/figure><\/div><div class=\"swiper-slide\"><figure class=\"swiper-slide-inner\"><img class=\"swiper-slide-image\" src=\"https:\/\/manisescityofceramics.es\/wp-content\/uploads\/2021\/03\/EASC004.jpg\" alt=\"EASC004\" \/><\/figure><\/div><div class=\"swiper-slide\"><figure class=\"swiper-slide-inner\"><img class=\"swiper-slide-image\" src=\"https:\/\/manisescityofceramics.es\/wp-content\/uploads\/2021\/03\/EASC005.jpg\" alt=\"EASC005\" \/><\/figure><\/div><div class=\"swiper-slide\"><figure class=\"swiper-slide-inner\"><img class=\"swiper-slide-image\" src=\"https:\/\/manisescityofceramics.es\/wp-content\/uploads\/2021\/03\/EASC006.jpg\" alt=\"EASC006\" \/><\/figure><\/div><div class=\"swiper-slide\"><figure class=\"swiper-slide-inner\"><img class=\"swiper-slide-image\" src=\"https:\/\/manisescityofceramics.es\/wp-content\/uploads\/2021\/03\/EASC007.jpg\" alt=\"EASC007\" \/><\/figure><\/div>\t\t\t<\/div>\n\t\t\t\t\t\t\t\t\t\t\t\t<div class=\"swiper-pagination\"><\/div>\n\t\t\t\t\t\t\t\t\t\t\t\t\t<div class=\"elementor-swiper-button elementor-swiper-button-prev\">\n\t\t\t\t\t\t<i aria-hidden=\"true\" class=\"eicon-chevron-left\"><\/i>\t\t\t\t\t\t<span class=\"elementor-screen-only\">Anterior<\/span>\n\t\t\t\t\t<\/div>\n\t\t\t\t\t<div class=\"elementor-swiper-button elementor-swiper-button-next\">\n\t\t\t\t\t\t<i aria-hidden=\"true\" class=\"eicon-chevron-right\"><\/i>\t\t\t\t\t\t<span class=\"elementor-screen-only\">Seg\u00fcent<\/span>\n\t\t\t\t\t<\/div>\n\t\t\t\t\t\t\t\t\t<\/div>\n\t\t\t\t<\/div>\n\t\t\t\t<\/div>\n\t\t\t\t\t\t<\/div>\n\t\t\t\t\t<\/div>\n\t\t<\/div>\n\t\t\t\t\t\t\t\t<\/div>\n\t\t\t\t\t<\/div>\n\t\t<\/section>\n\t\t\t\t<div class=\"elementor-element elementor-element-7f5ceeb elementor-widget elementor-widget-text-editor\" data-id=\"7f5ceeb\" data-element_type=\"widget\" data-widget_type=\"text-editor.default\">\n\t\t\t\t<div class=\"elementor-widget-container\">\n\t\t\t\t\t\t\t\t<div class=\"elementor-text-editor elementor-clearfix\">\n\t\t\t\t<p>L\u2019Escola d\u2019Art i Superior de Cer\u00e0mica de Manises ha aconseguit convertir-se en l\u2019actualitat en un referent mundial per a l\u2019ensenyament de la cer\u00e0mica que integra les noves t\u00e8cniques i processos en la formaci\u00f3 dels futurs artistes, professors, dissenyadors i investigadors que arriben a l\u2019escola des de pa\u00efsos estrangers com el Jap\u00f3, Portugal, Corea, Turquia, Fran\u00e7a&#8230;<\/p><p>La proposta formativa de l\u2019Escola d\u2019Art i Superior de Cer\u00e0mica de Manises ofereix uns estudis compromesos amb el medi ambient. Tractem problemes reals i procurem interpretar les necessitats reals d\u2019aquest temps, des d\u2019una consci\u00e8ncia ecol\u00f2gica amb identitat per a una cultura de la nova artesania i l\u2019ecodisseny, prioritzant l\u2019educaci\u00f3 amb el comprom\u00eds social sostenible. Efectivament, la sostenibilitat ambiental, tant en l\u2019\u00fas com en els materials i els processos de producci\u00f3, al costat de la preocupaci\u00f3 afegida de la funcionalitat i l\u2019est\u00e8tica, es presenta com una prioritat inq\u00fcestionable en la concepci\u00f3 original dels projectes del nostre alumnat.<\/p><p>El comprom\u00eds de l\u2019EASC \u00e9s construir un futur amb objectes m\u00e9s respectuosos amb el medi ambient, allargant-ne la vida \u00fatil, reivindicant la cer\u00e0mica com una alternativa efica\u00e7 al pl\u00e0stic d\u2019un sol \u00fas.<\/p><p><strong>L\u2019oferta educativa de l\u2019EA+SC inclou:<br \/><\/strong><\/p><ul><li><p><strong>Grau en Ensenyaments Art\u00edstics Superiors d&#8217;Arts Pl\u00e0stiques<\/strong>\u00a0(nivell 2 del MECES). Una vegada hages obtingut el nostre t\u00edtol de quatre anys pots cursar estudis de postgrau, m\u00e0ster o doctorat.<\/p><\/li><li><p><strong>Cicle Formatiu de Grau Superior en Cer\u00e0mica Art\u00edstica<\/strong>, amb una durada de dos anys acad\u00e8mics.<\/p><\/li><\/ul><p><strong>PROJECTES EUROPEUS<\/strong><\/p><p>L\u2019escola disposa de la <strong>carta Erasmus<\/strong> i \u00e9s membre de <strong>Cumulus<\/strong> (International Association of Universities and Colleges of Art, Design and Media). A m\u00e9s, pertany a la <strong>Confederaci\u00f3 d\u2019Escoles d\u2019Art <\/strong>(CEA) i a l\u2019<strong>Associaci\u00f3 Espanyola de Centres Superiors d\u2019Ensenyaments Art\u00edstics<\/strong> (ACESEA).<\/p>\t\t\t\t\t<\/div>\n\t\t\t\t\t\t<\/div>\n\t\t\t\t<\/div>\n\t\t\t\t\t\t<\/div>\n\t\t\t\t\t<\/div>\n\t\t<\/div>\n\t\t\t\t\t\t\t\t<\/div>\n\t\t\t\t\t<\/div>\n\t\t<\/section>\n\t\t\t\t<section class=\"elementor-section elementor-top-section elementor-element elementor-element-6fa0f08 elementor-section-boxed elementor-section-height-default elementor-section-height-default\" data-id=\"6fa0f08\" data-element_type=\"section\" data-settings=\"{&quot;background_background&quot;:&quot;classic&quot;}\">\n\t\t\t\t\t\t<div class=\"elementor-container elementor-column-gap-default\">\n\t\t\t\t\t\t\t<div class=\"elementor-row\">\n\t\t\t\t\t<div class=\"elementor-column elementor-col-100 elementor-top-column elementor-element elementor-element-b721475\" data-id=\"b721475\" data-element_type=\"column\">\n\t\t\t<div class=\"elementor-column-wrap elementor-element-populated\">\n\t\t\t\t\t\t\t<div class=\"elementor-widget-wrap\">\n\t\t\t\t\t\t<section class=\"elementor-section elementor-inner-section elementor-element elementor-element-0add3f1 elementor-section-boxed elementor-section-height-default elementor-section-height-default\" data-id=\"0add3f1\" data-element_type=\"section\">\n\t\t\t\t\t\t<div class=\"elementor-container elementor-column-gap-default\">\n\t\t\t\t\t\t\t<div class=\"elementor-row\">\n\t\t\t\t\t<div class=\"elementor-column elementor-col-50 elementor-inner-column elementor-element elementor-element-cfaa227\" data-id=\"cfaa227\" data-element_type=\"column\">\n\t\t\t<div class=\"elementor-column-wrap elementor-element-populated\">\n\t\t\t\t\t\t\t<div class=\"elementor-widget-wrap\">\n\t\t\t\t\t\t<div class=\"elementor-element elementor-element-7ffb742e elementor-widget elementor-widget-heading\" data-id=\"7ffb742e\" data-element_type=\"widget\" data-widget_type=\"heading.default\">\n\t\t\t\t<div class=\"elementor-widget-container\">\n\t\t\t<h2 class=\"elementor-heading-title elementor-size-default\"><span style=\"color: #cc6633;font-weight:500;\">IES<\/span>   Ausi\u00e0s March<\/h2>\t\t<\/div>\n\t\t\t\t<\/div>\n\t\t\t\t<div class=\"elementor-element elementor-element-d8154d0 elementor-widget elementor-widget-text-editor\" data-id=\"d8154d0\" data-element_type=\"widget\" data-widget_type=\"text-editor.default\">\n\t\t\t\t<div class=\"elementor-widget-container\">\n\t\t\t\t\t\t\t\t<div class=\"elementor-text-editor elementor-clearfix\">\n\t\t\t\tL\u2019IES Ausi\u00e0s March de la ciutat de Manises est\u00e0 vinculat amb la cer\u00e0mica des de fa onze anys. Aquest centre disposa del Cicle Formatiu de FP B\u00e0sica de Vidrieria i Cer\u00e0mica, que va comen\u00e7ar el curs 2009-2010 com un Programa de Qualificaci\u00f3 Professional Inicial i des del curs 2014-2015 \u00e9s una titulaci\u00f3 de FP B\u00e0sica. A m\u00e9s, disposen del Batxillerat en la modalitat d\u2019Arts.\t\t\t\t\t<\/div>\n\t\t\t\t\t\t<\/div>\n\t\t\t\t<\/div>\n\t\t\t\t\t\t<\/div>\n\t\t\t\t\t<\/div>\n\t\t<\/div>\n\t\t\t\t<div class=\"elementor-column elementor-col-50 elementor-inner-column elementor-element elementor-element-3c06b7f\" data-id=\"3c06b7f\" data-element_type=\"column\">\n\t\t\t<div class=\"elementor-column-wrap elementor-element-populated\">\n\t\t\t\t\t\t\t<div class=\"elementor-widget-wrap\">\n\t\t\t\t\t\t<div class=\"elementor-element elementor-element-05cc336 elementor-arrows-position-inside elementor-pagination-position-outside elementor-widget elementor-widget-image-carousel\" data-id=\"05cc336\" data-element_type=\"widget\" data-settings=\"{&quot;slides_to_show&quot;:&quot;1&quot;,&quot;slides_to_show_tablet&quot;:&quot;1&quot;,&quot;navigation&quot;:&quot;both&quot;,&quot;autoplay&quot;:&quot;yes&quot;,&quot;pause_on_hover&quot;:&quot;yes&quot;,&quot;pause_on_interaction&quot;:&quot;yes&quot;,&quot;autoplay_speed&quot;:5000,&quot;infinite&quot;:&quot;yes&quot;,&quot;effect&quot;:&quot;slide&quot;,&quot;speed&quot;:500}\" data-widget_type=\"image-carousel.default\">\n\t\t\t\t<div class=\"elementor-widget-container\">\n\t\t\t\t\t<div class=\"elementor-image-carousel-wrapper swiper-container\" dir=\"ltr\">\n\t\t\t<div class=\"elementor-image-carousel swiper-wrapper\">\n\t\t\t\t\t\t\t\t<div class=\"swiper-slide\"><figure class=\"swiper-slide-inner\"><img class=\"swiper-slide-image\" src=\"https:\/\/manisescityofceramics.es\/wp-content\/uploads\/2021\/03\/expo-ausias.jpg\" alt=\"expo-ausias\" \/><\/figure><\/div><div class=\"swiper-slide\"><figure class=\"swiper-slide-inner\"><img class=\"swiper-slide-image\" src=\"https:\/\/manisescityofceramics.es\/wp-content\/uploads\/2021\/03\/expo-ausias2.jpg\" alt=\"expo-ausias2\" \/><\/figure><\/div><div class=\"swiper-slide\"><figure class=\"swiper-slide-inner\"><img class=\"swiper-slide-image\" src=\"https:\/\/manisescityofceramics.es\/wp-content\/uploads\/2021\/03\/expo-ausias3.jpg\" alt=\"expo-ausias3\" \/><\/figure><\/div>\t\t\t<\/div>\n\t\t\t\t\t\t\t\t\t\t\t\t<div class=\"swiper-pagination\"><\/div>\n\t\t\t\t\t\t\t\t\t\t\t\t\t<div class=\"elementor-swiper-button elementor-swiper-button-prev\">\n\t\t\t\t\t\t<i aria-hidden=\"true\" class=\"eicon-chevron-left\"><\/i>\t\t\t\t\t\t<span class=\"elementor-screen-only\">Anterior<\/span>\n\t\t\t\t\t<\/div>\n\t\t\t\t\t<div class=\"elementor-swiper-button elementor-swiper-button-next\">\n\t\t\t\t\t\t<i aria-hidden=\"true\" class=\"eicon-chevron-right\"><\/i>\t\t\t\t\t\t<span class=\"elementor-screen-only\">Seg\u00fcent<\/span>\n\t\t\t\t\t<\/div>\n\t\t\t\t\t\t\t\t\t<\/div>\n\t\t\t\t<\/div>\n\t\t\t\t<\/div>\n\t\t\t\t\t\t<\/div>\n\t\t\t\t\t<\/div>\n\t\t<\/div>\n\t\t\t\t\t\t\t\t<\/div>\n\t\t\t\t\t<\/div>\n\t\t<\/section>\n\t\t\t\t<div class=\"elementor-element elementor-element-989472b elementor-widget elementor-widget-text-editor\" data-id=\"989472b\" data-element_type=\"widget\" data-widget_type=\"text-editor.default\">\n\t\t\t\t<div class=\"elementor-widget-container\">\n\t\t\t\t\t\t\t\t<div class=\"elementor-text-editor elementor-clearfix\">\n\t\t\t\t<p>El cicle de Vidrieria i Cer\u00e0mica forma joves de 15 i 16 anys per a ocupar llocs espec\u00edfics en el camp de la cer\u00e0mica, com ara:<\/p><ul><li>Emmotlador\/-ora de cer\u00e0mica: coladors, muntadors, apegadors.<\/li><li>Operari\/-\u00e0ria de torn calibrat.<\/li><li>Operari\/-\u00e0ria de terrisseria.<\/li><li>Pintor\/-ora en l\u00ednia de decoraci\u00f3 manual de productes cer\u00e0mics.<\/li><li>Operari\/-\u00e0ria de motlles per a cer\u00e0mica artesanal.<\/li><li>Operari\/-\u00e0ria de reproducci\u00f3 per emmotlament de peces cer\u00e0miques artesanals.<\/li><\/ul><p>Dins del curr\u00edculum disposa d\u2019una formaci\u00f3 en centres de treball. Els nostres alumnes han fet pr\u00e0ctiques en empreses de la localitat, com ara Domanises, Cer\u00e1micas Palanca, Prefabricados Mengual i La Cer\u00e1mica Valenciana de Jos\u00e9 Gimeno Mart\u00ednez.<\/p><p>A m\u00e9s, el centre ha format part del projecte STEPV-Erasmus+, on alumnes de l\u2019institut han fet pr\u00e0ctiques durant 30 dies en empreses estrangeres d\u2019It\u00e0lia (2018) i Portugal (2019).<\/p><p>Fora del model Erasmus+, el centre ha desenvolupat un intercanvi sociocultural amb un altre centre de Delf, a Holanda; amb una escola de Montelupo Fiorentino, ciutat agermanada amb Manises per la cer\u00e0mica; i amb un institut de Pau, per a l\u2019aprenentatge del franc\u00e9s, al sud de Fran\u00e7a.<\/p>\t\t\t\t\t<\/div>\n\t\t\t\t\t\t<\/div>\n\t\t\t\t<\/div>\n\t\t\t\t\t\t<\/div>\n\t\t\t\t\t<\/div>\n\t\t<\/div>\n\t\t\t\t\t\t\t\t<\/div>\n\t\t\t\t\t<\/div>\n\t\t<\/section>\n\t\t\t\t<section class=\"elementor-section elementor-top-section elementor-element elementor-element-3ab81e3 elementor-section-boxed elementor-section-height-default elementor-section-height-default\" data-id=\"3ab81e3\" data-element_type=\"section\">\n\t\t\t\t\t\t<div class=\"elementor-container elementor-column-gap-default\">\n\t\t\t\t\t\t\t<div class=\"elementor-row\">\n\t\t\t\t\t<div class=\"elementor-column elementor-col-100 elementor-top-column elementor-element elementor-element-a9d5f39\" data-id=\"a9d5f39\" data-element_type=\"column\">\n\t\t\t<div class=\"elementor-column-wrap elementor-element-populated\">\n\t\t\t\t\t\t\t<div class=\"elementor-widget-wrap\">\n\t\t\t\t\t\t<section class=\"elementor-section elementor-inner-section elementor-element elementor-element-3d3203a elementor-section-boxed elementor-section-height-default elementor-section-height-default\" data-id=\"3d3203a\" data-element_type=\"section\">\n\t\t\t\t\t\t<div class=\"elementor-container elementor-column-gap-default\">\n\t\t\t\t\t\t\t<div class=\"elementor-row\">\n\t\t\t\t\t<div class=\"elementor-column elementor-col-50 elementor-inner-column elementor-element elementor-element-63b4803\" data-id=\"63b4803\" data-element_type=\"column\">\n\t\t\t<div class=\"elementor-column-wrap elementor-element-populated\">\n\t\t\t\t\t\t\t<div class=\"elementor-widget-wrap\">\n\t\t\t\t\t\t<div class=\"elementor-element elementor-element-41d381a elementor-widget elementor-widget-heading\" data-id=\"41d381a\" data-element_type=\"widget\" data-widget_type=\"heading.default\">\n\t\t\t\t<div class=\"elementor-widget-container\">\n\t\t\t<h2 class=\"elementor-heading-title elementor-size-default\"><span style=\"color: #cc6633;font-weight:500;\">IES <\/span> Jos\u00e9 Rodrigo Botet<\/h2>\t\t<\/div>\n\t\t\t\t<\/div>\n\t\t\t\t<div class=\"elementor-element elementor-element-35ad76d elementor-widget elementor-widget-text-editor\" data-id=\"35ad76d\" data-element_type=\"widget\" data-widget_type=\"text-editor.default\">\n\t\t\t\t<div class=\"elementor-widget-container\">\n\t\t\t\t\t\t\t\t<div class=\"elementor-text-editor elementor-clearfix\">\n\t\t\t\t<p>Des de fa m\u00e9s de 15 anys, l\u2019<strong>IES<\/strong> <strong>Jos\u00e9 Rodrigo Botet<\/strong> ha apostat per impulsar la visi\u00f3 europea del centre per mitj\u00e0 de projectes internacionals en els quals sempre \u00e9s prioritari donar a con\u00e9ixer la ciutat.<\/p><p>Aix\u00ed, aquest centre educatiu, en el marc del projecte Erasmus \u201cCreuant fronteres amb l\u2019art i la tecnologia\u201d (2017-19), va desenvolupar un programa d\u2019activitats vinculades amb la cer\u00e0mica per donar a con\u00e9ixer els senyals d\u2019identitat de la localitat. Entre d\u2019altres, destaquen un taller de cer\u00e0mica a l\u2019Escola d\u2019Arts, la visita tant al Museu de la cer\u00e0mica com a una ind\u00fastria ceramista o diverses presentacions de l\u2019origen i la hist\u00f2ria de les diverses t\u00e8cniques i tradicions art\u00edstiques de Manises, a m\u00e9s de visites guiades per a donar a con\u00e9ixer la bellesa intr\u00ednseca de la cer\u00e0mica present en els seus carrers.<\/p><p>Aquest projecte permet combinar i continuar treballant, tant des del punt de vista acad\u00e8mic com social, una de les prioritats del centre, que \u00e9s lluitar contra el frac\u00e0s escolar i les desigualtats refor\u00e7ant la inclusi\u00f3 social i fomentant els valors de di\u00e0leg i la conviv\u00e8ncia pac\u00edfica a Europa i al m\u00f3n.<\/p>\t\t\t\t\t<\/div>\n\t\t\t\t\t\t<\/div>\n\t\t\t\t<\/div>\n\t\t\t\t\t\t<\/div>\n\t\t\t\t\t<\/div>\n\t\t<\/div>\n\t\t\t\t<div class=\"elementor-column elementor-col-50 elementor-inner-column elementor-element elementor-element-cb4d2f3\" data-id=\"cb4d2f3\" data-element_type=\"column\">\n\t\t\t<div class=\"elementor-column-wrap elementor-element-populated\">\n\t\t\t\t\t\t\t<div class=\"elementor-widget-wrap\">\n\t\t\t\t\t\t<div class=\"elementor-element elementor-element-8a15440 elementor-widget elementor-widget-image\" data-id=\"8a15440\" data-element_type=\"widget\" data-widget_type=\"image.default\">\n\t\t\t\t<div class=\"elementor-widget-container\">\n\t\t\t\t\t\t\t\t<div class=\"elementor-image\">\n\t\t\t\t\t\t\t\t\t\t\t\t<img width=\"393\" height=\"575\" src=\"https:\/\/manisescityofceramics.es\/wp-content\/uploads\/2021\/04\/el-otro-erasmus-rodrigo-botet.jpg\" class=\"attachment-large size-large\" alt=\"\" loading=\"lazy\" srcset=\"https:\/\/manisescityofceramics.es\/wp-content\/uploads\/2021\/04\/el-otro-erasmus-rodrigo-botet.jpg 393w, https:\/\/manisescityofceramics.es\/wp-content\/uploads\/2021\/04\/el-otro-erasmus-rodrigo-botet-205x300.jpg 205w\" sizes=\"(max-width: 393px) 100vw, 393px\" \/>\t\t\t\t\t\t\t\t\t\t\t\t\t\t<\/div>\n\t\t\t\t\t\t<\/div>\n\t\t\t\t<\/div>\n\t\t\t\t\t\t<\/div>\n\t\t\t\t\t<\/div>\n\t\t<\/div>\n\t\t\t\t\t\t\t\t<\/div>\n\t\t\t\t\t<\/div>\n\t\t<\/section>\n\t\t\t\t\t\t<\/div>\n\t\t\t\t\t<\/div>\n\t\t<\/div>\n\t\t\t\t\t\t\t\t<\/div>\n\t\t\t\t\t<\/div>\n\t\t<\/section>\n\t\t\t\t<section class=\"elementor-section elementor-top-section elementor-element elementor-element-78adb9f elementor-section-boxed elementor-section-height-default elementor-section-height-default\" data-id=\"78adb9f\" data-element_type=\"section\" data-settings=\"{&quot;background_background&quot;:&quot;classic&quot;}\">\n\t\t\t\t\t\t<div class=\"elementor-container elementor-column-gap-default\">\n\t\t\t\t\t\t\t<div class=\"elementor-row\">\n\t\t\t\t\t<div class=\"elementor-column elementor-col-100 elementor-top-column elementor-element elementor-element-1109dcc\" data-id=\"1109dcc\" data-element_type=\"column\">\n\t\t\t<div class=\"elementor-column-wrap elementor-element-populated\">\n\t\t\t\t\t\t\t<div class=\"elementor-widget-wrap\">\n\t\t\t\t\t\t<section class=\"elementor-section elementor-inner-section elementor-element elementor-element-f8c3092 elementor-section-boxed elementor-section-height-default elementor-section-height-default\" data-id=\"f8c3092\" data-element_type=\"section\">\n\t\t\t\t\t\t<div class=\"elementor-container elementor-column-gap-default\">\n\t\t\t\t\t\t\t<div class=\"elementor-row\">\n\t\t\t\t\t<div class=\"elementor-column elementor-col-100 elementor-inner-column elementor-element elementor-element-232dc59\" data-id=\"232dc59\" data-element_type=\"column\">\n\t\t\t<div class=\"elementor-column-wrap elementor-element-populated\">\n\t\t\t\t\t\t\t<div class=\"elementor-widget-wrap\">\n\t\t\t\t\t\t<div class=\"elementor-element elementor-element-051877b elementor-widget elementor-widget-heading\" data-id=\"051877b\" data-element_type=\"widget\" data-widget_type=\"heading.default\">\n\t\t\t\t<div class=\"elementor-widget-container\">\n\t\t\t<h2 class=\"elementor-heading-title elementor-size-default\"><span style=\"color: #cc6633;font-weight:500;\">I.E.S. <\/span> Pere Bo\u00efl<\/h2>\t\t<\/div>\n\t\t\t\t<\/div>\n\t\t\t\t<div class=\"elementor-element elementor-element-998d117 elementor-widget elementor-widget-text-editor\" data-id=\"998d117\" data-element_type=\"widget\" data-widget_type=\"text-editor.default\">\n\t\t\t\t<div class=\"elementor-widget-container\">\n\t\t\t\t\t\t\t\t<div class=\"elementor-text-editor elementor-clearfix\">\n\t\t\t\t<p>\u00c9s una instituci\u00f3 educativa que t\u00e9 com a objectiu formar joves solidaris, informats i \u00e0vids de coneixement, capa\u00e7os de contribuir a crear un m\u00f3n millor i m\u00e9s pac\u00edfic. Des de l\u2019enteniment mutu i del respecte intercultural, s\u2019encoratja els estudiants a adoptar una actitud activa d\u2019aprenentatge durant tota la vida, a ser compassius i a entendre que altres persones, amb les seues difer\u00e8ncies, tamb\u00e9 poden tindre ra\u00f3.<\/p><p>A m\u00e9s, aquest institut aposta pel manteniment de la tradici\u00f3 ceramista de la ciutat de Manises, ininterrompuda des del segle XIV fins a l\u2019actualitat. En aquest sentit, l\u2019institut participa en el programa Comenius, l\u2019objectiu del qual \u00e9s con\u00e9ixer els lla\u00e7os d\u2019uni\u00f3 mitjan\u00e7ant la cer\u00e0mica com a expressi\u00f3 art\u00edstica, hist\u00f2rica, econ\u00f2mica i comercial.<\/p><p>Activitats destacables de l\u2019institut:<\/p><ul><li>Programa Erasmus + Batxillerat<\/li><li>Setmana d\u2019immersi\u00f3 ling\u00fc\u00edstica en angl\u00e9s i\/o franc\u00e9s.<\/li><li>Activitats esportives: hoquei \u2013 b\u00e0squet.<\/li><li>Revista escolar <em>Som el Pere<\/em>, on es publiquen les diferents activitats que es fan al centre al llarg de cada avaluaci\u00f3.<\/li><li>Programa Experimenta.<\/li><li>Concursos literaris, de rob\u00f2tica i de pl\u00e0stica.<\/li><li>Activitats musicals dins del centre i fora.<\/li><li>Centre examinador de B2 d\u2019angl\u00e9s i de franc\u00e9s.<\/li><\/ul>\t\t\t\t\t<\/div>\n\t\t\t\t\t\t<\/div>\n\t\t\t\t<\/div>\n\t\t\t\t\t\t<\/div>\n\t\t\t\t\t<\/div>\n\t\t<\/div>\n\t\t\t\t\t\t\t\t<\/div>\n\t\t\t\t\t<\/div>\n\t\t<\/section>\n\t\t\t\t\t\t<\/div>\n\t\t\t\t\t<\/div>\n\t\t<\/div>\n\t\t\t\t\t\t\t\t<\/div>\n\t\t\t\t\t<\/div>\n\t\t<\/section>\n\t\t\t\t\t\t\t\t\t<\/div>\n\t\t\t<\/div>\n\t\t\t\t\t<\/div>\n\t\t","protected":false},"excerpt":{"rendered":"<p>Centres educatius Escola d\u2019Art i Superior de Cer\u00e0mica de Manises L\u2019Escola d\u2019Art i Superior de Cer\u00e0mica de Manises (EASC) \u00e9s un centre p\u00fablic d\u2019ensenyaments d\u2019arts pl\u00e0stiques i disseny, integrat en &hellip;<\/p>\n<p class=\"read-more\"> <a class=\"\" href=\"https:\/\/manisescityofceramics.es\/ca\/centres-educatius\/\"> <span class=\"screen-reader-text\">Centres educatius<\/span> Llegeix m\u00e9s &raquo;<\/a><\/p>\n","protected":false},"author":2,"featured_media":0,"parent":0,"menu_order":0,"comment_status":"closed","ping_status":"closed","template":"","meta":{"_monsterinsights_skip_tracking":false,"_monsterinsights_sitenote_active":false,"_monsterinsights_sitenote_note":"","_monsterinsights_sitenote_category":0},"yoast_head":"<!-- This site is optimized with the Yoast SEO plugin v16.5 - https:\/\/yoast.com\/wordpress\/plugins\/seo\/ -->\r\n<title>Centres educatius - Manises<\/title>\r\n<meta name=\"robots\" content=\"index, follow, max-snippet:-1, max-image-preview:large, max-video-preview:-1\" \/>\r\n<link rel=\"canonical\" href=\"https:\/\/manisescityofceramics.es\/ca\/centres-educatius\/\" \/>\r\n<meta property=\"og:locale\" content=\"ca_ES\" \/>\r\n<meta property=\"og:type\" content=\"article\" \/>\r\n<meta property=\"og:title\" content=\"Centres educatius - Manises\" \/>\r\n<meta property=\"og:description\" content=\"Centres educatius Escola d\u2019Art i Superior de Cer\u00e0mica de Manises L\u2019Escola d\u2019Art i Superior de Cer\u00e0mica de Manises (EASC) \u00e9s un centre p\u00fablic d\u2019ensenyaments d\u2019arts pl\u00e0stiques i disseny, integrat en &hellip; Centres educatius Llegeix m\u00e9s &raquo;\" \/>\r\n<meta property=\"og:url\" content=\"https:\/\/manisescityofceramics.es\/ca\/centres-educatius\/\" \/>\r\n<meta property=\"og:site_name\" content=\"Manises\" \/>\r\n<meta property=\"article:modified_time\" content=\"2021-07-15T09:33:13+00:00\" \/>\r\n<meta property=\"og:image\" content=\"https:\/\/manisescityofceramics.es\/wp-content\/uploads\/2021\/03\/EASC001.jpg\" \/>\r\n<meta name=\"twitter:card\" content=\"summary_large_image\" \/>\r\n<meta name=\"twitter:label1\" content=\"Temps estimat de lectura\" \/>\n\t<meta name=\"twitter:data1\" content=\"8 minuts\" \/>\r\n<script type=\"application\/ld+json\" class=\"yoast-schema-graph\">{\"@context\":\"https:\/\/schema.org\",\"@graph\":[{\"@type\":\"WebSite\",\"@id\":\"https:\/\/manisescityofceramics.es\/#website\",\"url\":\"https:\/\/manisescityofceramics.es\/\",\"name\":\"Manises\",\"description\":\"\",\"potentialAction\":[{\"@type\":\"SearchAction\",\"target\":\"https:\/\/manisescityofceramics.es\/?s={search_term_string}\",\"query-input\":\"required name=search_term_string\"}],\"inLanguage\":\"ca\"},{\"@type\":\"ImageObject\",\"@id\":\"https:\/\/manisescityofceramics.es\/ca\/centres-educatius\/#primaryimage\",\"inLanguage\":\"ca\",\"url\":\"https:\/\/manisescityofceramics.es\/wp-content\/uploads\/2021\/03\/EASC001.jpg\",\"contentUrl\":\"https:\/\/manisescityofceramics.es\/wp-content\/uploads\/2021\/03\/EASC001.jpg\",\"width\":1200,\"height\":766},{\"@type\":\"WebPage\",\"@id\":\"https:\/\/manisescityofceramics.es\/ca\/centres-educatius\/#webpage\",\"url\":\"https:\/\/manisescityofceramics.es\/ca\/centres-educatius\/\",\"name\":\"Centres educatius - Manises\",\"isPartOf\":{\"@id\":\"https:\/\/manisescityofceramics.es\/#website\"},\"primaryImageOfPage\":{\"@id\":\"https:\/\/manisescityofceramics.es\/ca\/centres-educatius\/#primaryimage\"},\"datePublished\":\"2021-03-18T15:49:59+00:00\",\"dateModified\":\"2021-07-15T09:33:13+00:00\",\"breadcrumb\":{\"@id\":\"https:\/\/manisescityofceramics.es\/ca\/centres-educatius\/#breadcrumb\"},\"inLanguage\":\"ca\",\"potentialAction\":[{\"@type\":\"ReadAction\",\"target\":[\"https:\/\/manisescityofceramics.es\/ca\/centres-educatius\/\"]}]},{\"@type\":\"BreadcrumbList\",\"@id\":\"https:\/\/manisescityofceramics.es\/ca\/centres-educatius\/#breadcrumb\",\"itemListElement\":[{\"@type\":\"ListItem\",\"position\":1,\"name\":\"Inicio\",\"item\":\"https:\/\/manisescityofceramics.es\/ca\/\"},{\"@type\":\"ListItem\",\"position\":2,\"name\":\"Centres educatius\"}]}]}<\/script>\r\n<!-- \/ Yoast SEO plugin. -->","_links":{"self":[{"href":"https:\/\/manisescityofceramics.es\/ca\/wp-json\/wp\/v2\/pages\/6193"}],"collection":[{"href":"https:\/\/manisescityofceramics.es\/ca\/wp-json\/wp\/v2\/pages"}],"about":[{"href":"https:\/\/manisescityofceramics.es\/ca\/wp-json\/wp\/v2\/types\/page"}],"author":[{"embeddable":true,"href":"https:\/\/manisescityofceramics.es\/ca\/wp-json\/wp\/v2\/users\/2"}],"replies":[{"embeddable":true,"href":"https:\/\/manisescityofceramics.es\/ca\/wp-json\/wp\/v2\/comments?post=6193"}],"version-history":[{"count":39,"href":"https:\/\/manisescityofceramics.es\/ca\/wp-json\/wp\/v2\/pages\/6193\/revisions"}],"predecessor-version":[{"id":8962,"href":"https:\/\/manisescityofceramics.es\/ca\/wp-json\/wp\/v2\/pages\/6193\/revisions\/8962"}],"wp:attachment":[{"href":"https:\/\/manisescityofceramics.es\/ca\/wp-json\/wp\/v2\/media?parent=6193"}],"curies":[{"name":"wp","href":"https:\/\/api.w.org\/{rel}","templated":true}]}}